{"id":3936,"date":"2021-11-20T09:01:43","date_gmt":"2021-11-20T08:01:43","guid":{"rendered":"https:\/\/erzaehlbistro.ch\/event\/excursion-automnale-sur-le-lac-des-quatre-cantons\/"},"modified":"2021-11-20T09:06:55","modified_gmt":"2021-11-20T08:06:55","slug":"excursion-automnale-sur-le-lac-des-quatre-cantons","status":"publish","type":"tribe_events","link":"https:\/\/erzaehlbistro.ch\/fr\/event\/excursion-automnale-sur-le-lac-des-quatre-cantons\/","title":{"rendered":"Excursion automnale sur le lac des Quatre-Cantons"},"content":{"rendered":"<p><strong>Le temps a \u00e9t\u00e9 cl\u00e9ment pour le Bistrot d\u2019\u00e9change. Pas un nuage n\u2019assombrissait le ciel de Lucerne, quand 60 amis ont embarqu\u00e9 sur le navire \u00ab Titlis \u00bb et ont pris le large.<\/strong><\/p>\n<p>\u00ab Nous voulons parler de voyage. \u00bb C\u2019est par ces mots que la mod\u00e9ratrice Claudia Sollberger a plong\u00e9 les nombreux invit\u00e9s venus de toute la Suisse, al\u00e9manique et romande, dans le th\u00e8me du jour. Sur le bateau, ces derniers se racontent leurs plus beaux voyages. Une femme de Suisse romande explique ainsi avec fiert\u00e9 qu\u2019elle a r\u00e9ussi \u00e0 se rendre jusqu\u2019\u00e0 Istanbul en voiture.<\/p>\n<p>Claudia Z\u00fcrcher a distribu\u00e9 des cartes postales aux motifs magnifiques, sur lesquelles les hommes et les femmes pr\u00e9sents se sont empress\u00e9s d\u2019\u00e9crire et de dessiner. Le voyage sur le lac des Quatre-Cantons a stimul\u00e9 l\u2019imagination et la cr\u00e9ativit\u00e9 de chacun et chacune.<\/p>\n<p>L\u2019atmosph\u00e8re \u00e9tait \u00e0 la hauteur du temps \u2013 tout simplement magnifique. Par-del\u00e0 les barri\u00e8res linguistiques, les invit\u00e9s se sont compris. Le repas, compos\u00e9 d\u2019une salade croquante et d\u2019un d\u00e9licieux \u00ab Pastetli \u00bb, que le cuisinier de bord avait sp\u00e9cialement pr\u00e9par\u00e9 pour l\u2019occasion, \u00e9tait \u00e0 la convenance de tout le monde. Et, tandis que le navire rentrait lentement \u00e0 Lucerne apr\u00e8s le dessert, on entendait ici et l\u00e0 que ce voyage \u00e9tait d\u00e9cid\u00e9ment pass\u00e9 beaucoup trop vite.<\/p>\n<p>&nbsp;<\/p>\n<div style=\"width: 640px;\" class=\"wp-video\"><!--[if lt IE 9]><script>document.createElement('video');<\/script><![endif]-->\n<video class=\"wp-video-shortcode\" id=\"video-3936-1\" width=\"640\" height=\"360\" preload=\"metadata\" controls=\"controls\"><source type=\"video\/mp4\" src=\"https:\/\/erzaehlbistro.ch\/wp-content\/uploads\/2021\/09\/Mein-Film.mp4?_=1\" \/><a href=\"https:\/\/erzaehlbistro.ch\/wp-content\/uploads\/2021\/09\/Mein-Film.mp4\">https:\/\/erzaehlbistro.ch\/wp-content\/uploads\/2021\/09\/Mein-Film.mp4<\/a><\/video><\/div>\n","protected":false},"excerpt":{"rendered":"<p>Le temps a \u00e9t\u00e9 cl\u00e9ment pour le Bistrot d\u2019\u00e9change. Pas un nuage n\u2019assombrissait le ciel&#8230;<\/p>\n","protected":false},"author":4,"featured_media":3693,"template":"","meta":{"_price":"","_stock":"","_tribe_ticket_header":"","_tribe_default_ticket_provider":"","_tribe_ticket_capacity":"0","_ticket_start_date":"","_ticket_end_date":"","_tribe_ticket_show_description":"","_tribe_ticket_show_not_going":false,"_tribe_ticket_use_global_stock":"","_tribe_ticket_global_stock_level":"","_global_stock_mode":"","_global_stock_cap":"","_tribe_rsvp_for_event":"","_tribe_ticket_going_count":"","_tribe_ticket_not_going_count":"","_tribe_tickets_list":"[]","_tribe_ticket_has_attendee_info_fields":false,"_tribe_events_status":"","_tribe_events_status_reason":"","footnotes":"","_tec_slr_enabled":"","_tec_slr_layout":""},"tags":[],"tribe_events_cat":[],"yoast_head":"<!-- This site is optimized with the Yoast SEO plugin v24.4 - https:\/\/yoast.com\/wordpress\/plugins\/seo\/ -->\n<title>Excursion automnale sur le lac des Quatre-Cantons | Erz\u00e4hlbistro<\/title>\n<meta name=\"robots\" content=\"index, follow, max-snippet:-1, max-image-preview:large, max-video-preview:-1\" \/>\n<link rel=\"canonical\" href=\"https:\/\/erzaehlbistro.ch\/fr\/event\/excursion-automnale-sur-le-lac-des-quatre-cantons\/\" \/>\n<meta property=\"og:locale\" content=\"fr_FR\" \/>\n<meta property=\"og:type\" content=\"article\" \/>\n<meta property=\"og:title\" content=\"Excursion automnale sur le lac des Quatre-Cantons | Erz\u00e4hlbistro\" \/>\n<meta property=\"og:description\" content=\"Le temps a \u00e9t\u00e9 cl\u00e9ment pour le Bistrot d\u2019\u00e9change. Pas un nuage n\u2019assombrissait le ciel...\" \/>\n<meta property=\"og:url\" content=\"https:\/\/erzaehlbistro.ch\/fr\/event\/excursion-automnale-sur-le-lac-des-quatre-cantons\/\" \/>\n<meta property=\"og:site_name\" content=\"Erz\u00e4hlbistro\" \/>\n<meta property=\"article:modified_time\" content=\"2021-11-20T08:06:55+00:00\" \/>\n<meta property=\"og:image\" content=\"https:\/\/erzaehlbistro.ch\/wp-content\/uploads\/2021\/10\/WhatsApp-Image-2021-09-26-at-15.12.15-5.jpeg\" \/>\n\t<meta property=\"og:image:width\" content=\"576\" \/>\n\t<meta property=\"og:image:height\" content=\"1024\" \/>\n\t<meta property=\"og:image:type\" content=\"image\/jpeg\" \/>\n<meta name=\"twitter:card\" content=\"summary_large_image\" \/>\n<meta name=\"twitter:label1\" content=\"Dur\u00e9e de lecture estim\u00e9e\" \/>\n\t<meta name=\"twitter:data1\" content=\"1 minute\" \/>\n<script type=\"application\/ld+json\" class=\"yoast-schema-graph\">{\"@context\":\"https:\/\/schema.org\",\"@graph\":[{\"@type\":\"WebPage\",\"@id\":\"https:\/\/erzaehlbistro.ch\/fr\/event\/excursion-automnale-sur-le-lac-des-quatre-cantons\/\",\"url\":\"https:\/\/erzaehlbistro.ch\/fr\/event\/excursion-automnale-sur-le-lac-des-quatre-cantons\/\",\"name\":\"Excursion automnale sur le lac des Quatre-Cantons | Erz\u00e4hlbistro\",\"isPartOf\":{\"@id\":\"https:\/\/erzaehlbistro.ch\/fr\/#website\"},\"primaryImageOfPage\":{\"@id\":\"https:\/\/erzaehlbistro.ch\/fr\/event\/excursion-automnale-sur-le-lac-des-quatre-cantons\/#primaryimage\"},\"image\":{\"@id\":\"https:\/\/erzaehlbistro.ch\/fr\/event\/excursion-automnale-sur-le-lac-des-quatre-cantons\/#primaryimage\"},\"thumbnailUrl\":\"https:\/\/erzaehlbistro.ch\/wp-content\/uploads\/2021\/10\/WhatsApp-Image-2021-09-26-at-15.12.jpg\",\"datePublished\":\"2021-11-20T08:01:43+00:00\",\"dateModified\":\"2021-11-20T08:06:55+00:00\",\"breadcrumb\":{\"@id\":\"https:\/\/erzaehlbistro.ch\/fr\/event\/excursion-automnale-sur-le-lac-des-quatre-cantons\/#breadcrumb\"},\"inLanguage\":\"fr-FR\",\"potentialAction\":[{\"@type\":\"ReadAction\",\"target\":[\"https:\/\/erzaehlbistro.ch\/fr\/event\/excursion-automnale-sur-le-lac-des-quatre-cantons\/\"]}]},{\"@type\":\"ImageObject\",\"inLanguage\":\"fr-FR\",\"@id\":\"https:\/\/erzaehlbistro.ch\/fr\/event\/excursion-automnale-sur-le-lac-des-quatre-cantons\/#primaryimage\",\"url\":\"https:\/\/erzaehlbistro.ch\/wp-content\/uploads\/2021\/10\/WhatsApp-Image-2021-09-26-at-15.12.jpg\",\"contentUrl\":\"https:\/\/erzaehlbistro.ch\/wp-content\/uploads\/2021\/10\/WhatsApp-Image-2021-09-26-at-15.12.jpg\",\"width\":576,\"height\":1024},{\"@type\":\"BreadcrumbList\",\"@id\":\"https:\/\/erzaehlbistro.ch\/fr\/event\/excursion-automnale-sur-le-lac-des-quatre-cantons\/#breadcrumb\",\"itemListElement\":[{\"@type\":\"ListItem\",\"position\":1,\"name\":\"Home\",\"item\":\"https:\/\/erzaehlbistro.ch\/fr\/\"},{\"@type\":\"ListItem\",\"position\":2,\"name\":\"\u00c9v\u00e8nements\",\"item\":\"https:\/\/erzaehlbistro.ch\/fr\/events\/\"},{\"@type\":\"ListItem\",\"position\":3,\"name\":\"Excursion automnale sur le lac des Quatre-Cantons\"}]},{\"@type\":\"WebSite\",\"@id\":\"https:\/\/erzaehlbistro.ch\/fr\/#website\",\"url\":\"https:\/\/erzaehlbistro.ch\/fr\/\",\"name\":\"Erz\u00e4hlbistro\",\"description\":\"Ein Begegnungsort f\u00fcr die Betroffenen f\u00fcrsorgerischer Zwangsmassnahmen\",\"publisher\":{\"@id\":\"https:\/\/erzaehlbistro.ch\/fr\/#organization\"},\"potentialAction\":[{\"@type\":\"SearchAction\",\"target\":{\"@type\":\"EntryPoint\",\"urlTemplate\":\"https:\/\/erzaehlbistro.ch\/fr\/?s={search_term_string}\"},\"query-input\":{\"@type\":\"PropertyValueSpecification\",\"valueRequired\":true,\"valueName\":\"search_term_string\"}}],\"inLanguage\":\"fr-FR\"},{\"@type\":\"Organization\",\"@id\":\"https:\/\/erzaehlbistro.ch\/fr\/#organization\",\"name\":\"Erz\u00e4hlbistro\",\"url\":\"https:\/\/erzaehlbistro.ch\/fr\/\",\"logo\":{\"@type\":\"ImageObject\",\"inLanguage\":\"fr-FR\",\"@id\":\"https:\/\/erzaehlbistro.ch\/fr\/#\/schema\/logo\/image\/\",\"url\":\"https:\/\/erzaehlbistro.ch\/wp-content\/uploads\/2021\/10\/logo-retina.png\",\"contentUrl\":\"https:\/\/erzaehlbistro.ch\/wp-content\/uploads\/2021\/10\/logo-retina.png\",\"width\":468,\"height\":120,\"caption\":\"Erz\u00e4hlbistro\"},\"image\":{\"@id\":\"https:\/\/erzaehlbistro.ch\/fr\/#\/schema\/logo\/image\/\"}}]}<\/script>\n<!-- \/ Yoast SEO plugin. -->","yoast_head_json":{"title":"Excursion automnale sur le lac des Quatre-Cantons | Erz\u00e4hlbistro","robots":{"index":"index","follow":"follow","max-snippet":"max-snippet:-1","max-image-preview":"max-image-preview:large","max-video-preview":"max-video-preview:-1"},"canonical":"https:\/\/erzaehlbistro.ch\/fr\/event\/excursion-automnale-sur-le-lac-des-quatre-cantons\/","og_locale":"fr_FR","og_type":"article","og_title":"Excursion automnale sur le lac des Quatre-Cantons | Erz\u00e4hlbistro","og_description":"Le temps a \u00e9t\u00e9 cl\u00e9ment pour le Bistrot d\u2019\u00e9change. Pas un nuage n\u2019assombrissait le ciel...","og_url":"https:\/\/erzaehlbistro.ch\/fr\/event\/excursion-automnale-sur-le-lac-des-quatre-cantons\/","og_site_name":"Erz\u00e4hlbistro","article_modified_time":"2021-11-20T08:06:55+00:00","og_image":[{"width":576,"height":1024,"url":"https:\/\/erzaehlbistro.ch\/wp-content\/uploads\/2021\/10\/WhatsApp-Image-2021-09-26-at-15.12.15-5.jpeg","type":"image\/jpeg"}],"twitter_card":"summary_large_image","twitter_misc":{"Dur\u00e9e de lecture estim\u00e9e":"1 minute"},"schema":{"@context":"https:\/\/schema.org","@graph":[{"@type":"WebPage","@id":"https:\/\/erzaehlbistro.ch\/fr\/event\/excursion-automnale-sur-le-lac-des-quatre-cantons\/","url":"https:\/\/erzaehlbistro.ch\/fr\/event\/excursion-automnale-sur-le-lac-des-quatre-cantons\/","name":"Excursion automnale sur le lac des Quatre-Cantons | Erz\u00e4hlbistro","isPartOf":{"@id":"https:\/\/erzaehlbistro.ch\/fr\/#website"},"primaryImageOfPage":{"@id":"https:\/\/erzaehlbistro.ch\/fr\/event\/excursion-automnale-sur-le-lac-des-quatre-cantons\/#primaryimage"},"image":{"@id":"https:\/\/erzaehlbistro.ch\/fr\/event\/excursion-automnale-sur-le-lac-des-quatre-cantons\/#primaryimage"},"thumbnailUrl":"https:\/\/erzaehlbistro.ch\/wp-content\/uploads\/2021\/10\/WhatsApp-Image-2021-09-26-at-15.12.jpg","datePublished":"2021-11-20T08:01:43+00:00","dateModified":"2021-11-20T08:06:55+00:00","breadcrumb":{"@id":"https:\/\/erzaehlbistro.ch\/fr\/event\/excursion-automnale-sur-le-lac-des-quatre-cantons\/#breadcrumb"},"inLanguage":"fr-FR","potentialAction":[{"@type":"ReadAction","target":["https:\/\/erzaehlbistro.ch\/fr\/event\/excursion-automnale-sur-le-lac-des-quatre-cantons\/"]}]},{"@type":"ImageObject","inLanguage":"fr-FR","@id":"https:\/\/erzaehlbistro.ch\/fr\/event\/excursion-automnale-sur-le-lac-des-quatre-cantons\/#primaryimage","url":"https:\/\/erzaehlbistro.ch\/wp-content\/uploads\/2021\/10\/WhatsApp-Image-2021-09-26-at-15.12.jpg","contentUrl":"https:\/\/erzaehlbistro.ch\/wp-content\/uploads\/2021\/10\/WhatsApp-Image-2021-09-26-at-15.12.jpg","width":576,"height":1024},{"@type":"BreadcrumbList","@id":"https:\/\/erzaehlbistro.ch\/fr\/event\/excursion-automnale-sur-le-lac-des-quatre-cantons\/#breadcrumb","itemListElement":[{"@type":"ListItem","position":1,"name":"Home","item":"https:\/\/erzaehlbistro.ch\/fr\/"},{"@type":"ListItem","position":2,"name":"\u00c9v\u00e8nements","item":"https:\/\/erzaehlbistro.ch\/fr\/events\/"},{"@type":"ListItem","position":3,"name":"Excursion automnale sur le lac des Quatre-Cantons"}]},{"@type":"WebSite","@id":"https:\/\/erzaehlbistro.ch\/fr\/#website","url":"https:\/\/erzaehlbistro.ch\/fr\/","name":"Erz\u00e4hlbistro","description":"Ein Begegnungsort f\u00fcr die Betroffenen f\u00fcrsorgerischer Zwangsmassnahmen","publisher":{"@id":"https:\/\/erzaehlbistro.ch\/fr\/#organization"},"potentialAction":[{"@type":"SearchAction","target":{"@type":"EntryPoint","urlTemplate":"https:\/\/erzaehlbistro.ch\/fr\/?s={search_term_string}"},"query-input":{"@type":"PropertyValueSpecification","valueRequired":true,"valueName":"search_term_string"}}],"inLanguage":"fr-FR"},{"@type":"Organization","@id":"https:\/\/erzaehlbistro.ch\/fr\/#organization","name":"Erz\u00e4hlbistro","url":"https:\/\/erzaehlbistro.ch\/fr\/","logo":{"@type":"ImageObject","inLanguage":"fr-FR","@id":"https:\/\/erzaehlbistro.ch\/fr\/#\/schema\/logo\/image\/","url":"https:\/\/erzaehlbistro.ch\/wp-content\/uploads\/2021\/10\/logo-retina.png","contentUrl":"https:\/\/erzaehlbistro.ch\/wp-content\/uploads\/2021\/10\/logo-retina.png","width":468,"height":120,"caption":"Erz\u00e4hlbistro"},"image":{"@id":"https:\/\/erzaehlbistro.ch\/fr\/#\/schema\/logo\/image\/"}}]}},"ticketed":false,"_links":{"self":[{"href":"https:\/\/erzaehlbistro.ch\/fr\/wp-json\/wp\/v2\/tribe_events\/3936"}],"collection":[{"href":"https:\/\/erzaehlbistro.ch\/fr\/wp-json\/wp\/v2\/tribe_events"}],"about":[{"href":"https:\/\/erzaehlbistro.ch\/fr\/wp-json\/wp\/v2\/types\/tribe_events"}],"author":[{"embeddable":true,"href":"https:\/\/erzaehlbistro.ch\/fr\/wp-json\/wp\/v2\/users\/4"}],"version-history":[{"count":0,"href":"https:\/\/erzaehlbistro.ch\/fr\/wp-json\/wp\/v2\/tribe_events\/3936\/revisions"}],"wp:featuredmedia":[{"embeddable":true,"href":"https:\/\/erzaehlbistro.ch\/fr\/wp-json\/wp\/v2\/media\/3693"}],"wp:attachment":[{"href":"https:\/\/erzaehlbistro.ch\/fr\/wp-json\/wp\/v2\/media?parent=3936"}],"wp:term":[{"taxonomy":"post_tag","embeddable":true,"href":"https:\/\/erzaehlbistro.ch\/fr\/wp-json\/wp\/v2\/tags?post=3936"},{"taxonomy":"tribe_events_cat","embeddable":true,"href":"https:\/\/erzaehlbistro.ch\/fr\/wp-json\/wp\/v2\/tribe_events_cat?post=3936"}],"curies":[{"name":"wp","href":"https:\/\/api.w.org\/{rel}","templated":true}]}}