{"id":3941,"date":"2021-11-20T09:19:21","date_gmt":"2021-11-20T08:19:21","guid":{"rendered":"https:\/\/erzaehlbistro.ch\/event\/du-soleil-dans-le-coeur-par-une-journee-pluvieuse-de-juillet\/"},"modified":"2021-11-20T09:21:09","modified_gmt":"2021-11-20T08:21:09","slug":"du-soleil-dans-le-coeur-par-une-journee-pluvieuse-de-juillet","status":"publish","type":"tribe_events","link":"https:\/\/erzaehlbistro.ch\/fr\/event\/du-soleil-dans-le-coeur-par-une-journee-pluvieuse-de-juillet\/","title":{"rendered":"Du soleil dans le c\u0153ur par une journ\u00e9e pluvieuse de juillet"},"content":{"rendered":"<p class=\"p1\"><b>8 juillet 2021<\/b><\/p>\n<p class=\"p2\"><b>Le vent et le temps n&rsquo;ont pas eu raison de la bonne ambiance. C&rsquo;est avec une grande joie qu&rsquo;une vingtaine de personnes concern\u00e9es se sont rencontr\u00e9es et ont \u00e9chang\u00e9 lors du Bistrot d\u2019\u00e9change \u00e0 Zurich. Le th\u00e8me central \u00e9tait \u00ab\u00a0Alimentation &amp; nourriture de l&rsquo;\u00e2me\u00a0\u00bb.<\/b><\/p>\n<p class=\"p2\">Pourquoi le Bistrot d\u2019\u00e9change cr\u00e9e-t-il toujours une ambiance familiale exceptionnelle ? Comment r\u00e9ussir cette familiarit\u00e9 naturelle entre eux ? Eh bien, la r\u00e9ponse est apparue cette fois encore lors de la rencontre \u00e0 Zurich : Parce que le Bistrot d\u2019\u00e9change r\u00e9unit toujours des personnes extraordinaires qui se soutiennent et se font du bien.<\/p>\n<p class=\"p2\"><b>La premi\u00e8re fois raconte<\/b><\/p>\n<p class=\"p2\">Les histoires de vie que les personnes concern\u00e9es se sont racont\u00e9es lors des tables rondes anim\u00e9es sont diff\u00e9rentes, certes, mais les exp\u00e9riences de l&rsquo;enfance et de l&rsquo;adolescence sont similaires : la solitude, le manque de proximit\u00e9, les incertitudes, le manque de confiance ou l&rsquo;exp\u00e9rience de la violence. Ce que beaucoup ne connaissent pas ou ne peuvent pas saisir dans la soci\u00e9t\u00e9 suisse n&rsquo;a plus besoin d&rsquo;\u00eatre expliqu\u00e9 dans le Bistrot d\u2019\u00e9change. Il y a ce lien qui va tr\u00e8s loin. \u00ab\u00a0Ici, pour la premi\u00e8re fois, je peux raconter ce qui m&rsquo;est arriv\u00e9\u00a0\u00bb. Cette phrase prononc\u00e9e par un homme \u00e0 Zurich a \u00e9mu et attrist\u00e9 le groupe, mais ne l&rsquo;a pas \u00e9tonn\u00e9. Beaucoup ont connu la m\u00eame situation. Dans le cadre du caf\u00e9-r\u00e9cit, ils peuvent raconter sans \u00eatre jug\u00e9s. Ils peuvent se confier \u00e0 l&rsquo;autre en sachant que l&rsquo;histoire personnelle est bien conserv\u00e9e dans le groupe.<span class=\"Apple-converted-space\"> <\/span><\/p>\n<p class=\"p2\"><b>\u00ab\u00a0Manger\u00a0\u00bb pour le corps et l&rsquo;esprit<\/b><\/p>\n<p class=\"p2\">Un bon r\u00f6sti, une saucisse consistante, une salade croquante &#8211; chacun a son plat pr\u00e9f\u00e9r\u00e9, chacun a son plat de pr\u00e9dilection. Aujourd&rsquo;hui, la faim n&rsquo;est plus un probl\u00e8me pour les personnes concern\u00e9es, mais dans leur enfance, dans leur famille d&rsquo;accueil ou \u00e0 la ferme, beaucoup ont souffert de la faim. C&rsquo;est ce qu&rsquo;ils ont racont\u00e9 lors de la s\u00e9ance de narration. Dans les foyers, il y avait souvent de la mauvaise nourriture, ces souvenirs ont \u00e9galement \u00e9t\u00e9 partag\u00e9s. Des images du pass\u00e9 sont revenues chez beaucoup : La surveillante dure qui obligeait les enfants \u00e0 finir leur assiette ou la cuisini\u00e8re compr\u00e9hensive qui faisait parfois dispara\u00eetre un plat mal aim\u00e9. Mais il \u00e9tait aussi question du paysan soigneux qui servait toujours de la bonne nourriture, car seul un gar\u00e7on fort pouvait venir \u00e0 bout du dur travail.<\/p>\n<p class=\"p2\">La nourriture, comme il est apparu lors de la table ronde, est cependant bien plus que destin\u00e9e au corps. La nourriture peut aussi \u00eatre consid\u00e9r\u00e9e comme une nourriture de l&rsquo;\u00e2me. Et c&rsquo;est ainsi que les participants racontent ce qui leur fait du bien aujourd&rsquo;hui au quotidien : la ch\u00e8re \u00e9pouse \u00e0 leurs c\u00f4t\u00e9s, les bons amis, les enfants auxquels on a pu offrir une bonne vie &#8211; gr\u00e2ce \u00e0 un travail acharn\u00e9 et beaucoup d&rsquo;amour.<\/p>\n<p class=\"p2\"><b>Promenade en ville &#8211; puis \u00e0 nouveau repas<\/b><\/p>\n<p class=\"p2\">Le groupe s&rsquo;est ensuite promen\u00e9 dans la ville, la t\u00eate encore pleine de pens\u00e9es et de grands parapluies \u00e0 la main. Le vent et le temps n&rsquo;ont d\u00e9rang\u00e9 personne, au contraire, on a v\u00e9cu une Zurich sans agitation : en se promenant, on a appris comment la mondaine Bahnhofstrasse a \u00e9t\u00e9 cr\u00e9\u00e9e, on a visit\u00e9 le beau Lindenhof avec ses joueurs d&rsquo;\u00e9checs, on a admir\u00e9 \u00e0 Saint-Pierre le plus grand cadran de tour d&rsquo;Europe et au Fraum\u00fcnster les vitraux artistiques de Chagall. Enfin, tout le monde a d\u00e9gust\u00e9 chez la confiserie Spr\u00fcngli les Luxemburgerli, c\u00e9l\u00e8bres dans le monde entier, qui ont d\u00e9clench\u00e9 des explosions de saveurs sucr\u00e9es diff\u00e9rentes selon leur couleur. De retour \u00e0 l&rsquo;h\u00f4tel Glockenhof, le groupe s&rsquo;est retrouv\u00e9 pour un d\u00e9jeuner convivial et de bonnes discussions. L\u00e0 aussi, l&rsquo;ambiance \u00e9tait joyeuse et exub\u00e9rante. L&rsquo;anticipation du prochain rassemblement \u00e9tait d\u00e9j\u00e0 palpable.<\/p>\n<div style=\"width: 1200px;\" class=\"wp-video\"><!--[if lt IE 9]><script>document.createElement('video');<\/script><![endif]-->\n<video class=\"wp-video-shortcode\" id=\"video-3941-1\" width=\"1200\" height=\"675\" preload=\"metadata\" controls=\"controls\"><source type=\"video\/mp4\" src=\"https:\/\/erzaehlbistro.ch\/wp-content\/uploads\/2021\/07\/Ez\u00e4hlbistro%202021%20Z\u00fcrich%20Video.mp4?_=1\" \/><a href=\"https:\/\/erzaehlbistro.ch\/wp-content\/uploads\/2021\/07\/Ez\u00e4hlbistro%202021%20Z\u00fcrich%20Video.mp4\">https:\/\/erzaehlbistro.ch\/wp-content\/uploads\/2021\/07\/Ez\u00e4hlbistro%202021%20Z\u00fcrich%20Video.mp4<\/a><\/video><\/div>\n<p><img decoding=\"async\" class=\"lazyload alignnone wp-image-2656 size-medium\" src=\"data:image\/svg+xml,%3Csvg%20xmlns%3D%27http%3A%2F%2Fwww.w3.org%2F2000%2Fsvg%27%20width%3D%27225%27%20height%3D%27300%27%20viewBox%3D%270%200%20225%20300%27%3E%3Crect%20width%3D%27225%27%20height%3D%27300%27%20fill-opacity%3D%220%22%2F%3E%3C%2Fsvg%3E\" data-orig-src=\"https:\/\/erzaehlbistro.ch\/wp-content\/uploads\/2021\/07\/WhatsApp-Image-2021-07-15-at-16.19.30-1-225x300.jpeg\" alt=\"\" width=\"225\" height=\"300\"> <img decoding=\"async\" class=\"lazyload alignnone wp-image-2657 size-medium\" src=\"data:image\/svg+xml,%3Csvg%20xmlns%3D%27http%3A%2F%2Fwww.w3.org%2F2000%2Fsvg%27%20width%3D%27169%27%20height%3D%27300%27%20viewBox%3D%270%200%20169%20300%27%3E%3Crect%20width%3D%27169%27%20height%3D%27300%27%20fill-opacity%3D%220%22%2F%3E%3C%2Fsvg%3E\" data-orig-src=\"https:\/\/erzaehlbistro.ch\/wp-content\/uploads\/2021\/07\/WhatsApp-Image-2021-07-15-at-16.19.30-2-169x300.jpeg\" alt=\"\" width=\"169\" height=\"300\"> <img decoding=\"async\" class=\"lazyload alignnone wp-image-2658 size-medium\" src=\"data:image\/svg+xml,%3Csvg%20xmlns%3D%27http%3A%2F%2Fwww.w3.org%2F2000%2Fsvg%27%20width%3D%27169%27%20height%3D%27300%27%20viewBox%3D%270%200%20169%20300%27%3E%3Crect%20width%3D%27169%27%20height%3D%27300%27%20fill-opacity%3D%220%22%2F%3E%3C%2Fsvg%3E\" data-orig-src=\"https:\/\/erzaehlbistro.ch\/wp-content\/uploads\/2021\/07\/WhatsApp-Image-2021-07-15-at-16.19.30-3-169x300.jpeg\" alt=\"\" width=\"169\" height=\"300\"> <img decoding=\"async\" class=\"lazyload alignnone wp-image-2659 size-medium\" src=\"data:image\/svg+xml,%3Csvg%20xmlns%3D%27http%3A%2F%2Fwww.w3.org%2F2000%2Fsvg%27%20width%3D%27169%27%20height%3D%27300%27%20viewBox%3D%270%200%20169%20300%27%3E%3Crect%20width%3D%27169%27%20height%3D%27300%27%20fill-opacity%3D%220%22%2F%3E%3C%2Fsvg%3E\" data-orig-src=\"https:\/\/erzaehlbistro.ch\/wp-content\/uploads\/2021\/07\/WhatsApp-Image-2021-07-15-at-16.19.30-4-169x300.jpeg\" alt=\"\" width=\"169\" height=\"300\"> <img decoding=\"async\" class=\"lazyload alignnone wp-image-2660 size-medium\" src=\"data:image\/svg+xml,%3Csvg%20xmlns%3D%27http%3A%2F%2Fwww.w3.org%2F2000%2Fsvg%27%20width%3D%27225%27%20height%3D%27300%27%20viewBox%3D%270%200%20225%20300%27%3E%3Crect%20width%3D%27225%27%20height%3D%27300%27%20fill-opacity%3D%220%22%2F%3E%3C%2Fsvg%3E\" data-orig-src=\"https:\/\/erzaehlbistro.ch\/wp-content\/uploads\/2021\/07\/WhatsApp-Image-2021-07-15-at-16.19.30-225x300.jpeg\" alt=\"\" width=\"225\" height=\"300\"> <img decoding=\"async\" class=\"lazyload alignnone wp-image-2661 size-medium\" src=\"data:image\/svg+xml,%3Csvg%20xmlns%3D%27http%3A%2F%2Fwww.w3.org%2F2000%2Fsvg%27%20width%3D%27169%27%20height%3D%27300%27%20viewBox%3D%270%200%20169%20300%27%3E%3Crect%20width%3D%27169%27%20height%3D%27300%27%20fill-opacity%3D%220%22%2F%3E%3C%2Fsvg%3E\" data-orig-src=\"https:\/\/erzaehlbistro.ch\/wp-content\/uploads\/2021\/07\/WhatsApp-Image-2021-07-15-at-16.19.31-1-169x300.jpeg\" alt=\"\" width=\"169\" height=\"300\"> <img decoding=\"async\" class=\"lazyload alignnone wp-image-2662 size-medium\" src=\"data:image\/svg+xml,%3Csvg%20xmlns%3D%27http%3A%2F%2Fwww.w3.org%2F2000%2Fsvg%27%20width%3D%27169%27%20height%3D%27300%27%20viewBox%3D%270%200%20169%20300%27%3E%3Crect%20width%3D%27169%27%20height%3D%27300%27%20fill-opacity%3D%220%22%2F%3E%3C%2Fsvg%3E\" data-orig-src=\"https:\/\/erzaehlbistro.ch\/wp-content\/uploads\/2021\/07\/WhatsApp-Image-2021-07-15-at-16.19.31-2-169x300.jpeg\" alt=\"\" width=\"169\" height=\"300\"> <img decoding=\"async\" class=\"lazyload alignnone wp-image-2663 size-medium\" src=\"data:image\/svg+xml,%3Csvg%20xmlns%3D%27http%3A%2F%2Fwww.w3.org%2F2000%2Fsvg%27%20width%3D%27169%27%20height%3D%27300%27%20viewBox%3D%270%200%20169%20300%27%3E%3Crect%20width%3D%27169%27%20height%3D%27300%27%20fill-opacity%3D%220%22%2F%3E%3C%2Fsvg%3E\" data-orig-src=\"https:\/\/erzaehlbistro.ch\/wp-content\/uploads\/2021\/07\/WhatsApp-Image-2021-07-15-at-16.19.31-169x300.jpeg\" alt=\"\" width=\"169\" height=\"300\"> <img decoding=\"async\" class=\"lazyload alignnone wp-image-2664 size-medium\" src=\"data:image\/svg+xml,%3Csvg%20xmlns%3D%27http%3A%2F%2Fwww.w3.org%2F2000%2Fsvg%27%20width%3D%27169%27%20height%3D%27300%27%20viewBox%3D%270%200%20169%20300%27%3E%3Crect%20width%3D%27169%27%20height%3D%27300%27%20fill-opacity%3D%220%22%2F%3E%3C%2Fsvg%3E\" data-orig-src=\"https:\/\/erzaehlbistro.ch\/wp-content\/uploads\/2021\/07\/WhatsApp-Image-2021-07-15-at-16.20.32-169x300.jpeg\" alt=\"\" width=\"169\" height=\"300\"><\/p>\n","protected":false},"excerpt":{"rendered":"<p>Le vent et le temps n&rsquo;ont pas eu raison de la bonne ambiance.<\/p>\n","protected":false},"author":4,"featured_media":3670,"template":"","meta":{"_price":"","_stock":"","_tribe_ticket_header":"","_tribe_default_ticket_provider":"","_tribe_ticket_capacity":"0","_ticket_start_date":"","_ticket_end_date":"","_tribe_ticket_show_description":"","_tribe_ticket_show_not_going":false,"_tribe_ticket_use_global_stock":"","_tribe_ticket_global_stock_level":"","_global_stock_mode":"","_global_stock_cap":"","_tribe_rsvp_for_event":"","_tribe_ticket_going_count":"","_tribe_ticket_not_going_count":"","_tribe_tickets_list":"[]","_tribe_ticket_has_attendee_info_fields":false,"_tribe_events_status":"","_tribe_events_status_reason":"","footnotes":"","_tec_slr_enabled":"","_tec_slr_layout":""},"tags":[],"tribe_events_cat":[],"yoast_head":"<!-- This site is optimized with the Yoast SEO plugin v24.4 - https:\/\/yoast.com\/wordpress\/plugins\/seo\/ -->\n<title>Du soleil dans le c\u0153ur par une journ\u00e9e pluvieuse de juillet | Erz\u00e4hlbistro<\/title>\n<meta name=\"robots\" content=\"index, follow, max-snippet:-1, max-image-preview:large, max-video-preview:-1\" \/>\n<link rel=\"canonical\" href=\"https:\/\/erzaehlbistro.ch\/fr\/event\/du-soleil-dans-le-coeur-par-une-journee-pluvieuse-de-juillet\/\" \/>\n<meta property=\"og:locale\" content=\"fr_FR\" \/>\n<meta property=\"og:type\" content=\"article\" \/>\n<meta property=\"og:title\" content=\"Du soleil dans le c\u0153ur par une journ\u00e9e pluvieuse de juillet | Erz\u00e4hlbistro\" \/>\n<meta property=\"og:description\" content=\"Le vent et le temps n&#039;ont pas eu raison de la bonne ambiance.\" \/>\n<meta property=\"og:url\" content=\"https:\/\/erzaehlbistro.ch\/fr\/event\/du-soleil-dans-le-coeur-par-une-journee-pluvieuse-de-juillet\/\" \/>\n<meta property=\"og:site_name\" content=\"Erz\u00e4hlbistro\" \/>\n<meta property=\"article:modified_time\" content=\"2021-11-20T08:21:09+00:00\" \/>\n<meta property=\"og:image\" content=\"https:\/\/erzaehlbistro.ch\/wp-content\/uploads\/2021\/10\/IMG_5212-768x576-1.jpeg\" \/>\n\t<meta property=\"og:image:width\" content=\"768\" \/>\n\t<meta property=\"og:image:height\" content=\"576\" \/>\n\t<meta property=\"og:image:type\" content=\"image\/jpeg\" \/>\n<meta name=\"twitter:card\" content=\"summary_large_image\" \/>\n<meta name=\"twitter:label1\" content=\"Dur\u00e9e de lecture estim\u00e9e\" \/>\n\t<meta name=\"twitter:data1\" content=\"3 minutes\" \/>\n<script type=\"application\/ld+json\" class=\"yoast-schema-graph\">{\"@context\":\"https:\/\/schema.org\",\"@graph\":[{\"@type\":\"WebPage\",\"@id\":\"https:\/\/erzaehlbistro.ch\/fr\/event\/du-soleil-dans-le-coeur-par-une-journee-pluvieuse-de-juillet\/\",\"url\":\"https:\/\/erzaehlbistro.ch\/fr\/event\/du-soleil-dans-le-coeur-par-une-journee-pluvieuse-de-juillet\/\",\"name\":\"Du soleil dans le c\u0153ur par une journ\u00e9e pluvieuse de juillet | Erz\u00e4hlbistro\",\"isPartOf\":{\"@id\":\"https:\/\/erzaehlbistro.ch\/fr\/#website\"},\"primaryImageOfPage\":{\"@id\":\"https:\/\/erzaehlbistro.ch\/fr\/event\/du-soleil-dans-le-coeur-par-une-journee-pluvieuse-de-juillet\/#primaryimage\"},\"image\":{\"@id\":\"https:\/\/erzaehlbistro.ch\/fr\/event\/du-soleil-dans-le-coeur-par-une-journee-pluvieuse-de-juillet\/#primaryimage\"},\"thumbnailUrl\":\"https:\/\/erzaehlbistro.ch\/wp-content\/uploads\/2021\/10\/IMG_5212-768x576-1.jpeg\",\"datePublished\":\"2021-11-20T08:19:21+00:00\",\"dateModified\":\"2021-11-20T08:21:09+00:00\",\"breadcrumb\":{\"@id\":\"https:\/\/erzaehlbistro.ch\/fr\/event\/du-soleil-dans-le-coeur-par-une-journee-pluvieuse-de-juillet\/#breadcrumb\"},\"inLanguage\":\"fr-FR\",\"potentialAction\":[{\"@type\":\"ReadAction\",\"target\":[\"https:\/\/erzaehlbistro.ch\/fr\/event\/du-soleil-dans-le-coeur-par-une-journee-pluvieuse-de-juillet\/\"]}]},{\"@type\":\"ImageObject\",\"inLanguage\":\"fr-FR\",\"@id\":\"https:\/\/erzaehlbistro.ch\/fr\/event\/du-soleil-dans-le-coeur-par-une-journee-pluvieuse-de-juillet\/#primaryimage\",\"url\":\"https:\/\/erzaehlbistro.ch\/wp-content\/uploads\/2021\/10\/IMG_5212-768x576-1.jpeg\",\"contentUrl\":\"https:\/\/erzaehlbistro.ch\/wp-content\/uploads\/2021\/10\/IMG_5212-768x576-1.jpeg\",\"width\":768,\"height\":576},{\"@type\":\"BreadcrumbList\",\"@id\":\"https:\/\/erzaehlbistro.ch\/fr\/event\/du-soleil-dans-le-coeur-par-une-journee-pluvieuse-de-juillet\/#breadcrumb\",\"itemListElement\":[{\"@type\":\"ListItem\",\"position\":1,\"name\":\"Home\",\"item\":\"https:\/\/erzaehlbistro.ch\/fr\/\"},{\"@type\":\"ListItem\",\"position\":2,\"name\":\"\u00c9v\u00e8nements\",\"item\":\"https:\/\/erzaehlbistro.ch\/fr\/events\/\"},{\"@type\":\"ListItem\",\"position\":3,\"name\":\"Du soleil dans le c\u0153ur par une journ\u00e9e pluvieuse de juillet\"}]},{\"@type\":\"WebSite\",\"@id\":\"https:\/\/erzaehlbistro.ch\/fr\/#website\",\"url\":\"https:\/\/erzaehlbistro.ch\/fr\/\",\"name\":\"Erz\u00e4hlbistro\",\"description\":\"Ein Begegnungsort f\u00fcr die Betroffenen f\u00fcrsorgerischer Zwangsmassnahmen\",\"publisher\":{\"@id\":\"https:\/\/erzaehlbistro.ch\/fr\/#organization\"},\"potentialAction\":[{\"@type\":\"SearchAction\",\"target\":{\"@type\":\"EntryPoint\",\"urlTemplate\":\"https:\/\/erzaehlbistro.ch\/fr\/?s={search_term_string}\"},\"query-input\":{\"@type\":\"PropertyValueSpecification\",\"valueRequired\":true,\"valueName\":\"search_term_string\"}}],\"inLanguage\":\"fr-FR\"},{\"@type\":\"Organization\",\"@id\":\"https:\/\/erzaehlbistro.ch\/fr\/#organization\",\"name\":\"Erz\u00e4hlbistro\",\"url\":\"https:\/\/erzaehlbistro.ch\/fr\/\",\"logo\":{\"@type\":\"ImageObject\",\"inLanguage\":\"fr-FR\",\"@id\":\"https:\/\/erzaehlbistro.ch\/fr\/#\/schema\/logo\/image\/\",\"url\":\"https:\/\/erzaehlbistro.ch\/wp-content\/uploads\/2021\/10\/logo-retina.png\",\"contentUrl\":\"https:\/\/erzaehlbistro.ch\/wp-content\/uploads\/2021\/10\/logo-retina.png\",\"width\":468,\"height\":120,\"caption\":\"Erz\u00e4hlbistro\"},\"image\":{\"@id\":\"https:\/\/erzaehlbistro.ch\/fr\/#\/schema\/logo\/image\/\"}}]}<\/script>\n<!-- \/ Yoast SEO plugin. -->","yoast_head_json":{"title":"Du soleil dans le c\u0153ur par une journ\u00e9e pluvieuse de juillet | Erz\u00e4hlbistro","robots":{"index":"index","follow":"follow","max-snippet":"max-snippet:-1","max-image-preview":"max-image-preview:large","max-video-preview":"max-video-preview:-1"},"canonical":"https:\/\/erzaehlbistro.ch\/fr\/event\/du-soleil-dans-le-coeur-par-une-journee-pluvieuse-de-juillet\/","og_locale":"fr_FR","og_type":"article","og_title":"Du soleil dans le c\u0153ur par une journ\u00e9e pluvieuse de juillet | Erz\u00e4hlbistro","og_description":"Le vent et le temps n'ont pas eu raison de la bonne ambiance.","og_url":"https:\/\/erzaehlbistro.ch\/fr\/event\/du-soleil-dans-le-coeur-par-une-journee-pluvieuse-de-juillet\/","og_site_name":"Erz\u00e4hlbistro","article_modified_time":"2021-11-20T08:21:09+00:00","og_image":[{"width":768,"height":576,"url":"https:\/\/erzaehlbistro.ch\/wp-content\/uploads\/2021\/10\/IMG_5212-768x576-1.jpeg","type":"image\/jpeg"}],"twitter_card":"summary_large_image","twitter_misc":{"Dur\u00e9e de lecture estim\u00e9e":"3 minutes"},"schema":{"@context":"https:\/\/schema.org","@graph":[{"@type":"WebPage","@id":"https:\/\/erzaehlbistro.ch\/fr\/event\/du-soleil-dans-le-coeur-par-une-journee-pluvieuse-de-juillet\/","url":"https:\/\/erzaehlbistro.ch\/fr\/event\/du-soleil-dans-le-coeur-par-une-journee-pluvieuse-de-juillet\/","name":"Du soleil dans le c\u0153ur par une journ\u00e9e pluvieuse de juillet | Erz\u00e4hlbistro","isPartOf":{"@id":"https:\/\/erzaehlbistro.ch\/fr\/#website"},"primaryImageOfPage":{"@id":"https:\/\/erzaehlbistro.ch\/fr\/event\/du-soleil-dans-le-coeur-par-une-journee-pluvieuse-de-juillet\/#primaryimage"},"image":{"@id":"https:\/\/erzaehlbistro.ch\/fr\/event\/du-soleil-dans-le-coeur-par-une-journee-pluvieuse-de-juillet\/#primaryimage"},"thumbnailUrl":"https:\/\/erzaehlbistro.ch\/wp-content\/uploads\/2021\/10\/IMG_5212-768x576-1.jpeg","datePublished":"2021-11-20T08:19:21+00:00","dateModified":"2021-11-20T08:21:09+00:00","breadcrumb":{"@id":"https:\/\/erzaehlbistro.ch\/fr\/event\/du-soleil-dans-le-coeur-par-une-journee-pluvieuse-de-juillet\/#breadcrumb"},"inLanguage":"fr-FR","potentialAction":[{"@type":"ReadAction","target":["https:\/\/erzaehlbistro.ch\/fr\/event\/du-soleil-dans-le-coeur-par-une-journee-pluvieuse-de-juillet\/"]}]},{"@type":"ImageObject","inLanguage":"fr-FR","@id":"https:\/\/erzaehlbistro.ch\/fr\/event\/du-soleil-dans-le-coeur-par-une-journee-pluvieuse-de-juillet\/#primaryimage","url":"https:\/\/erzaehlbistro.ch\/wp-content\/uploads\/2021\/10\/IMG_5212-768x576-1.jpeg","contentUrl":"https:\/\/erzaehlbistro.ch\/wp-content\/uploads\/2021\/10\/IMG_5212-768x576-1.jpeg","width":768,"height":576},{"@type":"BreadcrumbList","@id":"https:\/\/erzaehlbistro.ch\/fr\/event\/du-soleil-dans-le-coeur-par-une-journee-pluvieuse-de-juillet\/#breadcrumb","itemListElement":[{"@type":"ListItem","position":1,"name":"Home","item":"https:\/\/erzaehlbistro.ch\/fr\/"},{"@type":"ListItem","position":2,"name":"\u00c9v\u00e8nements","item":"https:\/\/erzaehlbistro.ch\/fr\/events\/"},{"@type":"ListItem","position":3,"name":"Du soleil dans le c\u0153ur par une journ\u00e9e pluvieuse de juillet"}]},{"@type":"WebSite","@id":"https:\/\/erzaehlbistro.ch\/fr\/#website","url":"https:\/\/erzaehlbistro.ch\/fr\/","name":"Erz\u00e4hlbistro","description":"Ein Begegnungsort f\u00fcr die Betroffenen f\u00fcrsorgerischer Zwangsmassnahmen","publisher":{"@id":"https:\/\/erzaehlbistro.ch\/fr\/#organization"},"potentialAction":[{"@type":"SearchAction","target":{"@type":"EntryPoint","urlTemplate":"https:\/\/erzaehlbistro.ch\/fr\/?s={search_term_string}"},"query-input":{"@type":"PropertyValueSpecification","valueRequired":true,"valueName":"search_term_string"}}],"inLanguage":"fr-FR"},{"@type":"Organization","@id":"https:\/\/erzaehlbistro.ch\/fr\/#organization","name":"Erz\u00e4hlbistro","url":"https:\/\/erzaehlbistro.ch\/fr\/","logo":{"@type":"ImageObject","inLanguage":"fr-FR","@id":"https:\/\/erzaehlbistro.ch\/fr\/#\/schema\/logo\/image\/","url":"https:\/\/erzaehlbistro.ch\/wp-content\/uploads\/2021\/10\/logo-retina.png","contentUrl":"https:\/\/erzaehlbistro.ch\/wp-content\/uploads\/2021\/10\/logo-retina.png","width":468,"height":120,"caption":"Erz\u00e4hlbistro"},"image":{"@id":"https:\/\/erzaehlbistro.ch\/fr\/#\/schema\/logo\/image\/"}}]}},"ticketed":false,"_links":{"self":[{"href":"https:\/\/erzaehlbistro.ch\/fr\/wp-json\/wp\/v2\/tribe_events\/3941"}],"collection":[{"href":"https:\/\/erzaehlbistro.ch\/fr\/wp-json\/wp\/v2\/tribe_events"}],"about":[{"href":"https:\/\/erzaehlbistro.ch\/fr\/wp-json\/wp\/v2\/types\/tribe_events"}],"author":[{"embeddable":true,"href":"https:\/\/erzaehlbistro.ch\/fr\/wp-json\/wp\/v2\/users\/4"}],"version-history":[{"count":0,"href":"https:\/\/erzaehlbistro.ch\/fr\/wp-json\/wp\/v2\/tribe_events\/3941\/revisions"}],"wp:featuredmedia":[{"embeddable":true,"href":"https:\/\/erzaehlbistro.ch\/fr\/wp-json\/wp\/v2\/media\/3670"}],"wp:attachment":[{"href":"https:\/\/erzaehlbistro.ch\/fr\/wp-json\/wp\/v2\/media?parent=3941"}],"wp:term":[{"taxonomy":"post_tag","embeddable":true,"href":"https:\/\/erzaehlbistro.ch\/fr\/wp-json\/wp\/v2\/tags?post=3941"},{"taxonomy":"tribe_events_cat","embeddable":true,"href":"https:\/\/erzaehlbistro.ch\/fr\/wp-json\/wp\/v2\/tribe_events_cat?post=3941"}],"curies":[{"name":"wp","href":"https:\/\/api.w.org\/{rel}","templated":true}]}}