{"id":3944,"date":"2021-11-20T09:30:23","date_gmt":"2021-11-20T08:30:23","guid":{"rendered":"https:\/\/erzaehlbistro.ch\/event\/wenn-der-stadtpraesident-sein-haus-oeffnet\/"},"modified":"2021-11-20T09:30:23","modified_gmt":"2021-11-20T08:30:23","slug":"wenn-der-stadtpraesident-sein-haus-oeffnet","status":"publish","type":"tribe_events","link":"https:\/\/erzaehlbistro.ch\/fr\/event\/wenn-der-stadtpraesident-sein-haus-oeffnet\/","title":{"rendered":"Wenn der Stadtpr\u00e4sident sein Haus \u00f6ffnet"},"content":{"rendered":"<p><strong>In Bern hat endlich wieder ein Erz\u00e4hlbistro stattgefunden, eine freudige Sache f\u00fcr alle. Der Anlass wurde wegen der grossen Nachfrage zweimal durchgef\u00fchrt. Besonders war die Zusammenkunft am Sonntag, weil dann der nationale Erz\u00e4hlcaf\u00e9- Tag war. Am Dienstag hat der Stadtpr\u00e4sident den \u00abErlacherhof\u00bb f\u00fcr das Erz\u00e4hlbistro ge\u00f6ffnet.<\/strong><\/p>\n<p>In der ganzen Schweiz wurden am Sonntag, 13. Juni Erz\u00e4hl-Caf\u00e9s durchgef\u00fchrt, alle zum Thema \u00abLebensereignisse\u00bb. Das Erz\u00e4hlbistro in Bern hat sich ebenfalls diesem Thema verschrieben, und so erz\u00e4hlten die Betroffenen von f\u00fcrsorgerischen Zwangsmassnahmen Geschichten, die einen traurig stimmten, aber auch zum Staunen oder auch zum Lachen brachten. Wiederum zeigte sich, wie viel Kraft viele Betroffene entwickelt haben. \u00ab\u00a0Ihr k\u00f6nnt mich nicht kaputt machen\u00a0\u00bb. Mit diesem Satz im Kopf hat ein Betroffener aus seiner schwierigen Kindheit gefunden, wurde K\u00e4ser und dann Kantonspolizist. \u00ab\u00a0Jeder von versuchte mit dem, was er hatte, das Beste zu machen\u00a0\u00bb, bilanzierte er seinen beruflichen Werdegang.<\/p>\n<p><strong>Stadtspaziergang in Bern<\/strong><\/p>\n<p>Bei sch\u00f6nstem Wetter flanierten die Gruppen durch Bern, erfuhren von der Geschichte des Bundeshauses, sie konnten die sch\u00f6nsten Brunnen und T\u00fcrme von Bern besichtigen, wobei das M\u00fcnster &#8211; mit dem h\u00f6chsten Kirchenturm Europas &#8211; besonders eindr\u00fccklich war.<\/p>\n<p>Am Dienstag endete der Stadtspaziergang im sch\u00f6nen \u00abErlacherhof\u00bb, wo der Stadtpr\u00e4sident von Bern amtet. In diesem ehrw\u00fcrdigen Geb\u00e4ude wurden die Anwesenden pers\u00f6nlich vom Spapi, Alec von Graffenried, begr\u00fcsst. Er betonte wie wichtig ihm die Menschenrechte seien, weshalb er den \u00abErlacherhof\u00bb f\u00fcr Menschen, deren Menschenrechte missachtet worden seien, gerne ge\u00f6ffnet habe. Die Anwesenden dankten es ihm mit einem langen Applaus.<\/p>\n<p><strong>Treffen wieder m\u00f6glich<\/strong><\/p>\n<p>Die Treffen in Bern und zuvor mit einer Westschweizer Gruppe in Lausanne sind Gold wert. Nach schwierigen Monaten, in denen die Corona-Situation keine Anl\u00e4sse erlaubten, sind nun unsere traditionellen Erz\u00e4hlbistros wieder m\u00f6glich. Nach und nach werden wir die Anzahl und Gr\u00f6sse der Anl\u00e4sse erh\u00f6hen, wobei die Sicherheit der Anwesenden immer im Vordergrund steht. Der n\u00e4chste Anlass findet in Z\u00fcrich statt. Die Vorfreude ist gross.<\/p>\n<p>&nbsp;<\/p>\n<div style=\"width: 640px;\" class=\"wp-video\"><!--[if lt IE 9]><script>document.createElement('video');<\/script><![endif]-->\n<video class=\"wp-video-shortcode\" id=\"video-3944-1\" width=\"640\" height=\"360\" preload=\"metadata\" controls=\"controls\"><source type=\"video\/mp4\" src=\"https:\/\/erzaehlbistro.ch\/wp-content\/uploads\/2021\/06\/Mein%20Film%207.mp4?_=1\" \/><a href=\"https:\/\/erzaehlbistro.ch\/wp-content\/uploads\/2021\/06\/Mein%20Film%207.mp4\">https:\/\/erzaehlbistro.ch\/wp-content\/uploads\/2021\/06\/Mein%20Film%207.mp4<\/a><\/video><\/div>\n<p>&nbsp;<\/p>\n<p class=\"p1\"><b>Erz\u00e4hlbistro 15.6.21 in Bern<\/b><span class=\"s1\"> <\/span><\/p>\n<p class=\"p3\">Mit \u00fcber 90zgi han i h\u00fctt z erste Mal teil gno<br \/>\ne huffe L\u00fct si cho, sicher \u00fcber 20zgi, oder eso<br \/>\nw\u00e4g mim Gh\u00f6rschade \u00fcberchumen i leider nid alles mit<span class=\"Apple-converted-space\"><br \/>\n<\/span>was s\u00f6lls, dern\u00e4be bin i jedefalls no zimlich Fit<br \/>\ni zwone Gruppe si mer em F\u00fcehrer hindena<br \/>\nsch\u00f6n vo Stazion der n\u00e4chste na ga<br \/>\nviel Erkl\u00e4rige hei mer \u00fcbercho im ganze<br \/>\nufem M\u00fcnscherplatz, un Rascht gmacht uf der Grosse Schanze<br \/>\nals uusnahm hei si \u00fcs im Erlacherhof empfange<br \/>\nm\u00e4ngs sch\u00f6ns han i dert gseh won i w\u00fcrd dranne hange<br \/>\ndusse hei mer \u00fcs i zwo Gruppe m\u00fcesse teile im Garte<br \/>\nes wird viel verzellt us ihrer Zyt, i vielne spielarte<br \/>\ni verschta leider nid allzuviel, es geyt uf kes Lied<br \/>\nuf zmal steyt hinder \u00fcs der vo Grafenried<br \/>\ngw\u00fcss e halbi Stund het \u00e4r \u00fcs sehr viel erkl\u00e4rt<br \/>\nvo d\u00e4m wunderbare Aaw\u00e4se. Das isch es w\u00e4rt<br \/>\naber es wird Zyt, si louft is scho fascht dervo<br \/>\nim Federal w\u00e4re si zw\u00e4g, ja, si warte scho<br \/>\nalso g\u00f6mer doch h\u00e4re mit l\u00e4nge Schritte<br \/>\nes isch doch sch\u00f6n weme nume eso cha zuechesitze<br \/>\nim Bundesratsst\u00fcbli hei mir \u00fcs plaziert <span class=\"Apple-converted-space\"><br \/>\n<\/span>a de W\u00e4nd si alli Bundesr\u00e4t als Fotos plaziert<br \/>\nz feine \u00c4sse het d\u00e4 sch\u00f6n Tag no abgrundet<br \/>\nbim verabschide wird viel Lob bekundet<br \/>\nf\u00fcr mi isch das e Tag gsy wies e ke zw\u00f6ite git<br \/>\nnach d\u00e4m guete \u00c4sse bin i wider Fyt<br \/>\nliebi L\u00fct, \u00f6ppis isch mir scho am H\u00e4rze gl\u00e4ge<span class=\"Apple-converted-space\"><br \/>\n<\/span>es h\u00e4rzlichs DANKE. f\u00fcr alls wett i de scho no s\u00e4ge<\/p>\n<p class=\"p3\">-16.6.21 godi Brunner<span class=\"Apple-converted-space\"> <\/span><\/p>\n<p>Vermerk: Autor, Godi Brunner<\/p>\n","protected":false},"excerpt":{"rendered":"<p>In Bern hat endlich wieder ein Erz\u00e4hlbistro stattgefunden, eine freudige Sache f\u00fcr alle.<\/p>\n","protected":false},"author":4,"featured_media":0,"template":"","meta":{"_price":"","_stock":"","_tribe_ticket_header":"","_tribe_default_ticket_provider":"","_tribe_ticket_capacity":"0","_ticket_start_date":"","_ticket_end_date":"","_tribe_ticket_show_description":"","_tribe_ticket_show_not_going":false,"_tribe_ticket_use_global_stock":"","_tribe_ticket_global_stock_level":"","_global_stock_mode":"","_global_stock_cap":"","_tribe_rsvp_for_event":"","_tribe_ticket_going_count":"","_tribe_ticket_not_going_count":"","_tribe_tickets_list":"[]","_tribe_ticket_has_attendee_info_fields":false,"_tribe_events_status":"","_tribe_events_status_reason":"","footnotes":"","_tec_slr_enabled":"","_tec_slr_layout":""},"tags":[],"tribe_events_cat":[],"yoast_head":"<!-- This site is optimized with the Yoast SEO plugin v24.4 - https:\/\/yoast.com\/wordpress\/plugins\/seo\/ -->\n<title>Wenn der Stadtpr\u00e4sident sein Haus \u00f6ffnet | Erz\u00e4hlbistro<\/title>\n<meta name=\"robots\" content=\"index, follow, max-snippet:-1, max-image-preview:large, max-video-preview:-1\" \/>\n<link rel=\"canonical\" href=\"https:\/\/erzaehlbistro.ch\/fr\/event\/wenn-der-stadtpraesident-sein-haus-oeffnet\/\" \/>\n<meta property=\"og:locale\" content=\"fr_FR\" \/>\n<meta property=\"og:type\" content=\"article\" \/>\n<meta property=\"og:title\" content=\"Wenn der Stadtpr\u00e4sident sein Haus \u00f6ffnet | Erz\u00e4hlbistro\" \/>\n<meta property=\"og:description\" content=\"In Bern hat endlich wieder ein Erz\u00e4hlbistro stattgefunden, eine freudige Sache f\u00fcr alle.\" \/>\n<meta property=\"og:url\" content=\"https:\/\/erzaehlbistro.ch\/fr\/event\/wenn-der-stadtpraesident-sein-haus-oeffnet\/\" \/>\n<meta property=\"og:site_name\" content=\"Erz\u00e4hlbistro\" \/>\n<meta name=\"twitter:card\" content=\"summary_large_image\" \/>\n<meta name=\"twitter:label1\" content=\"Dur\u00e9e de lecture estim\u00e9e\" \/>\n\t<meta name=\"twitter:data1\" content=\"3 minutes\" \/>\n<script type=\"application\/ld+json\" class=\"yoast-schema-graph\">{\"@context\":\"https:\/\/schema.org\",\"@graph\":[{\"@type\":\"WebPage\",\"@id\":\"https:\/\/erzaehlbistro.ch\/fr\/event\/wenn-der-stadtpraesident-sein-haus-oeffnet\/\",\"url\":\"https:\/\/erzaehlbistro.ch\/fr\/event\/wenn-der-stadtpraesident-sein-haus-oeffnet\/\",\"name\":\"Wenn der Stadtpr\u00e4sident sein Haus \u00f6ffnet | Erz\u00e4hlbistro\",\"isPartOf\":{\"@id\":\"https:\/\/erzaehlbistro.ch\/fr\/#website\"},\"datePublished\":\"2021-11-20T08:30:23+00:00\",\"breadcrumb\":{\"@id\":\"https:\/\/erzaehlbistro.ch\/fr\/event\/wenn-der-stadtpraesident-sein-haus-oeffnet\/#breadcrumb\"},\"inLanguage\":\"fr-FR\",\"potentialAction\":[{\"@type\":\"ReadAction\",\"target\":[\"https:\/\/erzaehlbistro.ch\/fr\/event\/wenn-der-stadtpraesident-sein-haus-oeffnet\/\"]}]},{\"@type\":\"BreadcrumbList\",\"@id\":\"https:\/\/erzaehlbistro.ch\/fr\/event\/wenn-der-stadtpraesident-sein-haus-oeffnet\/#breadcrumb\",\"itemListElement\":[{\"@type\":\"ListItem\",\"position\":1,\"name\":\"Home\",\"item\":\"https:\/\/erzaehlbistro.ch\/fr\/\"},{\"@type\":\"ListItem\",\"position\":2,\"name\":\"\u00c9v\u00e8nements\",\"item\":\"https:\/\/erzaehlbistro.ch\/fr\/events\/\"},{\"@type\":\"ListItem\",\"position\":3,\"name\":\"Wenn der Stadtpr\u00e4sident sein Haus \u00f6ffnet\"}]},{\"@type\":\"WebSite\",\"@id\":\"https:\/\/erzaehlbistro.ch\/fr\/#website\",\"url\":\"https:\/\/erzaehlbistro.ch\/fr\/\",\"name\":\"Erz\u00e4hlbistro\",\"description\":\"Ein Begegnungsort f\u00fcr die Betroffenen f\u00fcrsorgerischer Zwangsmassnahmen\",\"publisher\":{\"@id\":\"https:\/\/erzaehlbistro.ch\/fr\/#organization\"},\"potentialAction\":[{\"@type\":\"SearchAction\",\"target\":{\"@type\":\"EntryPoint\",\"urlTemplate\":\"https:\/\/erzaehlbistro.ch\/fr\/?s={search_term_string}\"},\"query-input\":{\"@type\":\"PropertyValueSpecification\",\"valueRequired\":true,\"valueName\":\"search_term_string\"}}],\"inLanguage\":\"fr-FR\"},{\"@type\":\"Organization\",\"@id\":\"https:\/\/erzaehlbistro.ch\/fr\/#organization\",\"name\":\"Erz\u00e4hlbistro\",\"url\":\"https:\/\/erzaehlbistro.ch\/fr\/\",\"logo\":{\"@type\":\"ImageObject\",\"inLanguage\":\"fr-FR\",\"@id\":\"https:\/\/erzaehlbistro.ch\/fr\/#\/schema\/logo\/image\/\",\"url\":\"https:\/\/erzaehlbistro.ch\/wp-content\/uploads\/2021\/10\/logo-retina.png\",\"contentUrl\":\"https:\/\/erzaehlbistro.ch\/wp-content\/uploads\/2021\/10\/logo-retina.png\",\"width\":468,\"height\":120,\"caption\":\"Erz\u00e4hlbistro\"},\"image\":{\"@id\":\"https:\/\/erzaehlbistro.ch\/fr\/#\/schema\/logo\/image\/\"}}]}<\/script>\n<!-- \/ Yoast SEO plugin. -->","yoast_head_json":{"title":"Wenn der Stadtpr\u00e4sident sein Haus \u00f6ffnet | Erz\u00e4hlbistro","robots":{"index":"index","follow":"follow","max-snippet":"max-snippet:-1","max-image-preview":"max-image-preview:large","max-video-preview":"max-video-preview:-1"},"canonical":"https:\/\/erzaehlbistro.ch\/fr\/event\/wenn-der-stadtpraesident-sein-haus-oeffnet\/","og_locale":"fr_FR","og_type":"article","og_title":"Wenn der Stadtpr\u00e4sident sein Haus \u00f6ffnet | Erz\u00e4hlbistro","og_description":"In Bern hat endlich wieder ein Erz\u00e4hlbistro stattgefunden, eine freudige Sache f\u00fcr alle.","og_url":"https:\/\/erzaehlbistro.ch\/fr\/event\/wenn-der-stadtpraesident-sein-haus-oeffnet\/","og_site_name":"Erz\u00e4hlbistro","twitter_card":"summary_large_image","twitter_misc":{"Dur\u00e9e de lecture estim\u00e9e":"3 minutes"},"schema":{"@context":"https:\/\/schema.org","@graph":[{"@type":"WebPage","@id":"https:\/\/erzaehlbistro.ch\/fr\/event\/wenn-der-stadtpraesident-sein-haus-oeffnet\/","url":"https:\/\/erzaehlbistro.ch\/fr\/event\/wenn-der-stadtpraesident-sein-haus-oeffnet\/","name":"Wenn der Stadtpr\u00e4sident sein Haus \u00f6ffnet | Erz\u00e4hlbistro","isPartOf":{"@id":"https:\/\/erzaehlbistro.ch\/fr\/#website"},"datePublished":"2021-11-20T08:30:23+00:00","breadcrumb":{"@id":"https:\/\/erzaehlbistro.ch\/fr\/event\/wenn-der-stadtpraesident-sein-haus-oeffnet\/#breadcrumb"},"inLanguage":"fr-FR","potentialAction":[{"@type":"ReadAction","target":["https:\/\/erzaehlbistro.ch\/fr\/event\/wenn-der-stadtpraesident-sein-haus-oeffnet\/"]}]},{"@type":"BreadcrumbList","@id":"https:\/\/erzaehlbistro.ch\/fr\/event\/wenn-der-stadtpraesident-sein-haus-oeffnet\/#breadcrumb","itemListElement":[{"@type":"ListItem","position":1,"name":"Home","item":"https:\/\/erzaehlbistro.ch\/fr\/"},{"@type":"ListItem","position":2,"name":"\u00c9v\u00e8nements","item":"https:\/\/erzaehlbistro.ch\/fr\/events\/"},{"@type":"ListItem","position":3,"name":"Wenn der Stadtpr\u00e4sident sein Haus \u00f6ffnet"}]},{"@type":"WebSite","@id":"https:\/\/erzaehlbistro.ch\/fr\/#website","url":"https:\/\/erzaehlbistro.ch\/fr\/","name":"Erz\u00e4hlbistro","description":"Ein Begegnungsort f\u00fcr die Betroffenen f\u00fcrsorgerischer Zwangsmassnahmen","publisher":{"@id":"https:\/\/erzaehlbistro.ch\/fr\/#organization"},"potentialAction":[{"@type":"SearchAction","target":{"@type":"EntryPoint","urlTemplate":"https:\/\/erzaehlbistro.ch\/fr\/?s={search_term_string}"},"query-input":{"@type":"PropertyValueSpecification","valueRequired":true,"valueName":"search_term_string"}}],"inLanguage":"fr-FR"},{"@type":"Organization","@id":"https:\/\/erzaehlbistro.ch\/fr\/#organization","name":"Erz\u00e4hlbistro","url":"https:\/\/erzaehlbistro.ch\/fr\/","logo":{"@type":"ImageObject","inLanguage":"fr-FR","@id":"https:\/\/erzaehlbistro.ch\/fr\/#\/schema\/logo\/image\/","url":"https:\/\/erzaehlbistro.ch\/wp-content\/uploads\/2021\/10\/logo-retina.png","contentUrl":"https:\/\/erzaehlbistro.ch\/wp-content\/uploads\/2021\/10\/logo-retina.png","width":468,"height":120,"caption":"Erz\u00e4hlbistro"},"image":{"@id":"https:\/\/erzaehlbistro.ch\/fr\/#\/schema\/logo\/image\/"}}]}},"ticketed":false,"_links":{"self":[{"href":"https:\/\/erzaehlbistro.ch\/fr\/wp-json\/wp\/v2\/tribe_events\/3944"}],"collection":[{"href":"https:\/\/erzaehlbistro.ch\/fr\/wp-json\/wp\/v2\/tribe_events"}],"about":[{"href":"https:\/\/erzaehlbistro.ch\/fr\/wp-json\/wp\/v2\/types\/tribe_events"}],"author":[{"embeddable":true,"href":"https:\/\/erzaehlbistro.ch\/fr\/wp-json\/wp\/v2\/users\/4"}],"version-history":[{"count":0,"href":"https:\/\/erzaehlbistro.ch\/fr\/wp-json\/wp\/v2\/tribe_events\/3944\/revisions"}],"wp:attachment":[{"href":"https:\/\/erzaehlbistro.ch\/fr\/wp-json\/wp\/v2\/media?parent=3944"}],"wp:term":[{"taxonomy":"post_tag","embeddable":true,"href":"https:\/\/erzaehlbistro.ch\/fr\/wp-json\/wp\/v2\/tags?post=3944"},{"taxonomy":"tribe_events_cat","embeddable":true,"href":"https:\/\/erzaehlbistro.ch\/fr\/wp-json\/wp\/v2\/tribe_events_cat?post=3944"}],"curies":[{"name":"wp","href":"https:\/\/api.w.org\/{rel}","templated":true}]}}