{"id":3949,"date":"2021-11-20T09:32:47","date_gmt":"2021-11-20T08:32:47","guid":{"rendered":"https:\/\/erzaehlbistro.ch\/event\/erzaehlbistro-in-st-gallen-wie-hast-dus-mit-dem-glauben\/"},"modified":"2021-11-21T05:25:48","modified_gmt":"2021-11-21T04:25:48","slug":"erzaehlbistro-in-st-gallen-wie-hast-dus-mit-dem-glauben","status":"publish","type":"tribe_events","link":"https:\/\/erzaehlbistro.ch\/fr\/event\/erzaehlbistro-in-st-gallen-wie-hast-dus-mit-dem-glauben\/","title":{"rendered":"Bistrot d\u2019\u00e9change \u00e0 Saint- Gall \u2013 quelle est votre foi ?"},"content":{"rendered":"<p class=\"p2\"><b>Un moine itin\u00e9rant a donn\u00e9 son nom \u00e0 la ville de Saint- Gall. Aussi les participants du Bistrot d\u2019\u00e9change ont-ils d\u00e9couvert la m\u00e9tropole de la Suisse orientale \u2013 \u00e0 pied, lors d\u2019une promenade en ville. Lors du caf\u00e9-r\u00e9cits qui a suivi, il y a eu beaucoup de discussions sur le sujet de la \u00ab\u00a0foi\u00a0\u00bb.<\/b><\/p>\n<p><img decoding=\"async\" class=\"lazyload alignnone wp-image-2079\" src=\"data:image\/svg+xml,%3Csvg%20xmlns%3D%27http%3A%2F%2Fwww.w3.org%2F2000%2Fsvg%27%20width%3D%27561%27%20height%3D%27421%27%20viewBox%3D%270%200%20561%20421%27%3E%3Crect%20width%3D%27561%27%20height%3D%27421%27%20fill-opacity%3D%220%22%2F%3E%3C%2Fsvg%3E\" data-orig-src=\"https:\/\/erzaehlbistro.ch\/wp-content\/uploads\/2020\/10\/IMG_3931-1-scaled.jpg\" alt=\"\" width=\"561\" height=\"421\" \/><\/p>\n<p><span style=\"font-weight: 400;\">Cette ville avec sa coll\u00e9giale et sa biblioth\u00e8que, inscrite au patrimoine mondial de l\u2019UNESCO, est magnifique. Surtout lorsque le soleil brille et que les b\u00e2timents sont bien \u00e9clair\u00e9s, comme lors de ce Bistrot d\u2019\u00e9change d\u00e9but octobre.<\/span><span style=\"font-weight: 400;\"><br \/>\n<\/span><\/p>\n<p><span style=\"font-weight: 400;\">La splendeur des \u00e9difices religieux a alors donn\u00e9 beaucoup \u00e0 parler dans le groupe. Certaines des personnes concern\u00e9es ont parl\u00e9 de leur relation difficile avec l\u2019\u00e9glise. Car derri\u00e8re les hauts murs, sous les \u00ab\u00a0soins\u00a0\u00bb de l\u2019\u00e9glise, de nombreux enfants ont connu les plus grandes souffrances. Si certains ont, pour cette raison, compl\u00e8tement perdu la foi dans l\u2019institution, d\u2019autres ont retrouv\u00e9 un soutien dans la spiritualit\u00e9 ou dans leur propre relation avec Dieu. Aussi diff\u00e9rents que soient les points de vue, la discussion touchante entre les uns et les autres a \u00e9t\u00e9 marqu\u00e9e par un grand respect et une grande compr\u00e9hension.<\/span><span style=\"font-weight: 400;\"><br \/>\n<\/span><\/p>\n<p><span style=\"font-weight: 400;\">L\u2019\u00e9change anim\u00e9 s\u2019est poursuivi lors du repas en commun. L\u2019ambiance \u00e9tait toujours joyeuse. Le Bistrot d\u2019\u00e9change a encore \u00e9t\u00e9 le th\u00e9\u00e2tre d\u2019une heureuse co\u00efncidence : \u00e0 Saint-Gall, deux personnes qui avaient \u00e9t\u00e9 plac\u00e9es dans le m\u00eame foyer, quand elles \u00e9taient enfants, se sont retrouv\u00e9es. Elles ont renou\u00e9 ensemble et gard\u00e9 le contact.\u00a0 De nouvelles connaissances et amiti\u00e9s se forment au Bistrot d\u2019\u00e9change.<\/span><\/p>\n<p><span style=\"font-weight: 400;\">Voici une vid\u00e9o du Bistrot d\u2019\u00e9change \u00e0 Saint-Gall\u00a0:<\/span><\/p>\n<p>&nbsp;<\/p>\n<div style=\"width: 640px;\" class=\"wp-video\"><!--[if lt IE 9]><script>document.createElement('video');<\/script><![endif]-->\n<video class=\"wp-video-shortcode\" id=\"video-3949-1\" width=\"640\" height=\"360\" preload=\"metadata\" controls=\"controls\"><source type=\"video\/mp4\" src=\"https:\/\/erzaehlbistro.ch\/wp-content\/uploads\/2020\/10\/Mein-Film-4-1-2.mp4?_=1\" \/><a href=\"https:\/\/erzaehlbistro.ch\/wp-content\/uploads\/2020\/10\/Mein-Film-4-1-2.mp4\">https:\/\/erzaehlbistro.ch\/wp-content\/uploads\/2020\/10\/Mein-Film-4-1-2.mp4<\/a><\/video><\/div>\n","protected":false},"excerpt":{"rendered":"<p>Un moine itin\u00e9rant a donn\u00e9 son nom \u00e0 la ville de Saint- Gall.<\/p>\n","protected":false},"author":4,"featured_media":0,"template":"","meta":{"_price":"","_stock":"","_tribe_ticket_header":"","_tribe_default_ticket_provider":"","_tribe_ticket_capacity":"0","_ticket_start_date":"","_ticket_end_date":"","_tribe_ticket_show_description":"","_tribe_ticket_show_not_going":false,"_tribe_ticket_use_global_stock":"","_tribe_ticket_global_stock_level":"","_global_stock_mode":"","_global_stock_cap":"","_tribe_rsvp_for_event":"","_tribe_ticket_going_count":"","_tribe_ticket_not_going_count":"","_tribe_tickets_list":"[]","_tribe_ticket_has_attendee_info_fields":false,"_tribe_events_status":"","_tribe_events_status_reason":"","footnotes":"","_tec_slr_enabled":"","_tec_slr_layout":""},"tags":[],"tribe_events_cat":[],"yoast_head":"<!-- This site is optimized with the Yoast SEO plugin v24.4 - https:\/\/yoast.com\/wordpress\/plugins\/seo\/ -->\n<title>Bistrot d\u2019\u00e9change \u00e0 Saint- Gall \u2013 quelle est votre foi ? | Erz\u00e4hlbistro<\/title>\n<meta name=\"robots\" content=\"index, follow, max-snippet:-1, max-image-preview:large, max-video-preview:-1\" \/>\n<link rel=\"canonical\" href=\"https:\/\/erzaehlbistro.ch\/fr\/event\/erzaehlbistro-in-st-gallen-wie-hast-dus-mit-dem-glauben\/\" \/>\n<meta property=\"og:locale\" content=\"fr_FR\" \/>\n<meta property=\"og:type\" content=\"article\" \/>\n<meta property=\"og:title\" content=\"Bistrot d\u2019\u00e9change \u00e0 Saint- Gall \u2013 quelle est votre foi ? | Erz\u00e4hlbistro\" \/>\n<meta property=\"og:description\" content=\"Un moine itin\u00e9rant a donn\u00e9 son nom \u00e0 la ville de Saint- Gall.\" \/>\n<meta property=\"og:url\" content=\"https:\/\/erzaehlbistro.ch\/fr\/event\/erzaehlbistro-in-st-gallen-wie-hast-dus-mit-dem-glauben\/\" \/>\n<meta property=\"og:site_name\" content=\"Erz\u00e4hlbistro\" \/>\n<meta property=\"article:modified_time\" content=\"2021-11-21T04:25:48+00:00\" \/>\n<meta property=\"og:image\" content=\"https:\/\/erzaehlbistro.ch\/wp-content\/uploads\/2020\/10\/IMG_3931-1-scaled.jpg\" \/>\n<meta name=\"twitter:card\" content=\"summary_large_image\" \/>\n<meta name=\"twitter:label1\" content=\"Dur\u00e9e de lecture estim\u00e9e\" \/>\n\t<meta name=\"twitter:data1\" content=\"2 minutes\" \/>\n<script type=\"application\/ld+json\" class=\"yoast-schema-graph\">{\"@context\":\"https:\/\/schema.org\",\"@graph\":[{\"@type\":\"WebPage\",\"@id\":\"https:\/\/erzaehlbistro.ch\/fr\/event\/erzaehlbistro-in-st-gallen-wie-hast-dus-mit-dem-glauben\/\",\"url\":\"https:\/\/erzaehlbistro.ch\/fr\/event\/erzaehlbistro-in-st-gallen-wie-hast-dus-mit-dem-glauben\/\",\"name\":\"Bistrot d\u2019\u00e9change \u00e0 Saint- Gall \u2013 quelle est votre foi ? | Erz\u00e4hlbistro\",\"isPartOf\":{\"@id\":\"https:\/\/erzaehlbistro.ch\/fr\/#website\"},\"primaryImageOfPage\":{\"@id\":\"https:\/\/erzaehlbistro.ch\/fr\/event\/erzaehlbistro-in-st-gallen-wie-hast-dus-mit-dem-glauben\/#primaryimage\"},\"image\":{\"@id\":\"https:\/\/erzaehlbistro.ch\/fr\/event\/erzaehlbistro-in-st-gallen-wie-hast-dus-mit-dem-glauben\/#primaryimage\"},\"thumbnailUrl\":\"https:\/\/erzaehlbistro.ch\/wp-content\/uploads\/2020\/10\/IMG_3931-1-scaled.jpg\",\"datePublished\":\"2021-11-20T08:32:47+00:00\",\"dateModified\":\"2021-11-21T04:25:48+00:00\",\"breadcrumb\":{\"@id\":\"https:\/\/erzaehlbistro.ch\/fr\/event\/erzaehlbistro-in-st-gallen-wie-hast-dus-mit-dem-glauben\/#breadcrumb\"},\"inLanguage\":\"fr-FR\",\"potentialAction\":[{\"@type\":\"ReadAction\",\"target\":[\"https:\/\/erzaehlbistro.ch\/fr\/event\/erzaehlbistro-in-st-gallen-wie-hast-dus-mit-dem-glauben\/\"]}]},{\"@type\":\"ImageObject\",\"inLanguage\":\"fr-FR\",\"@id\":\"https:\/\/erzaehlbistro.ch\/fr\/event\/erzaehlbistro-in-st-gallen-wie-hast-dus-mit-dem-glauben\/#primaryimage\",\"url\":\"https:\/\/erzaehlbistro.ch\/wp-content\/uploads\/2020\/10\/IMG_3931-1-scaled.jpg\",\"contentUrl\":\"https:\/\/erzaehlbistro.ch\/wp-content\/uploads\/2020\/10\/IMG_3931-1-scaled.jpg\"},{\"@type\":\"BreadcrumbList\",\"@id\":\"https:\/\/erzaehlbistro.ch\/fr\/event\/erzaehlbistro-in-st-gallen-wie-hast-dus-mit-dem-glauben\/#breadcrumb\",\"itemListElement\":[{\"@type\":\"ListItem\",\"position\":1,\"name\":\"Home\",\"item\":\"https:\/\/erzaehlbistro.ch\/fr\/\"},{\"@type\":\"ListItem\",\"position\":2,\"name\":\"\u00c9v\u00e8nements\",\"item\":\"https:\/\/erzaehlbistro.ch\/fr\/events\/\"},{\"@type\":\"ListItem\",\"position\":3,\"name\":\"Bistrot d\u2019\u00e9change \u00e0 Saint- Gall \u2013 quelle est votre foi ?\"}]},{\"@type\":\"WebSite\",\"@id\":\"https:\/\/erzaehlbistro.ch\/fr\/#website\",\"url\":\"https:\/\/erzaehlbistro.ch\/fr\/\",\"name\":\"Erz\u00e4hlbistro\",\"description\":\"Ein Begegnungsort f\u00fcr die Betroffenen f\u00fcrsorgerischer Zwangsmassnahmen\",\"publisher\":{\"@id\":\"https:\/\/erzaehlbistro.ch\/fr\/#organization\"},\"potentialAction\":[{\"@type\":\"SearchAction\",\"target\":{\"@type\":\"EntryPoint\",\"urlTemplate\":\"https:\/\/erzaehlbistro.ch\/fr\/?s={search_term_string}\"},\"query-input\":{\"@type\":\"PropertyValueSpecification\",\"valueRequired\":true,\"valueName\":\"search_term_string\"}}],\"inLanguage\":\"fr-FR\"},{\"@type\":\"Organization\",\"@id\":\"https:\/\/erzaehlbistro.ch\/fr\/#organization\",\"name\":\"Erz\u00e4hlbistro\",\"url\":\"https:\/\/erzaehlbistro.ch\/fr\/\",\"logo\":{\"@type\":\"ImageObject\",\"inLanguage\":\"fr-FR\",\"@id\":\"https:\/\/erzaehlbistro.ch\/fr\/#\/schema\/logo\/image\/\",\"url\":\"https:\/\/erzaehlbistro.ch\/wp-content\/uploads\/2021\/10\/logo-retina.png\",\"contentUrl\":\"https:\/\/erzaehlbistro.ch\/wp-content\/uploads\/2021\/10\/logo-retina.png\",\"width\":468,\"height\":120,\"caption\":\"Erz\u00e4hlbistro\"},\"image\":{\"@id\":\"https:\/\/erzaehlbistro.ch\/fr\/#\/schema\/logo\/image\/\"}}]}<\/script>\n<!-- \/ Yoast SEO plugin. -->","yoast_head_json":{"title":"Bistrot d\u2019\u00e9change \u00e0 Saint- Gall \u2013 quelle est votre foi ? | Erz\u00e4hlbistro","robots":{"index":"index","follow":"follow","max-snippet":"max-snippet:-1","max-image-preview":"max-image-preview:large","max-video-preview":"max-video-preview:-1"},"canonical":"https:\/\/erzaehlbistro.ch\/fr\/event\/erzaehlbistro-in-st-gallen-wie-hast-dus-mit-dem-glauben\/","og_locale":"fr_FR","og_type":"article","og_title":"Bistrot d\u2019\u00e9change \u00e0 Saint- Gall \u2013 quelle est votre foi ? | Erz\u00e4hlbistro","og_description":"Un moine itin\u00e9rant a donn\u00e9 son nom \u00e0 la ville de Saint- Gall.","og_url":"https:\/\/erzaehlbistro.ch\/fr\/event\/erzaehlbistro-in-st-gallen-wie-hast-dus-mit-dem-glauben\/","og_site_name":"Erz\u00e4hlbistro","article_modified_time":"2021-11-21T04:25:48+00:00","og_image":[{"url":"https:\/\/erzaehlbistro.ch\/wp-content\/uploads\/2020\/10\/IMG_3931-1-scaled.jpg","type":"","width":"","height":""}],"twitter_card":"summary_large_image","twitter_misc":{"Dur\u00e9e de lecture estim\u00e9e":"2 minutes"},"schema":{"@context":"https:\/\/schema.org","@graph":[{"@type":"WebPage","@id":"https:\/\/erzaehlbistro.ch\/fr\/event\/erzaehlbistro-in-st-gallen-wie-hast-dus-mit-dem-glauben\/","url":"https:\/\/erzaehlbistro.ch\/fr\/event\/erzaehlbistro-in-st-gallen-wie-hast-dus-mit-dem-glauben\/","name":"Bistrot d\u2019\u00e9change \u00e0 Saint- Gall \u2013 quelle est votre foi ? | Erz\u00e4hlbistro","isPartOf":{"@id":"https:\/\/erzaehlbistro.ch\/fr\/#website"},"primaryImageOfPage":{"@id":"https:\/\/erzaehlbistro.ch\/fr\/event\/erzaehlbistro-in-st-gallen-wie-hast-dus-mit-dem-glauben\/#primaryimage"},"image":{"@id":"https:\/\/erzaehlbistro.ch\/fr\/event\/erzaehlbistro-in-st-gallen-wie-hast-dus-mit-dem-glauben\/#primaryimage"},"thumbnailUrl":"https:\/\/erzaehlbistro.ch\/wp-content\/uploads\/2020\/10\/IMG_3931-1-scaled.jpg","datePublished":"2021-11-20T08:32:47+00:00","dateModified":"2021-11-21T04:25:48+00:00","breadcrumb":{"@id":"https:\/\/erzaehlbistro.ch\/fr\/event\/erzaehlbistro-in-st-gallen-wie-hast-dus-mit-dem-glauben\/#breadcrumb"},"inLanguage":"fr-FR","potentialAction":[{"@type":"ReadAction","target":["https:\/\/erzaehlbistro.ch\/fr\/event\/erzaehlbistro-in-st-gallen-wie-hast-dus-mit-dem-glauben\/"]}]},{"@type":"ImageObject","inLanguage":"fr-FR","@id":"https:\/\/erzaehlbistro.ch\/fr\/event\/erzaehlbistro-in-st-gallen-wie-hast-dus-mit-dem-glauben\/#primaryimage","url":"https:\/\/erzaehlbistro.ch\/wp-content\/uploads\/2020\/10\/IMG_3931-1-scaled.jpg","contentUrl":"https:\/\/erzaehlbistro.ch\/wp-content\/uploads\/2020\/10\/IMG_3931-1-scaled.jpg"},{"@type":"BreadcrumbList","@id":"https:\/\/erzaehlbistro.ch\/fr\/event\/erzaehlbistro-in-st-gallen-wie-hast-dus-mit-dem-glauben\/#breadcrumb","itemListElement":[{"@type":"ListItem","position":1,"name":"Home","item":"https:\/\/erzaehlbistro.ch\/fr\/"},{"@type":"ListItem","position":2,"name":"\u00c9v\u00e8nements","item":"https:\/\/erzaehlbistro.ch\/fr\/events\/"},{"@type":"ListItem","position":3,"name":"Bistrot d\u2019\u00e9change \u00e0 Saint- Gall \u2013 quelle est votre foi ?"}]},{"@type":"WebSite","@id":"https:\/\/erzaehlbistro.ch\/fr\/#website","url":"https:\/\/erzaehlbistro.ch\/fr\/","name":"Erz\u00e4hlbistro","description":"Ein Begegnungsort f\u00fcr die Betroffenen f\u00fcrsorgerischer Zwangsmassnahmen","publisher":{"@id":"https:\/\/erzaehlbistro.ch\/fr\/#organization"},"potentialAction":[{"@type":"SearchAction","target":{"@type":"EntryPoint","urlTemplate":"https:\/\/erzaehlbistro.ch\/fr\/?s={search_term_string}"},"query-input":{"@type":"PropertyValueSpecification","valueRequired":true,"valueName":"search_term_string"}}],"inLanguage":"fr-FR"},{"@type":"Organization","@id":"https:\/\/erzaehlbistro.ch\/fr\/#organization","name":"Erz\u00e4hlbistro","url":"https:\/\/erzaehlbistro.ch\/fr\/","logo":{"@type":"ImageObject","inLanguage":"fr-FR","@id":"https:\/\/erzaehlbistro.ch\/fr\/#\/schema\/logo\/image\/","url":"https:\/\/erzaehlbistro.ch\/wp-content\/uploads\/2021\/10\/logo-retina.png","contentUrl":"https:\/\/erzaehlbistro.ch\/wp-content\/uploads\/2021\/10\/logo-retina.png","width":468,"height":120,"caption":"Erz\u00e4hlbistro"},"image":{"@id":"https:\/\/erzaehlbistro.ch\/fr\/#\/schema\/logo\/image\/"}}]}},"ticketed":false,"_links":{"self":[{"href":"https:\/\/erzaehlbistro.ch\/fr\/wp-json\/wp\/v2\/tribe_events\/3949"}],"collection":[{"href":"https:\/\/erzaehlbistro.ch\/fr\/wp-json\/wp\/v2\/tribe_events"}],"about":[{"href":"https:\/\/erzaehlbistro.ch\/fr\/wp-json\/wp\/v2\/types\/tribe_events"}],"author":[{"embeddable":true,"href":"https:\/\/erzaehlbistro.ch\/fr\/wp-json\/wp\/v2\/users\/4"}],"version-history":[{"count":0,"href":"https:\/\/erzaehlbistro.ch\/fr\/wp-json\/wp\/v2\/tribe_events\/3949\/revisions"}],"wp:attachment":[{"href":"https:\/\/erzaehlbistro.ch\/fr\/wp-json\/wp\/v2\/media?parent=3949"}],"wp:term":[{"taxonomy":"post_tag","embeddable":true,"href":"https:\/\/erzaehlbistro.ch\/fr\/wp-json\/wp\/v2\/tags?post=3949"},{"taxonomy":"tribe_events_cat","embeddable":true,"href":"https:\/\/erzaehlbistro.ch\/fr\/wp-json\/wp\/v2\/tribe_events_cat?post=3949"}],"curies":[{"name":"wp","href":"https:\/\/api.w.org\/{rel}","templated":true}]}}