{"id":3956,"date":"2021-11-20T09:36:17","date_gmt":"2021-11-20T08:36:17","guid":{"rendered":"https:\/\/erzaehlbistro.ch\/event\/sommerfest-2019-gute-stimmung-gute-gespraeche-und-gutes-essen\/"},"modified":"2021-11-20T09:36:17","modified_gmt":"2021-11-20T08:36:17","slug":"sommerfest-2019-gute-stimmung-gute-gespraeche-und-gutes-essen","status":"publish","type":"tribe_events","link":"https:\/\/erzaehlbistro.ch\/fr\/event\/sommerfest-2019-gute-stimmung-gute-gespraeche-und-gutes-essen\/","title":{"rendered":"Sommerfest 2019 \u2013 gute Stimmung, gute Gespr\u00e4che und gutes Essen"},"content":{"rendered":"<p>Zum traditionellen Sommerfest in M\u00fcmliswil sind gut 250 Personen zusammengekommen. Die Betroffenen von f\u00fcrsorgerischen Zwangsmassnahmen reisten aus der ganzen Schweiz an. Dabei stand bei den Reden die Frage im Zentrum, wie die Aufarbeitung der Geschichte weitergef\u00fchrt werden kann \u2013 in der Gesellschaft aber auch bei den Betroffenen selber.<\/p>\n<p><img decoding=\"async\" class=\"lazyload alignnone size-full wp-image-915\" src=\"data:image\/svg+xml,%3Csvg%20xmlns%3D%27http%3A%2F%2Fwww.w3.org%2F2000%2Fsvg%27%20width%3D%274032%27%20height%3D%273024%27%20viewBox%3D%270%200%204032%203024%27%3E%3Crect%20width%3D%274032%27%20height%3D%273024%27%20fill-opacity%3D%220%22%2F%3E%3C%2Fsvg%3E\" data-orig-src=\"https:\/\/erzaehlbistro.ch\/wp-content\/uploads\/2019\/08\/file1-13.jpeg\" alt=\"\" width=\"4032\" height=\"3024\"><\/p>\n<p>Bei ausgelassener Stimmung haben die Betroffenen von f\u00fcrsorgerischen Zwangsmassnahmen und Fremdplatzierungen den traditionellen Sommeranlass in M\u00fcmliswil gefeiert. Der \u00abBuurezmorge\u00bb und das \u00abTrio Bodenst\u00e4ndig\u00bb boten den gem\u00fctlichen Rahmen des Sommerfestes, zu dem die Guido Fluri Stiftung und das Selbsthilfeprojekt \u00abErz\u00e4hlbistro\u00bb geladen hatten.<\/p>\n<p>Die Mehrzahl der Betroffenen, die f\u00fcr das Sommerfest in den Kanton Solothurn kamen, haben vom Bund bereits die Best\u00e4tigung erhalten, dass ihr Gesuch f\u00fcr einen Solidarit\u00e4tsbeitrag bewilligt worden sei. Guido Fluri, der Urheber der Wiedergutmachungsinitiative, betonte dazu in seiner Rede, dass zwar kein Geld der Welt das begangene Unrecht ungeschehen mache k\u00f6nne. Dennoch sei der Beitrag ein wichtiges Zeichen: \u00abDer Solidarit\u00e4tsbeitrag ist die \u00f6ffentliche Anerkennung, dass den Opfern Unrecht angetan wurde.\u00bb Damit zeigten Staat und Gesellschaft, dass sie ein St\u00fcck Gerechtigkeit wiederherstellen wollten. Doch damit sei es noch nicht getan, so Fluri gegen\u00fcber den Anwesenden: \u00abDie Bem\u00fchungen der Gesellschaft um eine echte Aufarbeitung der Geschichte muss weiter gehen. Es braucht die umfassende wissenschaftliche Aufarbeitung, damit das Unrecht, das fr\u00fcher passiert ist, heute und morgen nicht mehr passieren kann.\u00bb<\/p>\n<p><img decoding=\"async\" class=\"lazyload alignnone size-full wp-image-917\" src=\"data:image\/svg+xml,%3Csvg%20xmlns%3D%27http%3A%2F%2Fwww.w3.org%2F2000%2Fsvg%27%20width%3D%273024%27%20height%3D%274032%27%20viewBox%3D%270%200%203024%204032%27%3E%3Crect%20width%3D%273024%27%20height%3D%274032%27%20fill-opacity%3D%220%22%2F%3E%3C%2Fsvg%3E\" data-orig-src=\"https:\/\/erzaehlbistro.ch\/wp-content\/uploads\/2019\/08\/file-41-e1564911717542.jpeg\" alt=\"\" width=\"3024\" height=\"4032\"><\/p>\n<p>Nebst Diskussionen rund um die allgemeine Aufarbeitung der f\u00fcrsorgerischen Zwangsmassnahmen, drehten sich viele Gespr\u00e4che bei den Betroffenen um die Frage, wie man heute mit der eigenen Geschichte umgeht und wie man diese verarbeiten kann. Eine M\u00f6glichkeit, wie dies geschehen kann, zeigte sich in M\u00fcmliswil sinnbildlich in der riesigen Installation des K\u00fcnstlers Franz Gehrig, selber ein Betroffener. 60 einzelne Bilder f\u00fcgten sich zu einem grossen Ganzen zusammen. Wie Urs Allemann, Initiant des \u00abErz\u00e4hlbistro\u00bb in seiner Rede ausf\u00fchrte, geht es im Werk Gehrigs um einen sehr pers\u00f6nlichen Umgang mit der Geschichte: \u00abMan k\u00f6nnte darin eine Wand, eine Mauer sehen. Aber das Harte ist in Farbe verwandelt. Es ist eine durchl\u00e4ssige Wand. Franz Gehrig spricht von einer Br\u00fccke. Diese Br\u00fccke f\u00fchrt zu Geborgenheit, zu Heimat und Schutz. Jeder Mensch hat in sich eine Sehnsucht nach Geborgenheit und Heimat, nach W\u00fcrde und Kreativit\u00e4t.\u00bb Diese angesprochene Kreativit\u00e4t zeigte sich auch bei der Ausstellung mit Bildern und Kunstobjekten, welche Betroffene selber gemalt und gestaltet hatten. Daneben besuchten die G\u00e4ste die Nationale Gedenkst\u00e4tte f\u00fcr Heim- und Verdingkinder, welche ebenfalls in M\u00fcmliswil gelegen ist.<\/p>\n<p><img decoding=\"async\" class=\"lazyload alignnone size-full wp-image-916\" src=\"data:image\/svg+xml,%3Csvg%20xmlns%3D%27http%3A%2F%2Fwww.w3.org%2F2000%2Fsvg%27%20width%3D%274032%27%20height%3D%273024%27%20viewBox%3D%270%200%204032%203024%27%3E%3Crect%20width%3D%274032%27%20height%3D%273024%27%20fill-opacity%3D%220%22%2F%3E%3C%2Fsvg%3E\" data-orig-src=\"https:\/\/erzaehlbistro.ch\/wp-content\/uploads\/2019\/08\/file3-2.jpeg\" alt=\"\" width=\"4032\" height=\"3024\"><\/p>\n<p>Das Sommerfest 2019 war ein voller Erfolg. Der n\u00e4chste Anlass des \u00abErz\u00e4hlbistro\u00bb findet f\u00fcr die Westschweizer Betroffenen nach den Sommerferien statt. Am 22. August treffen sie sich in Fribourg. Informationen folgen. Der n\u00e4chste Anlass f\u00fcr die Deutschschweizerinnen und Deutschschweizer wird f\u00fcr den Herbst im Raum Z\u00fcrich organisiert<\/p>\n","protected":false},"excerpt":{"rendered":"<p>Zum traditionellen Sommerfest in M\u00fcmliswil sind gut 250 Personen&#8230;<\/p>\n","protected":false},"author":4,"featured_media":0,"template":"","meta":{"_price":"","_stock":"","_tribe_ticket_header":"","_tribe_default_ticket_provider":"","_tribe_ticket_capacity":"0","_ticket_start_date":"","_ticket_end_date":"","_tribe_ticket_show_description":"","_tribe_ticket_show_not_going":false,"_tribe_ticket_use_global_stock":"","_tribe_ticket_global_stock_level":"","_global_stock_mode":"","_global_stock_cap":"","_tribe_rsvp_for_event":"","_tribe_ticket_going_count":"","_tribe_ticket_not_going_count":"","_tribe_tickets_list":"[]","_tribe_ticket_has_attendee_info_fields":false,"_tribe_events_status":"","_tribe_events_status_reason":"","footnotes":"","_tec_slr_enabled":"","_tec_slr_layout":""},"tags":[],"tribe_events_cat":[],"yoast_head":"<!-- This site is optimized with the Yoast SEO plugin v24.4 - https:\/\/yoast.com\/wordpress\/plugins\/seo\/ -->\n<title>Sommerfest 2019 \u2013 gute Stimmung, gute Gespr\u00e4che und gutes Essen | Erz\u00e4hlbistro<\/title>\n<meta name=\"robots\" content=\"index, follow, max-snippet:-1, max-image-preview:large, max-video-preview:-1\" \/>\n<link rel=\"canonical\" href=\"https:\/\/erzaehlbistro.ch\/fr\/event\/sommerfest-2019-gute-stimmung-gute-gespraeche-und-gutes-essen\/\" \/>\n<meta property=\"og:locale\" content=\"fr_FR\" \/>\n<meta property=\"og:type\" content=\"article\" \/>\n<meta property=\"og:title\" content=\"Sommerfest 2019 \u2013 gute Stimmung, gute Gespr\u00e4che und gutes Essen | Erz\u00e4hlbistro\" \/>\n<meta property=\"og:description\" content=\"Zum traditionellen Sommerfest in M\u00fcmliswil sind gut 250 Personen...\" \/>\n<meta property=\"og:url\" content=\"https:\/\/erzaehlbistro.ch\/fr\/event\/sommerfest-2019-gute-stimmung-gute-gespraeche-und-gutes-essen\/\" \/>\n<meta property=\"og:site_name\" content=\"Erz\u00e4hlbistro\" \/>\n<meta property=\"og:image\" content=\"https:\/\/erzaehlbistro.ch\/wp-content\/uploads\/2019\/08\/file1-13.jpeg\" \/>\n<meta name=\"twitter:card\" content=\"summary_large_image\" \/>\n<meta name=\"twitter:label1\" content=\"Dur\u00e9e de lecture estim\u00e9e\" \/>\n\t<meta name=\"twitter:data1\" content=\"2 minutes\" \/>\n<script type=\"application\/ld+json\" class=\"yoast-schema-graph\">{\"@context\":\"https:\/\/schema.org\",\"@graph\":[{\"@type\":\"WebPage\",\"@id\":\"https:\/\/erzaehlbistro.ch\/fr\/event\/sommerfest-2019-gute-stimmung-gute-gespraeche-und-gutes-essen\/\",\"url\":\"https:\/\/erzaehlbistro.ch\/fr\/event\/sommerfest-2019-gute-stimmung-gute-gespraeche-und-gutes-essen\/\",\"name\":\"Sommerfest 2019 \u2013 gute Stimmung, gute Gespr\u00e4che und gutes Essen | Erz\u00e4hlbistro\",\"isPartOf\":{\"@id\":\"https:\/\/erzaehlbistro.ch\/fr\/#website\"},\"primaryImageOfPage\":{\"@id\":\"https:\/\/erzaehlbistro.ch\/fr\/event\/sommerfest-2019-gute-stimmung-gute-gespraeche-und-gutes-essen\/#primaryimage\"},\"image\":{\"@id\":\"https:\/\/erzaehlbistro.ch\/fr\/event\/sommerfest-2019-gute-stimmung-gute-gespraeche-und-gutes-essen\/#primaryimage\"},\"thumbnailUrl\":\"https:\/\/erzaehlbistro.ch\/wp-content\/uploads\/2019\/08\/file1-13.jpeg\",\"datePublished\":\"2021-11-20T08:36:17+00:00\",\"breadcrumb\":{\"@id\":\"https:\/\/erzaehlbistro.ch\/fr\/event\/sommerfest-2019-gute-stimmung-gute-gespraeche-und-gutes-essen\/#breadcrumb\"},\"inLanguage\":\"fr-FR\",\"potentialAction\":[{\"@type\":\"ReadAction\",\"target\":[\"https:\/\/erzaehlbistro.ch\/fr\/event\/sommerfest-2019-gute-stimmung-gute-gespraeche-und-gutes-essen\/\"]}]},{\"@type\":\"ImageObject\",\"inLanguage\":\"fr-FR\",\"@id\":\"https:\/\/erzaehlbistro.ch\/fr\/event\/sommerfest-2019-gute-stimmung-gute-gespraeche-und-gutes-essen\/#primaryimage\",\"url\":\"https:\/\/erzaehlbistro.ch\/wp-content\/uploads\/2019\/08\/file1-13.jpeg\",\"contentUrl\":\"https:\/\/erzaehlbistro.ch\/wp-content\/uploads\/2019\/08\/file1-13.jpeg\"},{\"@type\":\"BreadcrumbList\",\"@id\":\"https:\/\/erzaehlbistro.ch\/fr\/event\/sommerfest-2019-gute-stimmung-gute-gespraeche-und-gutes-essen\/#breadcrumb\",\"itemListElement\":[{\"@type\":\"ListItem\",\"position\":1,\"name\":\"Home\",\"item\":\"https:\/\/erzaehlbistro.ch\/fr\/\"},{\"@type\":\"ListItem\",\"position\":2,\"name\":\"\u00c9v\u00e8nements\",\"item\":\"https:\/\/erzaehlbistro.ch\/fr\/events\/\"},{\"@type\":\"ListItem\",\"position\":3,\"name\":\"Sommerfest 2019 \u2013 gute Stimmung, gute Gespr\u00e4che und gutes Essen\"}]},{\"@type\":\"WebSite\",\"@id\":\"https:\/\/erzaehlbistro.ch\/fr\/#website\",\"url\":\"https:\/\/erzaehlbistro.ch\/fr\/\",\"name\":\"Erz\u00e4hlbistro\",\"description\":\"Ein Begegnungsort f\u00fcr die Betroffenen f\u00fcrsorgerischer Zwangsmassnahmen\",\"publisher\":{\"@id\":\"https:\/\/erzaehlbistro.ch\/fr\/#organization\"},\"potentialAction\":[{\"@type\":\"SearchAction\",\"target\":{\"@type\":\"EntryPoint\",\"urlTemplate\":\"https:\/\/erzaehlbistro.ch\/fr\/?s={search_term_string}\"},\"query-input\":{\"@type\":\"PropertyValueSpecification\",\"valueRequired\":true,\"valueName\":\"search_term_string\"}}],\"inLanguage\":\"fr-FR\"},{\"@type\":\"Organization\",\"@id\":\"https:\/\/erzaehlbistro.ch\/fr\/#organization\",\"name\":\"Erz\u00e4hlbistro\",\"url\":\"https:\/\/erzaehlbistro.ch\/fr\/\",\"logo\":{\"@type\":\"ImageObject\",\"inLanguage\":\"fr-FR\",\"@id\":\"https:\/\/erzaehlbistro.ch\/fr\/#\/schema\/logo\/image\/\",\"url\":\"https:\/\/erzaehlbistro.ch\/wp-content\/uploads\/2021\/10\/logo-retina.png\",\"contentUrl\":\"https:\/\/erzaehlbistro.ch\/wp-content\/uploads\/2021\/10\/logo-retina.png\",\"width\":468,\"height\":120,\"caption\":\"Erz\u00e4hlbistro\"},\"image\":{\"@id\":\"https:\/\/erzaehlbistro.ch\/fr\/#\/schema\/logo\/image\/\"}}]}<\/script>\n<!-- \/ Yoast SEO plugin. -->","yoast_head_json":{"title":"Sommerfest 2019 \u2013 gute Stimmung, gute Gespr\u00e4che und gutes Essen | Erz\u00e4hlbistro","robots":{"index":"index","follow":"follow","max-snippet":"max-snippet:-1","max-image-preview":"max-image-preview:large","max-video-preview":"max-video-preview:-1"},"canonical":"https:\/\/erzaehlbistro.ch\/fr\/event\/sommerfest-2019-gute-stimmung-gute-gespraeche-und-gutes-essen\/","og_locale":"fr_FR","og_type":"article","og_title":"Sommerfest 2019 \u2013 gute Stimmung, gute Gespr\u00e4che und gutes Essen | Erz\u00e4hlbistro","og_description":"Zum traditionellen Sommerfest in M\u00fcmliswil sind gut 250 Personen...","og_url":"https:\/\/erzaehlbistro.ch\/fr\/event\/sommerfest-2019-gute-stimmung-gute-gespraeche-und-gutes-essen\/","og_site_name":"Erz\u00e4hlbistro","og_image":[{"url":"https:\/\/erzaehlbistro.ch\/wp-content\/uploads\/2019\/08\/file1-13.jpeg","type":"","width":"","height":""}],"twitter_card":"summary_large_image","twitter_misc":{"Dur\u00e9e de lecture estim\u00e9e":"2 minutes"},"schema":{"@context":"https:\/\/schema.org","@graph":[{"@type":"WebPage","@id":"https:\/\/erzaehlbistro.ch\/fr\/event\/sommerfest-2019-gute-stimmung-gute-gespraeche-und-gutes-essen\/","url":"https:\/\/erzaehlbistro.ch\/fr\/event\/sommerfest-2019-gute-stimmung-gute-gespraeche-und-gutes-essen\/","name":"Sommerfest 2019 \u2013 gute Stimmung, gute Gespr\u00e4che und gutes Essen | Erz\u00e4hlbistro","isPartOf":{"@id":"https:\/\/erzaehlbistro.ch\/fr\/#website"},"primaryImageOfPage":{"@id":"https:\/\/erzaehlbistro.ch\/fr\/event\/sommerfest-2019-gute-stimmung-gute-gespraeche-und-gutes-essen\/#primaryimage"},"image":{"@id":"https:\/\/erzaehlbistro.ch\/fr\/event\/sommerfest-2019-gute-stimmung-gute-gespraeche-und-gutes-essen\/#primaryimage"},"thumbnailUrl":"https:\/\/erzaehlbistro.ch\/wp-content\/uploads\/2019\/08\/file1-13.jpeg","datePublished":"2021-11-20T08:36:17+00:00","breadcrumb":{"@id":"https:\/\/erzaehlbistro.ch\/fr\/event\/sommerfest-2019-gute-stimmung-gute-gespraeche-und-gutes-essen\/#breadcrumb"},"inLanguage":"fr-FR","potentialAction":[{"@type":"ReadAction","target":["https:\/\/erzaehlbistro.ch\/fr\/event\/sommerfest-2019-gute-stimmung-gute-gespraeche-und-gutes-essen\/"]}]},{"@type":"ImageObject","inLanguage":"fr-FR","@id":"https:\/\/erzaehlbistro.ch\/fr\/event\/sommerfest-2019-gute-stimmung-gute-gespraeche-und-gutes-essen\/#primaryimage","url":"https:\/\/erzaehlbistro.ch\/wp-content\/uploads\/2019\/08\/file1-13.jpeg","contentUrl":"https:\/\/erzaehlbistro.ch\/wp-content\/uploads\/2019\/08\/file1-13.jpeg"},{"@type":"BreadcrumbList","@id":"https:\/\/erzaehlbistro.ch\/fr\/event\/sommerfest-2019-gute-stimmung-gute-gespraeche-und-gutes-essen\/#breadcrumb","itemListElement":[{"@type":"ListItem","position":1,"name":"Home","item":"https:\/\/erzaehlbistro.ch\/fr\/"},{"@type":"ListItem","position":2,"name":"\u00c9v\u00e8nements","item":"https:\/\/erzaehlbistro.ch\/fr\/events\/"},{"@type":"ListItem","position":3,"name":"Sommerfest 2019 \u2013 gute Stimmung, gute Gespr\u00e4che und gutes Essen"}]},{"@type":"WebSite","@id":"https:\/\/erzaehlbistro.ch\/fr\/#website","url":"https:\/\/erzaehlbistro.ch\/fr\/","name":"Erz\u00e4hlbistro","description":"Ein Begegnungsort f\u00fcr die Betroffenen f\u00fcrsorgerischer Zwangsmassnahmen","publisher":{"@id":"https:\/\/erzaehlbistro.ch\/fr\/#organization"},"potentialAction":[{"@type":"SearchAction","target":{"@type":"EntryPoint","urlTemplate":"https:\/\/erzaehlbistro.ch\/fr\/?s={search_term_string}"},"query-input":{"@type":"PropertyValueSpecification","valueRequired":true,"valueName":"search_term_string"}}],"inLanguage":"fr-FR"},{"@type":"Organization","@id":"https:\/\/erzaehlbistro.ch\/fr\/#organization","name":"Erz\u00e4hlbistro","url":"https:\/\/erzaehlbistro.ch\/fr\/","logo":{"@type":"ImageObject","inLanguage":"fr-FR","@id":"https:\/\/erzaehlbistro.ch\/fr\/#\/schema\/logo\/image\/","url":"https:\/\/erzaehlbistro.ch\/wp-content\/uploads\/2021\/10\/logo-retina.png","contentUrl":"https:\/\/erzaehlbistro.ch\/wp-content\/uploads\/2021\/10\/logo-retina.png","width":468,"height":120,"caption":"Erz\u00e4hlbistro"},"image":{"@id":"https:\/\/erzaehlbistro.ch\/fr\/#\/schema\/logo\/image\/"}}]}},"ticketed":false,"_links":{"self":[{"href":"https:\/\/erzaehlbistro.ch\/fr\/wp-json\/wp\/v2\/tribe_events\/3956"}],"collection":[{"href":"https:\/\/erzaehlbistro.ch\/fr\/wp-json\/wp\/v2\/tribe_events"}],"about":[{"href":"https:\/\/erzaehlbistro.ch\/fr\/wp-json\/wp\/v2\/types\/tribe_events"}],"author":[{"embeddable":true,"href":"https:\/\/erzaehlbistro.ch\/fr\/wp-json\/wp\/v2\/users\/4"}],"version-history":[{"count":0,"href":"https:\/\/erzaehlbistro.ch\/fr\/wp-json\/wp\/v2\/tribe_events\/3956\/revisions"}],"wp:attachment":[{"href":"https:\/\/erzaehlbistro.ch\/fr\/wp-json\/wp\/v2\/media?parent=3956"}],"wp:term":[{"taxonomy":"post_tag","embeddable":true,"href":"https:\/\/erzaehlbistro.ch\/fr\/wp-json\/wp\/v2\/tags?post=3956"},{"taxonomy":"tribe_events_cat","embeddable":true,"href":"https:\/\/erzaehlbistro.ch\/fr\/wp-json\/wp\/v2\/tribe_events_cat?post=3956"}],"curies":[{"name":"wp","href":"https:\/\/api.w.org\/{rel}","templated":true}]}}