{"id":3958,"date":"2021-11-20T09:37:20","date_gmt":"2021-11-20T08:37:20","guid":{"rendered":"https:\/\/erzaehlbistro.ch\/event\/erstes-erzaehlbistro-in-bern\/"},"modified":"2021-11-20T09:37:20","modified_gmt":"2021-11-20T08:37:20","slug":"erstes-erzaehlbistro-in-bern","status":"publish","type":"tribe_events","link":"https:\/\/erzaehlbistro.ch\/fr\/event\/erstes-erzaehlbistro-in-bern\/","title":{"rendered":"Erstes Erz\u00e4hlbistro in Bern"},"content":{"rendered":"<p>Das Erz\u00e4hlbistro startet mit einer ersten Veranstaltung in Bern. Im kleinen Kreis treffen sich Betroffene von f\u00fcrsorgerischen Zwangsmassnahmen zum Gespr\u00e4ch und zum Austausch.<br \/>\n\u00abWie habe ich das geschafft?\u00bb &#8211; diese Frage steht im Zentrum des ersten Erz\u00e4hlbistros. Wir fragen: Was hat geholfen beim Weiterleben? Was tut gut? Was ist wichtig im Umgang mit der eigenen Vergangenheit?<\/p>\n<p>Die Veranstaltung, bei der die Teilnehmenden erz\u00e4hlen oder auch nur zuh\u00f6ren k\u00f6nnen, wird von Fachpersonen moderiert. Das Programm gestaltet sich wie folgt:<br \/>\n<strong>10.00: Eintreffen der G\u00e4ste<\/strong><br \/>\n<strong>10.15: Beginn Erz\u00e4hlbistro<\/strong><br \/>\n<strong>12.00: Mittagessen<\/strong><br \/>\n<strong>13.45: Ende der Veranstaltung<\/strong><br \/>\nDamit geb\u00fchrend auf die Teilnehmenden eingegangen werden kann, findet die erste Veranstaltung des Erz\u00e4hlbistro im kleinen Kreis mit 24 Personen statt. Die Veranstaltung ist gratis. Die Anmeldefrist l\u00e4uft bis zum 12. Oktober 2018.<\/p>\n<p>Bitte melden Sie sich per <a href=\"mailto:info@erzaehlbistro.ch\">Email an info@erzaehlbistro.ch<\/a> an.<\/p>\n<p>Mit der Best\u00e4tigung f\u00fcr die Teilnahme erhalten Sie auch eine genaue Wegbeschreibung. F\u00fcr Interessierte, die diesmal aus Platzgr\u00fcnden eventuell nicht ber\u00fccksichtigt werden k\u00f6nnen, findet im Dezember 2018 in Olten die n\u00e4chste Veranstaltung statt.<\/p>\n","protected":false},"excerpt":{"rendered":"<p>Das Erz\u00e4hlbistro startet mit einer ersten Veranstaltung in Bern. Im kleinen Kreis treffen sich Betroffene von f\u00fcrsorgerischen&#8230;<\/p>\n","protected":false},"author":4,"featured_media":0,"template":"","meta":{"_price":"","_stock":"","_tribe_ticket_header":"","_tribe_default_ticket_provider":"","_tribe_ticket_capacity":"0","_ticket_start_date":"","_ticket_end_date":"","_tribe_ticket_show_description":"","_tribe_ticket_show_not_going":false,"_tribe_ticket_use_global_stock":"","_tribe_ticket_global_stock_level":"","_global_stock_mode":"","_global_stock_cap":"","_tribe_rsvp_for_event":"","_tribe_ticket_going_count":"","_tribe_ticket_not_going_count":"","_tribe_tickets_list":"[]","_tribe_ticket_has_attendee_info_fields":false,"_tribe_events_status":"","_tribe_events_status_reason":"","footnotes":"","_tec_slr_enabled":"","_tec_slr_layout":""},"tags":[],"tribe_events_cat":[],"yoast_head":"<!-- This site is optimized with the Yoast SEO plugin v24.4 - https:\/\/yoast.com\/wordpress\/plugins\/seo\/ -->\n<title>Erstes Erz\u00e4hlbistro in Bern | Erz\u00e4hlbistro<\/title>\n<meta name=\"robots\" content=\"index, follow, max-snippet:-1, max-image-preview:large, max-video-preview:-1\" \/>\n<link rel=\"canonical\" href=\"https:\/\/erzaehlbistro.ch\/fr\/event\/erstes-erzaehlbistro-in-bern\/\" \/>\n<meta property=\"og:locale\" content=\"fr_FR\" \/>\n<meta property=\"og:type\" content=\"article\" \/>\n<meta property=\"og:title\" content=\"Erstes Erz\u00e4hlbistro in Bern | Erz\u00e4hlbistro\" \/>\n<meta property=\"og:description\" content=\"Das Erz\u00e4hlbistro startet mit einer ersten Veranstaltung in Bern. Im kleinen Kreis treffen sich Betroffene von f\u00fcrsorgerischen...\" \/>\n<meta property=\"og:url\" content=\"https:\/\/erzaehlbistro.ch\/fr\/event\/erstes-erzaehlbistro-in-bern\/\" \/>\n<meta property=\"og:site_name\" content=\"Erz\u00e4hlbistro\" \/>\n<meta name=\"twitter:card\" content=\"summary_large_image\" \/>\n<meta name=\"twitter:label1\" content=\"Dur\u00e9e de lecture estim\u00e9e\" \/>\n\t<meta name=\"twitter:data1\" content=\"1 minute\" \/>\n<script type=\"application\/ld+json\" class=\"yoast-schema-graph\">{\"@context\":\"https:\/\/schema.org\",\"@graph\":[{\"@type\":\"WebPage\",\"@id\":\"https:\/\/erzaehlbistro.ch\/fr\/event\/erstes-erzaehlbistro-in-bern\/\",\"url\":\"https:\/\/erzaehlbistro.ch\/fr\/event\/erstes-erzaehlbistro-in-bern\/\",\"name\":\"Erstes Erz\u00e4hlbistro in Bern | Erz\u00e4hlbistro\",\"isPartOf\":{\"@id\":\"https:\/\/erzaehlbistro.ch\/fr\/#website\"},\"datePublished\":\"2021-11-20T08:37:20+00:00\",\"breadcrumb\":{\"@id\":\"https:\/\/erzaehlbistro.ch\/fr\/event\/erstes-erzaehlbistro-in-bern\/#breadcrumb\"},\"inLanguage\":\"fr-FR\",\"potentialAction\":[{\"@type\":\"ReadAction\",\"target\":[\"https:\/\/erzaehlbistro.ch\/fr\/event\/erstes-erzaehlbistro-in-bern\/\"]}]},{\"@type\":\"BreadcrumbList\",\"@id\":\"https:\/\/erzaehlbistro.ch\/fr\/event\/erstes-erzaehlbistro-in-bern\/#breadcrumb\",\"itemListElement\":[{\"@type\":\"ListItem\",\"position\":1,\"name\":\"Home\",\"item\":\"https:\/\/erzaehlbistro.ch\/fr\/\"},{\"@type\":\"ListItem\",\"position\":2,\"name\":\"\u00c9v\u00e8nements\",\"item\":\"https:\/\/erzaehlbistro.ch\/fr\/events\/\"},{\"@type\":\"ListItem\",\"position\":3,\"name\":\"Erstes Erz\u00e4hlbistro in Bern\"}]},{\"@type\":\"WebSite\",\"@id\":\"https:\/\/erzaehlbistro.ch\/fr\/#website\",\"url\":\"https:\/\/erzaehlbistro.ch\/fr\/\",\"name\":\"Erz\u00e4hlbistro\",\"description\":\"Ein Begegnungsort f\u00fcr die Betroffenen f\u00fcrsorgerischer Zwangsmassnahmen\",\"publisher\":{\"@id\":\"https:\/\/erzaehlbistro.ch\/fr\/#organization\"},\"potentialAction\":[{\"@type\":\"SearchAction\",\"target\":{\"@type\":\"EntryPoint\",\"urlTemplate\":\"https:\/\/erzaehlbistro.ch\/fr\/?s={search_term_string}\"},\"query-input\":{\"@type\":\"PropertyValueSpecification\",\"valueRequired\":true,\"valueName\":\"search_term_string\"}}],\"inLanguage\":\"fr-FR\"},{\"@type\":\"Organization\",\"@id\":\"https:\/\/erzaehlbistro.ch\/fr\/#organization\",\"name\":\"Erz\u00e4hlbistro\",\"url\":\"https:\/\/erzaehlbistro.ch\/fr\/\",\"logo\":{\"@type\":\"ImageObject\",\"inLanguage\":\"fr-FR\",\"@id\":\"https:\/\/erzaehlbistro.ch\/fr\/#\/schema\/logo\/image\/\",\"url\":\"https:\/\/erzaehlbistro.ch\/wp-content\/uploads\/2021\/10\/logo-retina.png\",\"contentUrl\":\"https:\/\/erzaehlbistro.ch\/wp-content\/uploads\/2021\/10\/logo-retina.png\",\"width\":468,\"height\":120,\"caption\":\"Erz\u00e4hlbistro\"},\"image\":{\"@id\":\"https:\/\/erzaehlbistro.ch\/fr\/#\/schema\/logo\/image\/\"}}]}<\/script>\n<!-- \/ Yoast SEO plugin. -->","yoast_head_json":{"title":"Erstes Erz\u00e4hlbistro in Bern | Erz\u00e4hlbistro","robots":{"index":"index","follow":"follow","max-snippet":"max-snippet:-1","max-image-preview":"max-image-preview:large","max-video-preview":"max-video-preview:-1"},"canonical":"https:\/\/erzaehlbistro.ch\/fr\/event\/erstes-erzaehlbistro-in-bern\/","og_locale":"fr_FR","og_type":"article","og_title":"Erstes Erz\u00e4hlbistro in Bern | Erz\u00e4hlbistro","og_description":"Das Erz\u00e4hlbistro startet mit einer ersten Veranstaltung in Bern. Im kleinen Kreis treffen sich Betroffene von f\u00fcrsorgerischen...","og_url":"https:\/\/erzaehlbistro.ch\/fr\/event\/erstes-erzaehlbistro-in-bern\/","og_site_name":"Erz\u00e4hlbistro","twitter_card":"summary_large_image","twitter_misc":{"Dur\u00e9e de lecture estim\u00e9e":"1 minute"},"schema":{"@context":"https:\/\/schema.org","@graph":[{"@type":"WebPage","@id":"https:\/\/erzaehlbistro.ch\/fr\/event\/erstes-erzaehlbistro-in-bern\/","url":"https:\/\/erzaehlbistro.ch\/fr\/event\/erstes-erzaehlbistro-in-bern\/","name":"Erstes Erz\u00e4hlbistro in Bern | Erz\u00e4hlbistro","isPartOf":{"@id":"https:\/\/erzaehlbistro.ch\/fr\/#website"},"datePublished":"2021-11-20T08:37:20+00:00","breadcrumb":{"@id":"https:\/\/erzaehlbistro.ch\/fr\/event\/erstes-erzaehlbistro-in-bern\/#breadcrumb"},"inLanguage":"fr-FR","potentialAction":[{"@type":"ReadAction","target":["https:\/\/erzaehlbistro.ch\/fr\/event\/erstes-erzaehlbistro-in-bern\/"]}]},{"@type":"BreadcrumbList","@id":"https:\/\/erzaehlbistro.ch\/fr\/event\/erstes-erzaehlbistro-in-bern\/#breadcrumb","itemListElement":[{"@type":"ListItem","position":1,"name":"Home","item":"https:\/\/erzaehlbistro.ch\/fr\/"},{"@type":"ListItem","position":2,"name":"\u00c9v\u00e8nements","item":"https:\/\/erzaehlbistro.ch\/fr\/events\/"},{"@type":"ListItem","position":3,"name":"Erstes Erz\u00e4hlbistro in Bern"}]},{"@type":"WebSite","@id":"https:\/\/erzaehlbistro.ch\/fr\/#website","url":"https:\/\/erzaehlbistro.ch\/fr\/","name":"Erz\u00e4hlbistro","description":"Ein Begegnungsort f\u00fcr die Betroffenen f\u00fcrsorgerischer Zwangsmassnahmen","publisher":{"@id":"https:\/\/erzaehlbistro.ch\/fr\/#organization"},"potentialAction":[{"@type":"SearchAction","target":{"@type":"EntryPoint","urlTemplate":"https:\/\/erzaehlbistro.ch\/fr\/?s={search_term_string}"},"query-input":{"@type":"PropertyValueSpecification","valueRequired":true,"valueName":"search_term_string"}}],"inLanguage":"fr-FR"},{"@type":"Organization","@id":"https:\/\/erzaehlbistro.ch\/fr\/#organization","name":"Erz\u00e4hlbistro","url":"https:\/\/erzaehlbistro.ch\/fr\/","logo":{"@type":"ImageObject","inLanguage":"fr-FR","@id":"https:\/\/erzaehlbistro.ch\/fr\/#\/schema\/logo\/image\/","url":"https:\/\/erzaehlbistro.ch\/wp-content\/uploads\/2021\/10\/logo-retina.png","contentUrl":"https:\/\/erzaehlbistro.ch\/wp-content\/uploads\/2021\/10\/logo-retina.png","width":468,"height":120,"caption":"Erz\u00e4hlbistro"},"image":{"@id":"https:\/\/erzaehlbistro.ch\/fr\/#\/schema\/logo\/image\/"}}]}},"ticketed":false,"_links":{"self":[{"href":"https:\/\/erzaehlbistro.ch\/fr\/wp-json\/wp\/v2\/tribe_events\/3958"}],"collection":[{"href":"https:\/\/erzaehlbistro.ch\/fr\/wp-json\/wp\/v2\/tribe_events"}],"about":[{"href":"https:\/\/erzaehlbistro.ch\/fr\/wp-json\/wp\/v2\/types\/tribe_events"}],"author":[{"embeddable":true,"href":"https:\/\/erzaehlbistro.ch\/fr\/wp-json\/wp\/v2\/users\/4"}],"version-history":[{"count":0,"href":"https:\/\/erzaehlbistro.ch\/fr\/wp-json\/wp\/v2\/tribe_events\/3958\/revisions"}],"wp:attachment":[{"href":"https:\/\/erzaehlbistro.ch\/fr\/wp-json\/wp\/v2\/media?parent=3958"}],"wp:term":[{"taxonomy":"post_tag","embeddable":true,"href":"https:\/\/erzaehlbistro.ch\/fr\/wp-json\/wp\/v2\/tags?post=3958"},{"taxonomy":"tribe_events_cat","embeddable":true,"href":"https:\/\/erzaehlbistro.ch\/fr\/wp-json\/wp\/v2\/tribe_events_cat?post=3958"}],"curies":[{"name":"wp","href":"https:\/\/api.w.org\/{rel}","templated":true}]}}