{"id":4250,"date":"2021-11-25T08:31:37","date_gmt":"2021-11-25T07:31:37","guid":{"rendered":"https:\/\/erzaehlbistro.ch\/event\/pas-de-dechets-cest-de-lart\/"},"modified":"2021-11-25T08:31:37","modified_gmt":"2021-11-25T07:31:37","slug":"pas-de-dechets-cest-de-lart","status":"publish","type":"tribe_events","link":"https:\/\/erzaehlbistro.ch\/fr\/event\/pas-de-dechets-cest-de-lart\/","title":{"rendered":"Pas de d\u00e9chets, c&rsquo;est de l&rsquo;art !"},"content":{"rendered":"<p><strong>Fin octobre, le bistrot d\u2019\u00e9change s&rsquo;est laiss\u00e9 inspirer par l\u2019Espace Jean Tinguely &#8211; Niki de Saint Phalle. Les machines pleines de fantaisie ont montr\u00e9 qu&rsquo;il est possible de cr\u00e9er quelque chose de grand \u00e0 partir de petites choses.<\/strong><\/p>\n<p>L&rsquo;Espace se d\u00e9crit comme \u00a0\u00bb un lieu magique qui rend hommage \u00e0 la cr\u00e9ativit\u00e9 d\u2019un couple d\u2019artistes mythique du XXe si\u00e8cle ! Erig\u00e9 en 1900, le b\u00e2timent abritait, \u00e0 l\u2019origine, le d\u00e9p\u00f4t des tramways fribourgeois. Aujourd\u2019hui dans une ambiance myst\u00e9rieuse et color\u00e9e, c\u2019est devenu un lieu id\u00e9al pour d\u00e9couvrir, en Suisse, des \u0153uvres majeures de Jean Tinguely et de Niki de Saint Phalle.\u00a0\u00bb<\/p>\n<p>Une trentaine d&rsquo;amies et amis romands du bistrot d\u2019\u00e9change ont admir\u00e9 les machines de Jean Tinguely avec les figures color\u00e9es de Niki de Saint Phalle. Lors de caf\u00e9-r\u00e9cit qui a suivi, un participant a racont\u00e9 que Jean Tinguely avait grandi tout pr\u00e8s de chez lui. Il aurait cr\u00e9\u00e9 des \u0153uvres d&rsquo;art avec des d\u00e9chets. Ce mot-cl\u00e9 a permis \u00e0 de nombreuses personnes de dire \u00e0 quel point l&rsquo;art et les espaces de cr\u00e9ation \u00e9taient importants dans leur vie. M\u00eame si de nombreuses personnes concern\u00e9es ont grandi avec peu de choses, elles sont riches en exp\u00e9rience de vie et en imagination.<\/p>\n<p>Les discussions se sont poursuivies dans le c\u00e9l\u00e8bre restaurant \u00ab\u00a0Gotthard\u00a0\u00bb, dans une bonne ambiance et autour d&rsquo;un d\u00e9licieux repas. Le bistrot des histoires est arriv\u00e9 en Suisse romande. Nous nous r\u00e9jouissons de le revoir bient\u00f4t.<\/p>\n<div style=\"width: 640px;\" class=\"wp-video\"><!--[if lt IE 9]><script>document.createElement('video');<\/script><![endif]-->\n<video class=\"wp-video-shortcode\" id=\"video-4250-1\" width=\"640\" height=\"360\" preload=\"metadata\" controls=\"controls\"><source type=\"video\/mp4\" src=\"https:\/\/erzaehlbistro.ch\/wp-content\/uploads\/2021\/11\/Mein-Film-5.mp4?_=1\" \/><a href=\"https:\/\/erzaehlbistro.ch\/wp-content\/uploads\/2021\/11\/Mein-Film-5.mp4\">https:\/\/erzaehlbistro.ch\/wp-content\/uploads\/2021\/11\/Mein-Film-5.mp4<\/a><\/video><\/div>\n","protected":false},"excerpt":{"rendered":"<p>Fin octobre, le bistrot d\u2019\u00e9change s&rsquo;est laiss\u00e9 inspirer par l\u2019Espace Jean Tinguely &#8211; Niki de Saint Phalle.<\/p>\n","protected":false},"author":4,"featured_media":4247,"template":"","meta":{"_price":"","_stock":"","_tribe_ticket_header":"","_tribe_default_ticket_provider":"","_tribe_ticket_capacity":"0","_ticket_start_date":"","_ticket_end_date":"","_tribe_ticket_show_description":"","_tribe_ticket_show_not_going":false,"_tribe_ticket_use_global_stock":"","_tribe_ticket_global_stock_level":"","_global_stock_mode":"","_global_stock_cap":"","_tribe_rsvp_for_event":"","_tribe_ticket_going_count":"","_tribe_ticket_not_going_count":"","_tribe_tickets_list":"[]","_tribe_ticket_has_attendee_info_fields":false,"_tribe_events_status":"","_tribe_events_status_reason":"","footnotes":"","_tec_slr_enabled":"","_tec_slr_layout":""},"tags":[],"tribe_events_cat":[],"yoast_head":"<!-- This site is optimized with the Yoast SEO plugin v24.4 - https:\/\/yoast.com\/wordpress\/plugins\/seo\/ -->\n<title>Pas de d\u00e9chets, c&#039;est de l&#039;art ! | Erz\u00e4hlbistro<\/title>\n<meta name=\"robots\" content=\"index, follow, max-snippet:-1, max-image-preview:large, max-video-preview:-1\" \/>\n<link rel=\"canonical\" href=\"https:\/\/erzaehlbistro.ch\/fr\/event\/pas-de-dechets-cest-de-lart\/\" \/>\n<meta property=\"og:locale\" content=\"fr_FR\" \/>\n<meta property=\"og:type\" content=\"article\" \/>\n<meta property=\"og:title\" content=\"Pas de d\u00e9chets, c&#039;est de l&#039;art ! | Erz\u00e4hlbistro\" \/>\n<meta property=\"og:description\" content=\"Fin octobre, le bistrot d\u2019\u00e9change s&#039;est laiss\u00e9 inspirer par l\u2019Espace Jean Tinguely - Niki de Saint Phalle.\" \/>\n<meta property=\"og:url\" content=\"https:\/\/erzaehlbistro.ch\/fr\/event\/pas-de-dechets-cest-de-lart\/\" \/>\n<meta property=\"og:site_name\" content=\"Erz\u00e4hlbistro\" \/>\n<meta name=\"twitter:card\" content=\"summary_large_image\" \/>\n<meta name=\"twitter:label1\" content=\"Dur\u00e9e de lecture estim\u00e9e\" \/>\n\t<meta name=\"twitter:data1\" content=\"1 minute\" \/>\n<script type=\"application\/ld+json\" class=\"yoast-schema-graph\">{\"@context\":\"https:\/\/schema.org\",\"@graph\":[{\"@type\":\"WebPage\",\"@id\":\"https:\/\/erzaehlbistro.ch\/fr\/event\/pas-de-dechets-cest-de-lart\/\",\"url\":\"https:\/\/erzaehlbistro.ch\/fr\/event\/pas-de-dechets-cest-de-lart\/\",\"name\":\"Pas de d\u00e9chets, c'est de l'art ! | Erz\u00e4hlbistro\",\"isPartOf\":{\"@id\":\"https:\/\/erzaehlbistro.ch\/fr\/#website\"},\"primaryImageOfPage\":{\"@id\":\"https:\/\/erzaehlbistro.ch\/fr\/event\/pas-de-dechets-cest-de-lart\/#primaryimage\"},\"image\":{\"@id\":\"https:\/\/erzaehlbistro.ch\/fr\/event\/pas-de-dechets-cest-de-lart\/#primaryimage\"},\"thumbnailUrl\":\"https:\/\/erzaehlbistro.ch\/wp-content\/uploads\/2021\/11\/Fribourg.jpg\",\"datePublished\":\"2021-11-25T07:31:37+00:00\",\"breadcrumb\":{\"@id\":\"https:\/\/erzaehlbistro.ch\/fr\/event\/pas-de-dechets-cest-de-lart\/#breadcrumb\"},\"inLanguage\":\"fr-FR\",\"potentialAction\":[{\"@type\":\"ReadAction\",\"target\":[\"https:\/\/erzaehlbistro.ch\/fr\/event\/pas-de-dechets-cest-de-lart\/\"]}]},{\"@type\":\"ImageObject\",\"inLanguage\":\"fr-FR\",\"@id\":\"https:\/\/erzaehlbistro.ch\/fr\/event\/pas-de-dechets-cest-de-lart\/#primaryimage\",\"url\":\"https:\/\/erzaehlbistro.ch\/wp-content\/uploads\/2021\/11\/Fribourg.jpg\",\"contentUrl\":\"https:\/\/erzaehlbistro.ch\/wp-content\/uploads\/2021\/11\/Fribourg.jpg\",\"width\":1920,\"height\":1440},{\"@type\":\"BreadcrumbList\",\"@id\":\"https:\/\/erzaehlbistro.ch\/fr\/event\/pas-de-dechets-cest-de-lart\/#breadcrumb\",\"itemListElement\":[{\"@type\":\"ListItem\",\"position\":1,\"name\":\"Home\",\"item\":\"https:\/\/erzaehlbistro.ch\/fr\/\"},{\"@type\":\"ListItem\",\"position\":2,\"name\":\"\u00c9v\u00e8nements\",\"item\":\"https:\/\/erzaehlbistro.ch\/fr\/events\/\"},{\"@type\":\"ListItem\",\"position\":3,\"name\":\"Pas de d\u00e9chets, c&rsquo;est de l&rsquo;art !\"}]},{\"@type\":\"WebSite\",\"@id\":\"https:\/\/erzaehlbistro.ch\/fr\/#website\",\"url\":\"https:\/\/erzaehlbistro.ch\/fr\/\",\"name\":\"Erz\u00e4hlbistro\",\"description\":\"Ein Begegnungsort f\u00fcr die Betroffenen f\u00fcrsorgerischer Zwangsmassnahmen\",\"publisher\":{\"@id\":\"https:\/\/erzaehlbistro.ch\/fr\/#organization\"},\"potentialAction\":[{\"@type\":\"SearchAction\",\"target\":{\"@type\":\"EntryPoint\",\"urlTemplate\":\"https:\/\/erzaehlbistro.ch\/fr\/?s={search_term_string}\"},\"query-input\":{\"@type\":\"PropertyValueSpecification\",\"valueRequired\":true,\"valueName\":\"search_term_string\"}}],\"inLanguage\":\"fr-FR\"},{\"@type\":\"Organization\",\"@id\":\"https:\/\/erzaehlbistro.ch\/fr\/#organization\",\"name\":\"Erz\u00e4hlbistro\",\"url\":\"https:\/\/erzaehlbistro.ch\/fr\/\",\"logo\":{\"@type\":\"ImageObject\",\"inLanguage\":\"fr-FR\",\"@id\":\"https:\/\/erzaehlbistro.ch\/fr\/#\/schema\/logo\/image\/\",\"url\":\"https:\/\/erzaehlbistro.ch\/wp-content\/uploads\/2021\/10\/logo-retina.png\",\"contentUrl\":\"https:\/\/erzaehlbistro.ch\/wp-content\/uploads\/2021\/10\/logo-retina.png\",\"width\":468,\"height\":120,\"caption\":\"Erz\u00e4hlbistro\"},\"image\":{\"@id\":\"https:\/\/erzaehlbistro.ch\/fr\/#\/schema\/logo\/image\/\"}}]}<\/script>\n<!-- \/ Yoast SEO plugin. -->","yoast_head_json":{"title":"Pas de d\u00e9chets, c'est de l'art ! | Erz\u00e4hlbistro","robots":{"index":"index","follow":"follow","max-snippet":"max-snippet:-1","max-image-preview":"max-image-preview:large","max-video-preview":"max-video-preview:-1"},"canonical":"https:\/\/erzaehlbistro.ch\/fr\/event\/pas-de-dechets-cest-de-lart\/","og_locale":"fr_FR","og_type":"article","og_title":"Pas de d\u00e9chets, c'est de l'art ! | Erz\u00e4hlbistro","og_description":"Fin octobre, le bistrot d\u2019\u00e9change s'est laiss\u00e9 inspirer par l\u2019Espace Jean Tinguely - Niki de Saint Phalle.","og_url":"https:\/\/erzaehlbistro.ch\/fr\/event\/pas-de-dechets-cest-de-lart\/","og_site_name":"Erz\u00e4hlbistro","twitter_card":"summary_large_image","twitter_misc":{"Dur\u00e9e de lecture estim\u00e9e":"1 minute"},"schema":{"@context":"https:\/\/schema.org","@graph":[{"@type":"WebPage","@id":"https:\/\/erzaehlbistro.ch\/fr\/event\/pas-de-dechets-cest-de-lart\/","url":"https:\/\/erzaehlbistro.ch\/fr\/event\/pas-de-dechets-cest-de-lart\/","name":"Pas de d\u00e9chets, c'est de l'art ! | Erz\u00e4hlbistro","isPartOf":{"@id":"https:\/\/erzaehlbistro.ch\/fr\/#website"},"primaryImageOfPage":{"@id":"https:\/\/erzaehlbistro.ch\/fr\/event\/pas-de-dechets-cest-de-lart\/#primaryimage"},"image":{"@id":"https:\/\/erzaehlbistro.ch\/fr\/event\/pas-de-dechets-cest-de-lart\/#primaryimage"},"thumbnailUrl":"https:\/\/erzaehlbistro.ch\/wp-content\/uploads\/2021\/11\/Fribourg.jpg","datePublished":"2021-11-25T07:31:37+00:00","breadcrumb":{"@id":"https:\/\/erzaehlbistro.ch\/fr\/event\/pas-de-dechets-cest-de-lart\/#breadcrumb"},"inLanguage":"fr-FR","potentialAction":[{"@type":"ReadAction","target":["https:\/\/erzaehlbistro.ch\/fr\/event\/pas-de-dechets-cest-de-lart\/"]}]},{"@type":"ImageObject","inLanguage":"fr-FR","@id":"https:\/\/erzaehlbistro.ch\/fr\/event\/pas-de-dechets-cest-de-lart\/#primaryimage","url":"https:\/\/erzaehlbistro.ch\/wp-content\/uploads\/2021\/11\/Fribourg.jpg","contentUrl":"https:\/\/erzaehlbistro.ch\/wp-content\/uploads\/2021\/11\/Fribourg.jpg","width":1920,"height":1440},{"@type":"BreadcrumbList","@id":"https:\/\/erzaehlbistro.ch\/fr\/event\/pas-de-dechets-cest-de-lart\/#breadcrumb","itemListElement":[{"@type":"ListItem","position":1,"name":"Home","item":"https:\/\/erzaehlbistro.ch\/fr\/"},{"@type":"ListItem","position":2,"name":"\u00c9v\u00e8nements","item":"https:\/\/erzaehlbistro.ch\/fr\/events\/"},{"@type":"ListItem","position":3,"name":"Pas de d\u00e9chets, c&rsquo;est de l&rsquo;art !"}]},{"@type":"WebSite","@id":"https:\/\/erzaehlbistro.ch\/fr\/#website","url":"https:\/\/erzaehlbistro.ch\/fr\/","name":"Erz\u00e4hlbistro","description":"Ein Begegnungsort f\u00fcr die Betroffenen f\u00fcrsorgerischer Zwangsmassnahmen","publisher":{"@id":"https:\/\/erzaehlbistro.ch\/fr\/#organization"},"potentialAction":[{"@type":"SearchAction","target":{"@type":"EntryPoint","urlTemplate":"https:\/\/erzaehlbistro.ch\/fr\/?s={search_term_string}"},"query-input":{"@type":"PropertyValueSpecification","valueRequired":true,"valueName":"search_term_string"}}],"inLanguage":"fr-FR"},{"@type":"Organization","@id":"https:\/\/erzaehlbistro.ch\/fr\/#organization","name":"Erz\u00e4hlbistro","url":"https:\/\/erzaehlbistro.ch\/fr\/","logo":{"@type":"ImageObject","inLanguage":"fr-FR","@id":"https:\/\/erzaehlbistro.ch\/fr\/#\/schema\/logo\/image\/","url":"https:\/\/erzaehlbistro.ch\/wp-content\/uploads\/2021\/10\/logo-retina.png","contentUrl":"https:\/\/erzaehlbistro.ch\/wp-content\/uploads\/2021\/10\/logo-retina.png","width":468,"height":120,"caption":"Erz\u00e4hlbistro"},"image":{"@id":"https:\/\/erzaehlbistro.ch\/fr\/#\/schema\/logo\/image\/"}}]}},"ticketed":false,"_links":{"self":[{"href":"https:\/\/erzaehlbistro.ch\/fr\/wp-json\/wp\/v2\/tribe_events\/4250"}],"collection":[{"href":"https:\/\/erzaehlbistro.ch\/fr\/wp-json\/wp\/v2\/tribe_events"}],"about":[{"href":"https:\/\/erzaehlbistro.ch\/fr\/wp-json\/wp\/v2\/types\/tribe_events"}],"author":[{"embeddable":true,"href":"https:\/\/erzaehlbistro.ch\/fr\/wp-json\/wp\/v2\/users\/4"}],"version-history":[{"count":0,"href":"https:\/\/erzaehlbistro.ch\/fr\/wp-json\/wp\/v2\/tribe_events\/4250\/revisions"}],"wp:featuredmedia":[{"embeddable":true,"href":"https:\/\/erzaehlbistro.ch\/fr\/wp-json\/wp\/v2\/media\/4247"}],"wp:attachment":[{"href":"https:\/\/erzaehlbistro.ch\/fr\/wp-json\/wp\/v2\/media?parent=4250"}],"wp:term":[{"taxonomy":"post_tag","embeddable":true,"href":"https:\/\/erzaehlbistro.ch\/fr\/wp-json\/wp\/v2\/tags?post=4250"},{"taxonomy":"tribe_events_cat","embeddable":true,"href":"https:\/\/erzaehlbistro.ch\/fr\/wp-json\/wp\/v2\/tribe_events_cat?post=4250"}],"curies":[{"name":"wp","href":"https:\/\/api.w.org\/{rel}","templated":true}]}}