{"id":4708,"date":"2022-10-03T07:41:42","date_gmt":"2022-10-03T05:41:42","guid":{"rendered":"https:\/\/erzaehlbistro.ch\/?post_type=tribe_events&#038;p=4708"},"modified":"2022-10-03T09:52:09","modified_gmt":"2022-10-03T07:52:09","slug":"mondrian-au-beyeler","status":"publish","type":"tribe_events","link":"https:\/\/erzaehlbistro.ch\/fr\/event\/mondrian-au-beyeler\/","title":{"rendered":"Mondrian au Beyeler"},"content":{"rendered":"<p><strong>Par une belle journ\u00e9e de fin d&rsquo;\u00e9t\u00e9, les amies et amis du bistrot d\u2019\u00e9change ont fl\u00e2n\u00e9 dans le jardin d&rsquo;art de la Fondation Beyeler et se sont laiss\u00e9s envo\u00fbter par les tableaux du peintre n\u00e9erlandais Piet Mondrian dans le mus\u00e9e.<\/strong><\/p>\n<p>Des lignes noires et color\u00e9es viennent tout de suite \u00e0 l&rsquo;esprit de l&rsquo;artiste n\u00e9erlandais Piet Mondrian. En visitant l&rsquo;exposition \u00ab\u00a0Mondrian Evolution\u00a0\u00bb \u00e0 la Fondation Beyeler, on s&rsquo;est vite rendu compte que ces tableaux ne repr\u00e9sentent que son \u0153uvre tardive.<\/p>\n<p>\u00c0 l\u2019occasion du 150\u00e8me anniversaire de la naissance de l\u2019artiste, la Fondation Beyeler consacrera une exposition au peintre n\u00e9erlandais Piet Mondrian. L\u2019exposition retracera son d\u00e9veloppement artistique jusqu\u2019aux ann\u00e9es 1920 et la gen\u00e8se stylistique de son \u0153uvre tardif. Diff\u00e9rentes sections seront consacr\u00e9es \u00e0 des motifs tels les moulins \u00e0 vent, les dunes et la mer, les b\u00e2timents de ferme se r\u00e9fl\u00e9chissant dans l\u2019eau et les plantes, repr\u00e9sent\u00e9s \u00e0 des degr\u00e9s divers d\u2019abstraction.<\/p>\n<p>Une quarantaine d&rsquo;amis du bistrot d\u2019\u00e9change, dont de nombreux nouveaux visages, ont visit\u00e9 ensemble l&rsquo;exposition, ont discut\u00e9 devant les tableaux et ont ensuite d\u00e9gust\u00e9 un magnifique go\u00fbter dans le jardin du mus\u00e9e. Les h\u00f4tes romands et suisses al\u00e9maniques ont pu discuter ensemble d&rsquo;art et de culture, mais aussi de leurs propres histoires, qui n&rsquo;ont pas toujours \u00e9t\u00e9 aussi rectilignes que les lignes de l&rsquo;\u0153uvre de Mondrian. L&rsquo;ambiance \u00e9tait joyeuse et enjou\u00e9e et beaucoup se r\u00e9jouissaient d\u00e9j\u00e0 des diff\u00e9rents voyages en bus pr\u00e9vus \u00e0 l&rsquo;automne.<\/p>\n<p>&nbsp;<\/p>\n\n\t\t<style type=\"text\/css\">\n\t\t\t#gallery-1 {\n\t\t\t\tmargin: auto;\n\t\t\t}\n\t\t\t#gallery-1 .gallery-item {\n\t\t\t\tfloat: left;\n\t\t\t\tmargin-top: 10px;\n\t\t\t\ttext-align: center;\n\t\t\t\twidth: 33%;\n\t\t\t}\n\t\t\t#gallery-1 img {\n\t\t\t\tborder: 2px solid #cfcfcf;\n\t\t\t}\n\t\t\t#gallery-1 .gallery-caption {\n\t\t\t\tmargin-left: 0;\n\t\t\t}\n\t\t\t\/* see gallery_shortcode() in wp-includes\/media.php *\/\n\t\t<\/style>\n\t\t<div id='gallery-1' class='gallery galleryid-4708 gallery-columns-3 gallery-size-full'><dl class='gallery-item'>\n\t\t\t<dt class='gallery-icon landscape'>\n\t\t\t\t<a data-rel=\"iLightbox[postimages]\" data-title=\"WhatsApp Image 2022-10-02 at 10.22.12\" data-caption=\"\" href='https:\/\/erzaehlbistro.ch\/fr\/whatsapp-image-2022-10-02-at-10-22-12-3\/'><img decoding=\"async\" width=\"1024\" height=\"768\" src=\"https:\/\/erzaehlbistro.ch\/wp-content\/uploads\/2022\/10\/WhatsApp-Image-2022-10-02-at-10.22.12.jpeg\" class=\"attachment-full size-full lazyload\" alt=\"\" srcset=\"data:image\/svg+xml,%3Csvg%20xmlns%3D%27http%3A%2F%2Fwww.w3.org%2F2000%2Fsvg%27%20width%3D%271024%27%20height%3D%27768%27%20viewBox%3D%270%200%201024%20768%27%3E%3Crect%20width%3D%271024%27%20height%3D%27768%27%20fill-opacity%3D%220%22%2F%3E%3C%2Fsvg%3E\" data-orig-src=\"https:\/\/erzaehlbistro.ch\/wp-content\/uploads\/2022\/10\/WhatsApp-Image-2022-10-02-at-10.22.12.jpeg\" data-srcset=\"https:\/\/erzaehlbistro.ch\/wp-content\/uploads\/2022\/10\/WhatsApp-Image-2022-10-02-at-10.22.12-200x150.jpeg 200w, https:\/\/erzaehlbistro.ch\/wp-content\/uploads\/2022\/10\/WhatsApp-Image-2022-10-02-at-10.22.12-300x225.jpeg 300w, https:\/\/erzaehlbistro.ch\/wp-content\/uploads\/2022\/10\/WhatsApp-Image-2022-10-02-at-10.22.12-400x300.jpeg 400w, https:\/\/erzaehlbistro.ch\/wp-content\/uploads\/2022\/10\/WhatsApp-Image-2022-10-02-at-10.22.12-600x450.jpeg 600w, https:\/\/erzaehlbistro.ch\/wp-content\/uploads\/2022\/10\/WhatsApp-Image-2022-10-02-at-10.22.12-768x576.jpeg 768w, https:\/\/erzaehlbistro.ch\/wp-content\/uploads\/2022\/10\/WhatsApp-Image-2022-10-02-at-10.22.12-800x600.jpeg 800w, https:\/\/erzaehlbistro.ch\/wp-content\/uploads\/2022\/10\/WhatsApp-Image-2022-10-02-at-10.22.12.jpeg 1024w\" data-sizes=\"auto\" \/><\/a>\n\t\t\t<\/dt><\/dl><dl class='gallery-item'>\n\t\t\t<dt class='gallery-icon landscape'>\n\t\t\t\t<a data-rel=\"iLightbox[postimages]\" data-title=\"WhatsApp Image 2022-10-02 at 10.22.12 (2)\" data-caption=\"\" href='https:\/\/erzaehlbistro.ch\/fr\/whatsapp-image-2022-10-02-at-10-22-12-2-2\/'><img decoding=\"async\" width=\"1024\" height=\"768\" src=\"https:\/\/erzaehlbistro.ch\/wp-content\/uploads\/2022\/10\/WhatsApp-Image-2022-10-02-at-10.22.12-2.jpeg\" class=\"attachment-full size-full lazyload\" alt=\"\" srcset=\"data:image\/svg+xml,%3Csvg%20xmlns%3D%27http%3A%2F%2Fwww.w3.org%2F2000%2Fsvg%27%20width%3D%271024%27%20height%3D%27768%27%20viewBox%3D%270%200%201024%20768%27%3E%3Crect%20width%3D%271024%27%20height%3D%27768%27%20fill-opacity%3D%220%22%2F%3E%3C%2Fsvg%3E\" data-orig-src=\"https:\/\/erzaehlbistro.ch\/wp-content\/uploads\/2022\/10\/WhatsApp-Image-2022-10-02-at-10.22.12-2.jpeg\" data-srcset=\"https:\/\/erzaehlbistro.ch\/wp-content\/uploads\/2022\/10\/WhatsApp-Image-2022-10-02-at-10.22.12-2-200x150.jpeg 200w, https:\/\/erzaehlbistro.ch\/wp-content\/uploads\/2022\/10\/WhatsApp-Image-2022-10-02-at-10.22.12-2-300x225.jpeg 300w, https:\/\/erzaehlbistro.ch\/wp-content\/uploads\/2022\/10\/WhatsApp-Image-2022-10-02-at-10.22.12-2-400x300.jpeg 400w, https:\/\/erzaehlbistro.ch\/wp-content\/uploads\/2022\/10\/WhatsApp-Image-2022-10-02-at-10.22.12-2-600x450.jpeg 600w, https:\/\/erzaehlbistro.ch\/wp-content\/uploads\/2022\/10\/WhatsApp-Image-2022-10-02-at-10.22.12-2-768x576.jpeg 768w, https:\/\/erzaehlbistro.ch\/wp-content\/uploads\/2022\/10\/WhatsApp-Image-2022-10-02-at-10.22.12-2-800x600.jpeg 800w, https:\/\/erzaehlbistro.ch\/wp-content\/uploads\/2022\/10\/WhatsApp-Image-2022-10-02-at-10.22.12-2.jpeg 1024w\" data-sizes=\"auto\" \/><\/a>\n\t\t\t<\/dt><\/dl><dl class='gallery-item'>\n\t\t\t<dt class='gallery-icon landscape'>\n\t\t\t\t<a data-rel=\"iLightbox[postimages]\" data-title=\"WhatsApp Image 2022-10-02 at 10.22.12 (1)\" data-caption=\"\" href='https:\/\/erzaehlbistro.ch\/fr\/whatsapp-image-2022-10-02-at-10-22-12-1-2\/'><img decoding=\"async\" width=\"1024\" height=\"768\" src=\"https:\/\/erzaehlbistro.ch\/wp-content\/uploads\/2022\/10\/WhatsApp-Image-2022-10-02-at-10.22.12-1.jpeg\" class=\"attachment-full size-full lazyload\" alt=\"\" srcset=\"data:image\/svg+xml,%3Csvg%20xmlns%3D%27http%3A%2F%2Fwww.w3.org%2F2000%2Fsvg%27%20width%3D%271024%27%20height%3D%27768%27%20viewBox%3D%270%200%201024%20768%27%3E%3Crect%20width%3D%271024%27%20height%3D%27768%27%20fill-opacity%3D%220%22%2F%3E%3C%2Fsvg%3E\" data-orig-src=\"https:\/\/erzaehlbistro.ch\/wp-content\/uploads\/2022\/10\/WhatsApp-Image-2022-10-02-at-10.22.12-1.jpeg\" data-srcset=\"https:\/\/erzaehlbistro.ch\/wp-content\/uploads\/2022\/10\/WhatsApp-Image-2022-10-02-at-10.22.12-1-200x150.jpeg 200w, https:\/\/erzaehlbistro.ch\/wp-content\/uploads\/2022\/10\/WhatsApp-Image-2022-10-02-at-10.22.12-1-300x225.jpeg 300w, https:\/\/erzaehlbistro.ch\/wp-content\/uploads\/2022\/10\/WhatsApp-Image-2022-10-02-at-10.22.12-1-400x300.jpeg 400w, https:\/\/erzaehlbistro.ch\/wp-content\/uploads\/2022\/10\/WhatsApp-Image-2022-10-02-at-10.22.12-1-600x450.jpeg 600w, https:\/\/erzaehlbistro.ch\/wp-content\/uploads\/2022\/10\/WhatsApp-Image-2022-10-02-at-10.22.12-1-768x576.jpeg 768w, https:\/\/erzaehlbistro.ch\/wp-content\/uploads\/2022\/10\/WhatsApp-Image-2022-10-02-at-10.22.12-1-800x600.jpeg 800w, https:\/\/erzaehlbistro.ch\/wp-content\/uploads\/2022\/10\/WhatsApp-Image-2022-10-02-at-10.22.12-1.jpeg 1024w\" data-sizes=\"auto\" \/><\/a>\n\t\t\t<\/dt><\/dl><br style=\"clear: both\" \/>\n\t\t<\/div>\n\n","protected":false},"excerpt":{"rendered":"<p>Par une belle journ\u00e9e de fin d&rsquo;\u00e9t\u00e9, les amies et amis du bistrot d\u2019\u00e9change ont fl\u00e2n\u00e9 dans le jardin d&rsquo;art de la Fondation Beyeler et se sont laiss\u00e9s envo\u00fbter par les tableaux du peintre n\u00e9erlandais Piet Mondrian dans le mus\u00e9e.<\/p>\n","protected":false},"author":4,"featured_media":4703,"template":"","meta":{"_price":"","_stock":"","_tribe_ticket_header":"","_tribe_default_ticket_provider":"","_tribe_ticket_capacity":"0","_ticket_start_date":"","_ticket_end_date":"","_tribe_ticket_show_description":"","_tribe_ticket_show_not_going":false,"_tribe_ticket_use_global_stock":"","_tribe_ticket_global_stock_level":"","_global_stock_mode":"","_global_stock_cap":"","_tribe_rsvp_for_event":"","_tribe_ticket_going_count":"","_tribe_ticket_not_going_count":"","_tribe_tickets_list":"[]","_tribe_ticket_has_attendee_info_fields":false,"_tribe_events_status":"","_tribe_events_status_reason":"","footnotes":"","_tec_slr_enabled":"","_tec_slr_layout":""},"tags":[],"tribe_events_cat":[],"yoast_head":"<!-- This site is optimized with the Yoast SEO plugin v24.4 - https:\/\/yoast.com\/wordpress\/plugins\/seo\/ -->\n<title>Mondrian au Beyeler | Erz\u00e4hlbistro<\/title>\n<meta name=\"robots\" content=\"index, follow, max-snippet:-1, max-image-preview:large, max-video-preview:-1\" \/>\n<link rel=\"canonical\" href=\"https:\/\/erzaehlbistro.ch\/fr\/event\/mondrian-au-beyeler\/\" \/>\n<meta property=\"og:locale\" content=\"fr_FR\" \/>\n<meta property=\"og:type\" content=\"article\" \/>\n<meta property=\"og:title\" content=\"Mondrian au Beyeler | Erz\u00e4hlbistro\" \/>\n<meta property=\"og:description\" content=\"Par une belle journ\u00e9e de fin d&#039;\u00e9t\u00e9, les amies et amis du bistrot d\u2019\u00e9change ont fl\u00e2n\u00e9 dans le jardin d&#039;art de la Fondation Beyeler et se sont laiss\u00e9s envo\u00fbter par les tableaux du peintre n\u00e9erlandais Piet Mondrian dans le mus\u00e9e.\" \/>\n<meta property=\"og:url\" content=\"https:\/\/erzaehlbistro.ch\/fr\/event\/mondrian-au-beyeler\/\" \/>\n<meta property=\"og:site_name\" content=\"Erz\u00e4hlbistro\" \/>\n<meta property=\"article:modified_time\" content=\"2022-10-03T07:52:09+00:00\" \/>\n<meta property=\"og:image\" content=\"https:\/\/erzaehlbistro.ch\/wp-content\/uploads\/2022\/10\/WhatsApp-Image-2022-10-02-at-10.22.12.jpeg\" \/>\n\t<meta property=\"og:image:width\" content=\"1024\" \/>\n\t<meta property=\"og:image:height\" content=\"768\" \/>\n\t<meta property=\"og:image:type\" content=\"image\/jpeg\" \/>\n<meta name=\"twitter:card\" content=\"summary_large_image\" \/>\n<meta name=\"twitter:label1\" content=\"Dur\u00e9e de lecture estim\u00e9e\" \/>\n\t<meta name=\"twitter:data1\" content=\"2 minutes\" \/>\n<script type=\"application\/ld+json\" class=\"yoast-schema-graph\">{\"@context\":\"https:\/\/schema.org\",\"@graph\":[{\"@type\":\"WebPage\",\"@id\":\"https:\/\/erzaehlbistro.ch\/fr\/event\/mondrian-au-beyeler\/\",\"url\":\"https:\/\/erzaehlbistro.ch\/fr\/event\/mondrian-au-beyeler\/\",\"name\":\"Mondrian au Beyeler | Erz\u00e4hlbistro\",\"isPartOf\":{\"@id\":\"https:\/\/erzaehlbistro.ch\/fr\/#website\"},\"primaryImageOfPage\":{\"@id\":\"https:\/\/erzaehlbistro.ch\/fr\/event\/mondrian-au-beyeler\/#primaryimage\"},\"image\":{\"@id\":\"https:\/\/erzaehlbistro.ch\/fr\/event\/mondrian-au-beyeler\/#primaryimage\"},\"thumbnailUrl\":\"https:\/\/erzaehlbistro.ch\/wp-content\/uploads\/2022\/10\/WhatsApp-Image-2022-10-02-at-10.22.12.jpeg\",\"datePublished\":\"2022-10-03T05:41:42+00:00\",\"dateModified\":\"2022-10-03T07:52:09+00:00\",\"breadcrumb\":{\"@id\":\"https:\/\/erzaehlbistro.ch\/fr\/event\/mondrian-au-beyeler\/#breadcrumb\"},\"inLanguage\":\"fr-FR\",\"potentialAction\":[{\"@type\":\"ReadAction\",\"target\":[\"https:\/\/erzaehlbistro.ch\/fr\/event\/mondrian-au-beyeler\/\"]}]},{\"@type\":\"ImageObject\",\"inLanguage\":\"fr-FR\",\"@id\":\"https:\/\/erzaehlbistro.ch\/fr\/event\/mondrian-au-beyeler\/#primaryimage\",\"url\":\"https:\/\/erzaehlbistro.ch\/wp-content\/uploads\/2022\/10\/WhatsApp-Image-2022-10-02-at-10.22.12.jpeg\",\"contentUrl\":\"https:\/\/erzaehlbistro.ch\/wp-content\/uploads\/2022\/10\/WhatsApp-Image-2022-10-02-at-10.22.12.jpeg\",\"width\":1024,\"height\":768},{\"@type\":\"BreadcrumbList\",\"@id\":\"https:\/\/erzaehlbistro.ch\/fr\/event\/mondrian-au-beyeler\/#breadcrumb\",\"itemListElement\":[{\"@type\":\"ListItem\",\"position\":1,\"name\":\"Home\",\"item\":\"https:\/\/erzaehlbistro.ch\/fr\/\"},{\"@type\":\"ListItem\",\"position\":2,\"name\":\"\u00c9v\u00e8nements\",\"item\":\"https:\/\/erzaehlbistro.ch\/fr\/events\/\"},{\"@type\":\"ListItem\",\"position\":3,\"name\":\"Mondrian au Beyeler\"}]},{\"@type\":\"WebSite\",\"@id\":\"https:\/\/erzaehlbistro.ch\/fr\/#website\",\"url\":\"https:\/\/erzaehlbistro.ch\/fr\/\",\"name\":\"Erz\u00e4hlbistro\",\"description\":\"Ein Begegnungsort f\u00fcr die Betroffenen f\u00fcrsorgerischer Zwangsmassnahmen\",\"publisher\":{\"@id\":\"https:\/\/erzaehlbistro.ch\/fr\/#organization\"},\"potentialAction\":[{\"@type\":\"SearchAction\",\"target\":{\"@type\":\"EntryPoint\",\"urlTemplate\":\"https:\/\/erzaehlbistro.ch\/fr\/?s={search_term_string}\"},\"query-input\":{\"@type\":\"PropertyValueSpecification\",\"valueRequired\":true,\"valueName\":\"search_term_string\"}}],\"inLanguage\":\"fr-FR\"},{\"@type\":\"Organization\",\"@id\":\"https:\/\/erzaehlbistro.ch\/fr\/#organization\",\"name\":\"Erz\u00e4hlbistro\",\"url\":\"https:\/\/erzaehlbistro.ch\/fr\/\",\"logo\":{\"@type\":\"ImageObject\",\"inLanguage\":\"fr-FR\",\"@id\":\"https:\/\/erzaehlbistro.ch\/fr\/#\/schema\/logo\/image\/\",\"url\":\"https:\/\/erzaehlbistro.ch\/wp-content\/uploads\/2021\/10\/logo-retina.png\",\"contentUrl\":\"https:\/\/erzaehlbistro.ch\/wp-content\/uploads\/2021\/10\/logo-retina.png\",\"width\":468,\"height\":120,\"caption\":\"Erz\u00e4hlbistro\"},\"image\":{\"@id\":\"https:\/\/erzaehlbistro.ch\/fr\/#\/schema\/logo\/image\/\"}}]}<\/script>\n<!-- \/ Yoast SEO plugin. -->","yoast_head_json":{"title":"Mondrian au Beyeler | Erz\u00e4hlbistro","robots":{"index":"index","follow":"follow","max-snippet":"max-snippet:-1","max-image-preview":"max-image-preview:large","max-video-preview":"max-video-preview:-1"},"canonical":"https:\/\/erzaehlbistro.ch\/fr\/event\/mondrian-au-beyeler\/","og_locale":"fr_FR","og_type":"article","og_title":"Mondrian au Beyeler | Erz\u00e4hlbistro","og_description":"Par une belle journ\u00e9e de fin d'\u00e9t\u00e9, les amies et amis du bistrot d\u2019\u00e9change ont fl\u00e2n\u00e9 dans le jardin d'art de la Fondation Beyeler et se sont laiss\u00e9s envo\u00fbter par les tableaux du peintre n\u00e9erlandais Piet Mondrian dans le mus\u00e9e.","og_url":"https:\/\/erzaehlbistro.ch\/fr\/event\/mondrian-au-beyeler\/","og_site_name":"Erz\u00e4hlbistro","article_modified_time":"2022-10-03T07:52:09+00:00","og_image":[{"width":1024,"height":768,"url":"https:\/\/erzaehlbistro.ch\/wp-content\/uploads\/2022\/10\/WhatsApp-Image-2022-10-02-at-10.22.12.jpeg","type":"image\/jpeg"}],"twitter_card":"summary_large_image","twitter_misc":{"Dur\u00e9e de lecture estim\u00e9e":"2 minutes"},"schema":{"@context":"https:\/\/schema.org","@graph":[{"@type":"WebPage","@id":"https:\/\/erzaehlbistro.ch\/fr\/event\/mondrian-au-beyeler\/","url":"https:\/\/erzaehlbistro.ch\/fr\/event\/mondrian-au-beyeler\/","name":"Mondrian au Beyeler | Erz\u00e4hlbistro","isPartOf":{"@id":"https:\/\/erzaehlbistro.ch\/fr\/#website"},"primaryImageOfPage":{"@id":"https:\/\/erzaehlbistro.ch\/fr\/event\/mondrian-au-beyeler\/#primaryimage"},"image":{"@id":"https:\/\/erzaehlbistro.ch\/fr\/event\/mondrian-au-beyeler\/#primaryimage"},"thumbnailUrl":"https:\/\/erzaehlbistro.ch\/wp-content\/uploads\/2022\/10\/WhatsApp-Image-2022-10-02-at-10.22.12.jpeg","datePublished":"2022-10-03T05:41:42+00:00","dateModified":"2022-10-03T07:52:09+00:00","breadcrumb":{"@id":"https:\/\/erzaehlbistro.ch\/fr\/event\/mondrian-au-beyeler\/#breadcrumb"},"inLanguage":"fr-FR","potentialAction":[{"@type":"ReadAction","target":["https:\/\/erzaehlbistro.ch\/fr\/event\/mondrian-au-beyeler\/"]}]},{"@type":"ImageObject","inLanguage":"fr-FR","@id":"https:\/\/erzaehlbistro.ch\/fr\/event\/mondrian-au-beyeler\/#primaryimage","url":"https:\/\/erzaehlbistro.ch\/wp-content\/uploads\/2022\/10\/WhatsApp-Image-2022-10-02-at-10.22.12.jpeg","contentUrl":"https:\/\/erzaehlbistro.ch\/wp-content\/uploads\/2022\/10\/WhatsApp-Image-2022-10-02-at-10.22.12.jpeg","width":1024,"height":768},{"@type":"BreadcrumbList","@id":"https:\/\/erzaehlbistro.ch\/fr\/event\/mondrian-au-beyeler\/#breadcrumb","itemListElement":[{"@type":"ListItem","position":1,"name":"Home","item":"https:\/\/erzaehlbistro.ch\/fr\/"},{"@type":"ListItem","position":2,"name":"\u00c9v\u00e8nements","item":"https:\/\/erzaehlbistro.ch\/fr\/events\/"},{"@type":"ListItem","position":3,"name":"Mondrian au Beyeler"}]},{"@type":"WebSite","@id":"https:\/\/erzaehlbistro.ch\/fr\/#website","url":"https:\/\/erzaehlbistro.ch\/fr\/","name":"Erz\u00e4hlbistro","description":"Ein Begegnungsort f\u00fcr die Betroffenen f\u00fcrsorgerischer Zwangsmassnahmen","publisher":{"@id":"https:\/\/erzaehlbistro.ch\/fr\/#organization"},"potentialAction":[{"@type":"SearchAction","target":{"@type":"EntryPoint","urlTemplate":"https:\/\/erzaehlbistro.ch\/fr\/?s={search_term_string}"},"query-input":{"@type":"PropertyValueSpecification","valueRequired":true,"valueName":"search_term_string"}}],"inLanguage":"fr-FR"},{"@type":"Organization","@id":"https:\/\/erzaehlbistro.ch\/fr\/#organization","name":"Erz\u00e4hlbistro","url":"https:\/\/erzaehlbistro.ch\/fr\/","logo":{"@type":"ImageObject","inLanguage":"fr-FR","@id":"https:\/\/erzaehlbistro.ch\/fr\/#\/schema\/logo\/image\/","url":"https:\/\/erzaehlbistro.ch\/wp-content\/uploads\/2021\/10\/logo-retina.png","contentUrl":"https:\/\/erzaehlbistro.ch\/wp-content\/uploads\/2021\/10\/logo-retina.png","width":468,"height":120,"caption":"Erz\u00e4hlbistro"},"image":{"@id":"https:\/\/erzaehlbistro.ch\/fr\/#\/schema\/logo\/image\/"}}]}},"ticketed":false,"_links":{"self":[{"href":"https:\/\/erzaehlbistro.ch\/fr\/wp-json\/wp\/v2\/tribe_events\/4708"}],"collection":[{"href":"https:\/\/erzaehlbistro.ch\/fr\/wp-json\/wp\/v2\/tribe_events"}],"about":[{"href":"https:\/\/erzaehlbistro.ch\/fr\/wp-json\/wp\/v2\/types\/tribe_events"}],"author":[{"embeddable":true,"href":"https:\/\/erzaehlbistro.ch\/fr\/wp-json\/wp\/v2\/users\/4"}],"version-history":[{"count":1,"href":"https:\/\/erzaehlbistro.ch\/fr\/wp-json\/wp\/v2\/tribe_events\/4708\/revisions"}],"predecessor-version":[{"id":4709,"href":"https:\/\/erzaehlbistro.ch\/fr\/wp-json\/wp\/v2\/tribe_events\/4708\/revisions\/4709"}],"wp:featuredmedia":[{"embeddable":true,"href":"https:\/\/erzaehlbistro.ch\/fr\/wp-json\/wp\/v2\/media\/4703"}],"wp:attachment":[{"href":"https:\/\/erzaehlbistro.ch\/fr\/wp-json\/wp\/v2\/media?parent=4708"}],"wp:term":[{"taxonomy":"post_tag","embeddable":true,"href":"https:\/\/erzaehlbistro.ch\/fr\/wp-json\/wp\/v2\/tags?post=4708"},{"taxonomy":"tribe_events_cat","embeddable":true,"href":"https:\/\/erzaehlbistro.ch\/fr\/wp-json\/wp\/v2\/tribe_events_cat?post=4708"}],"curies":[{"name":"wp","href":"https:\/\/api.w.org\/{rel}","templated":true}]}}