{"id":4731,"date":"2022-11-25T15:31:02","date_gmt":"2022-11-25T14:31:02","guid":{"rendered":"https:\/\/erzaehlbistro.ch\/?post_type=tribe_events&#038;p=4731"},"modified":"2022-11-25T15:31:37","modified_gmt":"2022-11-25T14:31:37","slug":"bistrot-dechange-uniquement-en-francais","status":"publish","type":"tribe_events","link":"https:\/\/erzaehlbistro.ch\/fr\/event\/bistrot-dechange-uniquement-en-francais\/","title":{"rendered":"Bistrot d&rsquo;\u00e9change &#8211; uniquement en fran\u00e7ais"},"content":{"rendered":"<p><strong>Le bistrot d\u2019\u00e9change est de plus en plus connu et appr\u00e9ci\u00e9 en Suisse romande. Une cinquantaine de personnes ont fait le voyage jusqu&rsquo;\u00e0 Yverdon-les Bains pour s&rsquo;y retrouver et \u00e9changer ensemble. Une magnifique carte de v\u0153ux pour la conseill\u00e8re f\u00e9d\u00e9rale Simonetta Sommaruga a notamment \u00e9t\u00e9 r\u00e9alis\u00e9e. <\/strong><\/p>\n<p>En ce jour d&rsquo;hiver de novembre, la magnifique petite ville d&rsquo;Yverdon-les Bains \u00e9tait au d\u00e9but encore sous une couverture de brouillard. Les invit\u00e9s venus de toute la Suisse romande \u00e9taient donc heureux de pouvoir se r\u00e9chauffer dans le salon chaud de \u00ab\u00a0L&rsquo;Etoile\u00a0\u00bb avec un caf\u00e9 et un croissant. Apr\u00e8s un mot de bienvenue de l&rsquo;\u00e9quipe du bistrot d\u2019\u00e9change, les invit\u00e9s se sont r\u00e9partis dans les groupes. Les uns ont confectionn\u00e9 des cartes pour les f\u00eates, les autres voulaient parler de leurs \u00ab\u00a0souhaits\u00a0\u00bb dans un Caf\u00e9-r\u00e9cit.<\/p>\n<p><strong>De bonnes discussions dans les groupes &#8230;<\/strong><\/p>\n<p>Alors que dans un groupe, on discutait surtout de questions d&rsquo;actualit\u00e9, par exemple de ce que l&rsquo;on attend de la politique, dans l&rsquo;autre groupe, les amies et amis du bistrot d\u2019\u00e9change se racontaient des histoires plus personnelles. \u00ab\u00a0Je voulais toujours \u00eatre libre quand j&rsquo;\u00e9tais petite\u00a0\u00bb, dit une femme qui a \u00e9t\u00e9 s\u00e9par\u00e9e de ses parents et plac\u00e9e dans un foyer. Une autre voulait devenir cow-boy quand elle \u00e9tait enfant et a fini par travailler au Rwanda pour la Croix-Rouge. Une troisi\u00e8me personne tenait une petite cr\u00e8che en tant que maman de jour. Car d\u00e8s son plus jeune \u00e2ge, elle voulait aider les enfants. L&rsquo;ambiance \u00e9tait bonne et joyeuse. Une chanson commune a m\u00eame \u00e9t\u00e9 entonn\u00e9e.<\/p>\n<p><strong>&#8230; et pendant le repas<\/strong><\/p>\n<p>Dans le restaurant traditionnel \u00ab\u00a0La Pinte\u00a0\u00bb, situ\u00e9 dans la zone pi\u00e9tonne d&rsquo;Yverdon-les-Bains, un repas copieux a ensuite \u00e9t\u00e9 servi \u00e0 de longues tables. Urs Allemann a eu l&rsquo;id\u00e9e d&rsquo;envoyer une carte de v\u0153ux \u00e0 la conseill\u00e8re f\u00e9d\u00e9rale Simonetta Sommaruga pour son d\u00e9part. Tous les participants ont \u00e9crit quelques phrases de remerciement. Apr\u00e8s tout, c&rsquo;est Simonetta Sommaruga qui a fait avancer le travail sur l&rsquo;histoire des abus. Une magnifique photo a pu \u00eatre envoy\u00e9e &#8211; d&rsquo;un groupe de personnes concern\u00e9es reconnaissantes qui ont pu vivre ensemble une magnifique journ\u00e9e.<\/p>\n\n\t\t<style type=\"text\/css\">\n\t\t\t#gallery-1 {\n\t\t\t\tmargin: auto;\n\t\t\t}\n\t\t\t#gallery-1 .gallery-item {\n\t\t\t\tfloat: left;\n\t\t\t\tmargin-top: 10px;\n\t\t\t\ttext-align: center;\n\t\t\t\twidth: 33%;\n\t\t\t}\n\t\t\t#gallery-1 img {\n\t\t\t\tborder: 2px solid #cfcfcf;\n\t\t\t}\n\t\t\t#gallery-1 .gallery-caption {\n\t\t\t\tmargin-left: 0;\n\t\t\t}\n\t\t\t\/* see gallery_shortcode() in wp-includes\/media.php *\/\n\t\t<\/style>\n\t\t<div id='gallery-1' class='gallery galleryid-4731 gallery-columns-3 gallery-size-thumbnail'><dl class='gallery-item'>\n\t\t\t<dt class='gallery-icon landscape'>\n\t\t\t\t<a data-rel=\"iLightbox[postimages]\" data-title=\"e448751c-80ee-46c2-95c3-e21478f5d788\" data-caption=\"\" href='https:\/\/erzaehlbistro.ch\/fr\/e448751c-80ee-46c2-95c3-e21478f5d788-2\/'><img decoding=\"async\" width=\"150\" height=\"150\" src=\"https:\/\/erzaehlbistro.ch\/wp-content\/uploads\/2022\/11\/e448751c-80ee-46c2-95c3-e21478f5d788-150x150.jpg\" class=\"attachment-thumbnail size-thumbnail lazyload\" alt=\"\" srcset=\"data:image\/svg+xml,%3Csvg%20xmlns%3D%27http%3A%2F%2Fwww.w3.org%2F2000%2Fsvg%27%20width%3D%271024%27%20height%3D%27768%27%20viewBox%3D%270%200%201024%20768%27%3E%3Crect%20width%3D%271024%27%20height%3D%27768%27%20fill-opacity%3D%220%22%2F%3E%3C%2Fsvg%3E\" data-orig-src=\"https:\/\/erzaehlbistro.ch\/wp-content\/uploads\/2022\/11\/e448751c-80ee-46c2-95c3-e21478f5d788-150x150.jpg\" data-srcset=\"https:\/\/erzaehlbistro.ch\/wp-content\/uploads\/2022\/11\/e448751c-80ee-46c2-95c3-e21478f5d788-66x66.jpg 66w, https:\/\/erzaehlbistro.ch\/wp-content\/uploads\/2022\/11\/e448751c-80ee-46c2-95c3-e21478f5d788-150x150.jpg 150w\" data-sizes=\"auto\" \/><\/a>\n\t\t\t<\/dt><\/dl><dl class='gallery-item'>\n\t\t\t<dt class='gallery-icon landscape'>\n\t\t\t\t<a data-rel=\"iLightbox[postimages]\" data-title=\"238924d1-5dfd-42e4-a8c0-45cfd1a0c208\" data-caption=\"\" href='https:\/\/erzaehlbistro.ch\/fr\/238924d1-5dfd-42e4-a8c0-45cfd1a0c208-2\/'><img decoding=\"async\" width=\"150\" height=\"150\" src=\"https:\/\/erzaehlbistro.ch\/wp-content\/uploads\/2022\/11\/238924d1-5dfd-42e4-a8c0-45cfd1a0c208-150x150.jpg\" class=\"attachment-thumbnail size-thumbnail lazyload\" alt=\"\" srcset=\"data:image\/svg+xml,%3Csvg%20xmlns%3D%27http%3A%2F%2Fwww.w3.org%2F2000%2Fsvg%27%20width%3D%271024%27%20height%3D%27768%27%20viewBox%3D%270%200%201024%20768%27%3E%3Crect%20width%3D%271024%27%20height%3D%27768%27%20fill-opacity%3D%220%22%2F%3E%3C%2Fsvg%3E\" data-orig-src=\"https:\/\/erzaehlbistro.ch\/wp-content\/uploads\/2022\/11\/238924d1-5dfd-42e4-a8c0-45cfd1a0c208-150x150.jpg\" data-srcset=\"https:\/\/erzaehlbistro.ch\/wp-content\/uploads\/2022\/11\/238924d1-5dfd-42e4-a8c0-45cfd1a0c208-66x66.jpg 66w, https:\/\/erzaehlbistro.ch\/wp-content\/uploads\/2022\/11\/238924d1-5dfd-42e4-a8c0-45cfd1a0c208-150x150.jpg 150w\" data-sizes=\"auto\" \/><\/a>\n\t\t\t<\/dt><\/dl><dl class='gallery-item'>\n\t\t\t<dt class='gallery-icon landscape'>\n\t\t\t\t<a data-rel=\"iLightbox[postimages]\" data-title=\"ccc97f0c-ad6d-4e57-badb-7a75e0a8667e\" data-caption=\"\" href='https:\/\/erzaehlbistro.ch\/fr\/ccc97f0c-ad6d-4e57-badb-7a75e0a8667e-2\/'><img decoding=\"async\" width=\"150\" height=\"150\" src=\"https:\/\/erzaehlbistro.ch\/wp-content\/uploads\/2022\/11\/ccc97f0c-ad6d-4e57-badb-7a75e0a8667e-150x150.jpg\" class=\"attachment-thumbnail size-thumbnail lazyload\" alt=\"\" srcset=\"data:image\/svg+xml,%3Csvg%20xmlns%3D%27http%3A%2F%2Fwww.w3.org%2F2000%2Fsvg%27%20width%3D%271024%27%20height%3D%27768%27%20viewBox%3D%270%200%201024%20768%27%3E%3Crect%20width%3D%271024%27%20height%3D%27768%27%20fill-opacity%3D%220%22%2F%3E%3C%2Fsvg%3E\" data-orig-src=\"https:\/\/erzaehlbistro.ch\/wp-content\/uploads\/2022\/11\/ccc97f0c-ad6d-4e57-badb-7a75e0a8667e-150x150.jpg\" data-srcset=\"https:\/\/erzaehlbistro.ch\/wp-content\/uploads\/2022\/11\/ccc97f0c-ad6d-4e57-badb-7a75e0a8667e-66x66.jpg 66w, https:\/\/erzaehlbistro.ch\/wp-content\/uploads\/2022\/11\/ccc97f0c-ad6d-4e57-badb-7a75e0a8667e-150x150.jpg 150w\" data-sizes=\"auto\" \/><\/a>\n\t\t\t<\/dt><\/dl><br style=\"clear: both\" \/>\n\t\t<\/div>\n\n","protected":false},"excerpt":{"rendered":"<p>Le bistrot d\u2019\u00e9change est de plus en plus connu et appr\u00e9ci\u00e9 en Suisse romande. Une cinquantaine de personnes ont fait le voyage jusqu&rsquo;\u00e0 Yverdon-les Bains pour s&rsquo;y retrouver et \u00e9changer ensemble. Une magnifique carte de v\u0153ux pour la conseill\u00e8re f\u00e9d\u00e9rale Simonetta Sommaruga a notamment \u00e9t\u00e9 r\u00e9alis\u00e9e.<\/p>\n","protected":false},"author":4,"featured_media":4724,"template":"","meta":{"_price":"","_stock":"","_tribe_ticket_header":"","_tribe_default_ticket_provider":"","_tribe_ticket_capacity":"0","_ticket_start_date":"","_ticket_end_date":"","_tribe_ticket_show_description":"","_tribe_ticket_show_not_going":false,"_tribe_ticket_use_global_stock":"","_tribe_ticket_global_stock_level":"","_global_stock_mode":"","_global_stock_cap":"","_tribe_rsvp_for_event":"","_tribe_ticket_going_count":"","_tribe_ticket_not_going_count":"","_tribe_tickets_list":"[]","_tribe_ticket_has_attendee_info_fields":false,"_tribe_events_status":"","_tribe_events_status_reason":"","footnotes":"","_tec_slr_enabled":"","_tec_slr_layout":""},"tags":[],"tribe_events_cat":[],"yoast_head":"<!-- This site is optimized with the Yoast SEO plugin v24.4 - https:\/\/yoast.com\/wordpress\/plugins\/seo\/ -->\n<title>Bistrot d&#039;\u00e9change - uniquement en fran\u00e7ais | Erz\u00e4hlbistro<\/title>\n<meta name=\"robots\" content=\"index, follow, max-snippet:-1, max-image-preview:large, max-video-preview:-1\" \/>\n<link rel=\"canonical\" href=\"https:\/\/erzaehlbistro.ch\/fr\/event\/bistrot-dechange-uniquement-en-francais\/\" \/>\n<meta property=\"og:locale\" content=\"fr_FR\" \/>\n<meta property=\"og:type\" content=\"article\" \/>\n<meta property=\"og:title\" content=\"Bistrot d&#039;\u00e9change - uniquement en fran\u00e7ais | Erz\u00e4hlbistro\" \/>\n<meta property=\"og:description\" content=\"Le bistrot d\u2019\u00e9change est de plus en plus connu et appr\u00e9ci\u00e9 en Suisse romande. Une cinquantaine de personnes ont fait le voyage jusqu&#039;\u00e0 Yverdon-les Bains pour s&#039;y retrouver et \u00e9changer ensemble. Une magnifique carte de v\u0153ux pour la conseill\u00e8re f\u00e9d\u00e9rale Simonetta Sommaruga a notamment \u00e9t\u00e9 r\u00e9alis\u00e9e.\" \/>\n<meta property=\"og:url\" content=\"https:\/\/erzaehlbistro.ch\/fr\/event\/bistrot-dechange-uniquement-en-francais\/\" \/>\n<meta property=\"og:site_name\" content=\"Erz\u00e4hlbistro\" \/>\n<meta property=\"article:modified_time\" content=\"2022-11-25T14:31:37+00:00\" \/>\n<meta property=\"og:image\" content=\"https:\/\/erzaehlbistro.ch\/wp-content\/uploads\/2022\/11\/e448751c-80ee-46c2-95c3-e21478f5d788.jpg\" \/>\n\t<meta property=\"og:image:width\" content=\"1024\" \/>\n\t<meta property=\"og:image:height\" content=\"768\" \/>\n\t<meta property=\"og:image:type\" content=\"image\/jpeg\" \/>\n<meta name=\"twitter:card\" content=\"summary_large_image\" \/>\n<meta name=\"twitter:label1\" content=\"Dur\u00e9e de lecture estim\u00e9e\" \/>\n\t<meta name=\"twitter:data1\" content=\"2 minutes\" \/>\n<script type=\"application\/ld+json\" class=\"yoast-schema-graph\">{\"@context\":\"https:\/\/schema.org\",\"@graph\":[{\"@type\":\"WebPage\",\"@id\":\"https:\/\/erzaehlbistro.ch\/fr\/event\/bistrot-dechange-uniquement-en-francais\/\",\"url\":\"https:\/\/erzaehlbistro.ch\/fr\/event\/bistrot-dechange-uniquement-en-francais\/\",\"name\":\"Bistrot d'\u00e9change - uniquement en fran\u00e7ais | Erz\u00e4hlbistro\",\"isPartOf\":{\"@id\":\"https:\/\/erzaehlbistro.ch\/fr\/#website\"},\"primaryImageOfPage\":{\"@id\":\"https:\/\/erzaehlbistro.ch\/fr\/event\/bistrot-dechange-uniquement-en-francais\/#primaryimage\"},\"image\":{\"@id\":\"https:\/\/erzaehlbistro.ch\/fr\/event\/bistrot-dechange-uniquement-en-francais\/#primaryimage\"},\"thumbnailUrl\":\"https:\/\/erzaehlbistro.ch\/wp-content\/uploads\/2022\/11\/e448751c-80ee-46c2-95c3-e21478f5d788.jpg\",\"datePublished\":\"2022-11-25T14:31:02+00:00\",\"dateModified\":\"2022-11-25T14:31:37+00:00\",\"breadcrumb\":{\"@id\":\"https:\/\/erzaehlbistro.ch\/fr\/event\/bistrot-dechange-uniquement-en-francais\/#breadcrumb\"},\"inLanguage\":\"fr-FR\",\"potentialAction\":[{\"@type\":\"ReadAction\",\"target\":[\"https:\/\/erzaehlbistro.ch\/fr\/event\/bistrot-dechange-uniquement-en-francais\/\"]}]},{\"@type\":\"ImageObject\",\"inLanguage\":\"fr-FR\",\"@id\":\"https:\/\/erzaehlbistro.ch\/fr\/event\/bistrot-dechange-uniquement-en-francais\/#primaryimage\",\"url\":\"https:\/\/erzaehlbistro.ch\/wp-content\/uploads\/2022\/11\/e448751c-80ee-46c2-95c3-e21478f5d788.jpg\",\"contentUrl\":\"https:\/\/erzaehlbistro.ch\/wp-content\/uploads\/2022\/11\/e448751c-80ee-46c2-95c3-e21478f5d788.jpg\",\"width\":1024,\"height\":768},{\"@type\":\"BreadcrumbList\",\"@id\":\"https:\/\/erzaehlbistro.ch\/fr\/event\/bistrot-dechange-uniquement-en-francais\/#breadcrumb\",\"itemListElement\":[{\"@type\":\"ListItem\",\"position\":1,\"name\":\"Home\",\"item\":\"https:\/\/erzaehlbistro.ch\/fr\/\"},{\"@type\":\"ListItem\",\"position\":2,\"name\":\"\u00c9v\u00e8nements\",\"item\":\"https:\/\/erzaehlbistro.ch\/fr\/events\/\"},{\"@type\":\"ListItem\",\"position\":3,\"name\":\"Bistrot d&rsquo;\u00e9change &#8211; uniquement en fran\u00e7ais\"}]},{\"@type\":\"WebSite\",\"@id\":\"https:\/\/erzaehlbistro.ch\/fr\/#website\",\"url\":\"https:\/\/erzaehlbistro.ch\/fr\/\",\"name\":\"Erz\u00e4hlbistro\",\"description\":\"Ein Begegnungsort f\u00fcr die Betroffenen f\u00fcrsorgerischer Zwangsmassnahmen\",\"publisher\":{\"@id\":\"https:\/\/erzaehlbistro.ch\/fr\/#organization\"},\"potentialAction\":[{\"@type\":\"SearchAction\",\"target\":{\"@type\":\"EntryPoint\",\"urlTemplate\":\"https:\/\/erzaehlbistro.ch\/fr\/?s={search_term_string}\"},\"query-input\":{\"@type\":\"PropertyValueSpecification\",\"valueRequired\":true,\"valueName\":\"search_term_string\"}}],\"inLanguage\":\"fr-FR\"},{\"@type\":\"Organization\",\"@id\":\"https:\/\/erzaehlbistro.ch\/fr\/#organization\",\"name\":\"Erz\u00e4hlbistro\",\"url\":\"https:\/\/erzaehlbistro.ch\/fr\/\",\"logo\":{\"@type\":\"ImageObject\",\"inLanguage\":\"fr-FR\",\"@id\":\"https:\/\/erzaehlbistro.ch\/fr\/#\/schema\/logo\/image\/\",\"url\":\"https:\/\/erzaehlbistro.ch\/wp-content\/uploads\/2021\/10\/logo-retina.png\",\"contentUrl\":\"https:\/\/erzaehlbistro.ch\/wp-content\/uploads\/2021\/10\/logo-retina.png\",\"width\":468,\"height\":120,\"caption\":\"Erz\u00e4hlbistro\"},\"image\":{\"@id\":\"https:\/\/erzaehlbistro.ch\/fr\/#\/schema\/logo\/image\/\"}}]}<\/script>\n<!-- \/ Yoast SEO plugin. -->","yoast_head_json":{"title":"Bistrot d'\u00e9change - uniquement en fran\u00e7ais | Erz\u00e4hlbistro","robots":{"index":"index","follow":"follow","max-snippet":"max-snippet:-1","max-image-preview":"max-image-preview:large","max-video-preview":"max-video-preview:-1"},"canonical":"https:\/\/erzaehlbistro.ch\/fr\/event\/bistrot-dechange-uniquement-en-francais\/","og_locale":"fr_FR","og_type":"article","og_title":"Bistrot d'\u00e9change - uniquement en fran\u00e7ais | Erz\u00e4hlbistro","og_description":"Le bistrot d\u2019\u00e9change est de plus en plus connu et appr\u00e9ci\u00e9 en Suisse romande. Une cinquantaine de personnes ont fait le voyage jusqu'\u00e0 Yverdon-les Bains pour s'y retrouver et \u00e9changer ensemble. Une magnifique carte de v\u0153ux pour la conseill\u00e8re f\u00e9d\u00e9rale Simonetta Sommaruga a notamment \u00e9t\u00e9 r\u00e9alis\u00e9e.","og_url":"https:\/\/erzaehlbistro.ch\/fr\/event\/bistrot-dechange-uniquement-en-francais\/","og_site_name":"Erz\u00e4hlbistro","article_modified_time":"2022-11-25T14:31:37+00:00","og_image":[{"width":1024,"height":768,"url":"https:\/\/erzaehlbistro.ch\/wp-content\/uploads\/2022\/11\/e448751c-80ee-46c2-95c3-e21478f5d788.jpg","type":"image\/jpeg"}],"twitter_card":"summary_large_image","twitter_misc":{"Dur\u00e9e de lecture estim\u00e9e":"2 minutes"},"schema":{"@context":"https:\/\/schema.org","@graph":[{"@type":"WebPage","@id":"https:\/\/erzaehlbistro.ch\/fr\/event\/bistrot-dechange-uniquement-en-francais\/","url":"https:\/\/erzaehlbistro.ch\/fr\/event\/bistrot-dechange-uniquement-en-francais\/","name":"Bistrot d'\u00e9change - uniquement en fran\u00e7ais | Erz\u00e4hlbistro","isPartOf":{"@id":"https:\/\/erzaehlbistro.ch\/fr\/#website"},"primaryImageOfPage":{"@id":"https:\/\/erzaehlbistro.ch\/fr\/event\/bistrot-dechange-uniquement-en-francais\/#primaryimage"},"image":{"@id":"https:\/\/erzaehlbistro.ch\/fr\/event\/bistrot-dechange-uniquement-en-francais\/#primaryimage"},"thumbnailUrl":"https:\/\/erzaehlbistro.ch\/wp-content\/uploads\/2022\/11\/e448751c-80ee-46c2-95c3-e21478f5d788.jpg","datePublished":"2022-11-25T14:31:02+00:00","dateModified":"2022-11-25T14:31:37+00:00","breadcrumb":{"@id":"https:\/\/erzaehlbistro.ch\/fr\/event\/bistrot-dechange-uniquement-en-francais\/#breadcrumb"},"inLanguage":"fr-FR","potentialAction":[{"@type":"ReadAction","target":["https:\/\/erzaehlbistro.ch\/fr\/event\/bistrot-dechange-uniquement-en-francais\/"]}]},{"@type":"ImageObject","inLanguage":"fr-FR","@id":"https:\/\/erzaehlbistro.ch\/fr\/event\/bistrot-dechange-uniquement-en-francais\/#primaryimage","url":"https:\/\/erzaehlbistro.ch\/wp-content\/uploads\/2022\/11\/e448751c-80ee-46c2-95c3-e21478f5d788.jpg","contentUrl":"https:\/\/erzaehlbistro.ch\/wp-content\/uploads\/2022\/11\/e448751c-80ee-46c2-95c3-e21478f5d788.jpg","width":1024,"height":768},{"@type":"BreadcrumbList","@id":"https:\/\/erzaehlbistro.ch\/fr\/event\/bistrot-dechange-uniquement-en-francais\/#breadcrumb","itemListElement":[{"@type":"ListItem","position":1,"name":"Home","item":"https:\/\/erzaehlbistro.ch\/fr\/"},{"@type":"ListItem","position":2,"name":"\u00c9v\u00e8nements","item":"https:\/\/erzaehlbistro.ch\/fr\/events\/"},{"@type":"ListItem","position":3,"name":"Bistrot d&rsquo;\u00e9change &#8211; uniquement en fran\u00e7ais"}]},{"@type":"WebSite","@id":"https:\/\/erzaehlbistro.ch\/fr\/#website","url":"https:\/\/erzaehlbistro.ch\/fr\/","name":"Erz\u00e4hlbistro","description":"Ein Begegnungsort f\u00fcr die Betroffenen f\u00fcrsorgerischer Zwangsmassnahmen","publisher":{"@id":"https:\/\/erzaehlbistro.ch\/fr\/#organization"},"potentialAction":[{"@type":"SearchAction","target":{"@type":"EntryPoint","urlTemplate":"https:\/\/erzaehlbistro.ch\/fr\/?s={search_term_string}"},"query-input":{"@type":"PropertyValueSpecification","valueRequired":true,"valueName":"search_term_string"}}],"inLanguage":"fr-FR"},{"@type":"Organization","@id":"https:\/\/erzaehlbistro.ch\/fr\/#organization","name":"Erz\u00e4hlbistro","url":"https:\/\/erzaehlbistro.ch\/fr\/","logo":{"@type":"ImageObject","inLanguage":"fr-FR","@id":"https:\/\/erzaehlbistro.ch\/fr\/#\/schema\/logo\/image\/","url":"https:\/\/erzaehlbistro.ch\/wp-content\/uploads\/2021\/10\/logo-retina.png","contentUrl":"https:\/\/erzaehlbistro.ch\/wp-content\/uploads\/2021\/10\/logo-retina.png","width":468,"height":120,"caption":"Erz\u00e4hlbistro"},"image":{"@id":"https:\/\/erzaehlbistro.ch\/fr\/#\/schema\/logo\/image\/"}}]}},"ticketed":false,"_links":{"self":[{"href":"https:\/\/erzaehlbistro.ch\/fr\/wp-json\/wp\/v2\/tribe_events\/4731"}],"collection":[{"href":"https:\/\/erzaehlbistro.ch\/fr\/wp-json\/wp\/v2\/tribe_events"}],"about":[{"href":"https:\/\/erzaehlbistro.ch\/fr\/wp-json\/wp\/v2\/types\/tribe_events"}],"author":[{"embeddable":true,"href":"https:\/\/erzaehlbistro.ch\/fr\/wp-json\/wp\/v2\/users\/4"}],"version-history":[{"count":2,"href":"https:\/\/erzaehlbistro.ch\/fr\/wp-json\/wp\/v2\/tribe_events\/4731\/revisions"}],"predecessor-version":[{"id":4733,"href":"https:\/\/erzaehlbistro.ch\/fr\/wp-json\/wp\/v2\/tribe_events\/4731\/revisions\/4733"}],"wp:featuredmedia":[{"embeddable":true,"href":"https:\/\/erzaehlbistro.ch\/fr\/wp-json\/wp\/v2\/media\/4724"}],"wp:attachment":[{"href":"https:\/\/erzaehlbistro.ch\/fr\/wp-json\/wp\/v2\/media?parent=4731"}],"wp:term":[{"taxonomy":"post_tag","embeddable":true,"href":"https:\/\/erzaehlbistro.ch\/fr\/wp-json\/wp\/v2\/tags?post=4731"},{"taxonomy":"tribe_events_cat","embeddable":true,"href":"https:\/\/erzaehlbistro.ch\/fr\/wp-json\/wp\/v2\/tribe_events_cat?post=4731"}],"curies":[{"name":"wp","href":"https:\/\/api.w.org\/{rel}","templated":true}]}}