{"id":4876,"date":"2023-07-07T16:10:03","date_gmt":"2023-07-07T14:10:03","guid":{"rendered":"https:\/\/erzaehlbistro.ch\/?post_type=tribe_events&#038;p=4876"},"modified":"2023-07-07T16:10:03","modified_gmt":"2023-07-07T14:10:03","slug":"laisser-lame-sevader","status":"publish","type":"tribe_events","link":"https:\/\/erzaehlbistro.ch\/fr\/event\/laisser-lame-sevader\/","title":{"rendered":"Laisser l&rsquo;\u00e2me s&rsquo;\u00e9vader"},"content":{"rendered":"<p><strong>Les \u00e9l\u00e9gants chevaux Haflinger ont fait du dernier Bistrot d\u2019\u00e9change, une exp\u00e9rience unique. D&rsquo;un pas ferme, ils nous ont montr\u00e9 l&rsquo;Emmental sous son plus beau jour. <\/strong><\/p>\n<p>Avec deux chevaux, nous sommes pass\u00e9\u00b7e\u00b7s devant de magnifiques fermes avec leurs \u00ab\u00a0St\u00f6ckli\u00a0\u00bb et \u00ab\u00a0Spycher\u00a0\u00bb ainsi que leurs jardins soign\u00e9s. Le trajet en roulotte \u00e9tait agr\u00e9able et le paysage de l&rsquo;Emmental \u00e9tait tout simplement magnifique en ce jour d&rsquo;\u00e9t\u00e9.<\/p>\n<p><strong>Ici, les meringues sont appel\u00e9es mer\u00e4ngge<\/strong><\/p>\n<p>Pendant qu&rsquo;un groupe se promenait dans le paysage, l&rsquo;autre groupe a visit\u00e9 les nombreux animaux de la ferme. Et oui, les photos avec une t\u00eate de cheval \u00e9taient particuli\u00e8rement appr\u00e9ci\u00e9es ce jour-l\u00e0.<\/p>\n<p>Ensuite, les assiettes se sont remplies de salades de toutes les couleurs, de saucisses et de boulettes de viande. Mais le point culminant culinaire \u00e9tait le \u00ab\u00a0Mer\u00e4ngge\u00a0\u00bb d&rsquo;Emmental avec sa cr\u00e8me fouett\u00e9e. La p\u00e2tisserie blanche \u00e9tait si bonne que certain\u00b7e\u00b7s en ont m\u00eame repris deux fois. C&rsquo;est dans la bonne humeur que les 60 amies et amis du Bistrot d\u2019\u00e9change ont finalement pris le chemin du retour. Cette fois-ci, plus \u00e0 cheval, bien s\u00fbr. C&rsquo;est donc avec de tr\u00e8s beaux souvenirs que le Bistrot d\u2019\u00e9change prend sa pause estivale.<\/p>\n<p>&nbsp;<\/p>\n<p><img decoding=\"async\" class=\"lazyload alignnone size-full wp-image-4878\" src=\"https:\/\/erzaehlbistro.ch\/wp-content\/uploads\/2023\/07\/1PHOTO-2023-07-07-15-03-00.jpg\" data-orig-src=\"https:\/\/erzaehlbistro.ch\/wp-content\/uploads\/2023\/07\/1PHOTO-2023-07-07-15-03-00.jpg\" alt=\"\" width=\"1024\" height=\"768\" srcset=\"data:image\/svg+xml,%3Csvg%20xmlns%3D%27http%3A%2F%2Fwww.w3.org%2F2000%2Fsvg%27%20width%3D%271024%27%20height%3D%27768%27%20viewBox%3D%270%200%201024%20768%27%3E%3Crect%20width%3D%271024%27%20height%3D%27768%27%20fill-opacity%3D%220%22%2F%3E%3C%2Fsvg%3E\" data-srcset=\"https:\/\/erzaehlbistro.ch\/wp-content\/uploads\/2023\/07\/1PHOTO-2023-07-07-15-03-00-200x150.jpg 200w, https:\/\/erzaehlbistro.ch\/wp-content\/uploads\/2023\/07\/1PHOTO-2023-07-07-15-03-00-300x225.jpg 300w, https:\/\/erzaehlbistro.ch\/wp-content\/uploads\/2023\/07\/1PHOTO-2023-07-07-15-03-00-400x300.jpg 400w, https:\/\/erzaehlbistro.ch\/wp-content\/uploads\/2023\/07\/1PHOTO-2023-07-07-15-03-00-600x450.jpg 600w, https:\/\/erzaehlbistro.ch\/wp-content\/uploads\/2023\/07\/1PHOTO-2023-07-07-15-03-00-768x576.jpg 768w, https:\/\/erzaehlbistro.ch\/wp-content\/uploads\/2023\/07\/1PHOTO-2023-07-07-15-03-00-800x600.jpg 800w, https:\/\/erzaehlbistro.ch\/wp-content\/uploads\/2023\/07\/1PHOTO-2023-07-07-15-03-00.jpg 1024w\" data-sizes=\"auto\" data-orig-sizes=\"(max-width: 1024px) 100vw, 1024px\" \/> <img decoding=\"async\" class=\"lazyload alignnone size-full wp-image-4896\" src=\"https:\/\/erzaehlbistro.ch\/wp-content\/uploads\/2023\/07\/PHOTO-2023-07-07-15-04-23.jpg\" data-orig-src=\"https:\/\/erzaehlbistro.ch\/wp-content\/uploads\/2023\/07\/PHOTO-2023-07-07-15-04-23.jpg\" alt=\"\" width=\"768\" height=\"1024\" srcset=\"data:image\/svg+xml,%3Csvg%20xmlns%3D%27http%3A%2F%2Fwww.w3.org%2F2000%2Fsvg%27%20width%3D%27768%27%20height%3D%271024%27%20viewBox%3D%270%200%20768%201024%27%3E%3Crect%20width%3D%27768%27%20height%3D%271024%27%20fill-opacity%3D%220%22%2F%3E%3C%2Fsvg%3E\" data-srcset=\"https:\/\/erzaehlbistro.ch\/wp-content\/uploads\/2023\/07\/PHOTO-2023-07-07-15-04-23-200x267.jpg 200w, https:\/\/erzaehlbistro.ch\/wp-content\/uploads\/2023\/07\/PHOTO-2023-07-07-15-04-23-225x300.jpg 225w, https:\/\/erzaehlbistro.ch\/wp-content\/uploads\/2023\/07\/PHOTO-2023-07-07-15-04-23-400x533.jpg 400w, https:\/\/erzaehlbistro.ch\/wp-content\/uploads\/2023\/07\/PHOTO-2023-07-07-15-04-23-600x800.jpg 600w, https:\/\/erzaehlbistro.ch\/wp-content\/uploads\/2023\/07\/PHOTO-2023-07-07-15-04-23.jpg 768w\" data-sizes=\"auto\" data-orig-sizes=\"(max-width: 768px) 100vw, 768px\" \/> <img decoding=\"async\" class=\"lazyload alignnone size-full wp-image-4894\" src=\"https:\/\/erzaehlbistro.ch\/wp-content\/uploads\/2023\/07\/PHOTO-2023-07-07-15-03-52.jpg\" data-orig-src=\"https:\/\/erzaehlbistro.ch\/wp-content\/uploads\/2023\/07\/PHOTO-2023-07-07-15-03-52.jpg\" alt=\"\" width=\"576\" height=\"1024\" srcset=\"data:image\/svg+xml,%3Csvg%20xmlns%3D%27http%3A%2F%2Fwww.w3.org%2F2000%2Fsvg%27%20width%3D%27576%27%20height%3D%271024%27%20viewBox%3D%270%200%20576%201024%27%3E%3Crect%20width%3D%27576%27%20height%3D%271024%27%20fill-opacity%3D%220%22%2F%3E%3C%2Fsvg%3E\" data-srcset=\"https:\/\/erzaehlbistro.ch\/wp-content\/uploads\/2023\/07\/PHOTO-2023-07-07-15-03-52-169x300.jpg 169w, https:\/\/erzaehlbistro.ch\/wp-content\/uploads\/2023\/07\/PHOTO-2023-07-07-15-03-52-200x356.jpg 200w, https:\/\/erzaehlbistro.ch\/wp-content\/uploads\/2023\/07\/PHOTO-2023-07-07-15-03-52-400x711.jpg 400w, https:\/\/erzaehlbistro.ch\/wp-content\/uploads\/2023\/07\/PHOTO-2023-07-07-15-03-52.jpg 576w\" data-sizes=\"auto\" data-orig-sizes=\"(max-width: 576px) 100vw, 576px\" \/> <img decoding=\"async\" class=\"lazyload alignnone size-full wp-image-4892\" src=\"https:\/\/erzaehlbistro.ch\/wp-content\/uploads\/2023\/07\/PHOTO-2023-07-07-15-03-00.jpg\" data-orig-src=\"https:\/\/erzaehlbistro.ch\/wp-content\/uploads\/2023\/07\/PHOTO-2023-07-07-15-03-00.jpg\" alt=\"\" width=\"768\" height=\"1024\" srcset=\"data:image\/svg+xml,%3Csvg%20xmlns%3D%27http%3A%2F%2Fwww.w3.org%2F2000%2Fsvg%27%20width%3D%27768%27%20height%3D%271024%27%20viewBox%3D%270%200%20768%201024%27%3E%3Crect%20width%3D%27768%27%20height%3D%271024%27%20fill-opacity%3D%220%22%2F%3E%3C%2Fsvg%3E\" data-srcset=\"https:\/\/erzaehlbistro.ch\/wp-content\/uploads\/2023\/07\/PHOTO-2023-07-07-15-03-00-200x267.jpg 200w, https:\/\/erzaehlbistro.ch\/wp-content\/uploads\/2023\/07\/PHOTO-2023-07-07-15-03-00-225x300.jpg 225w, https:\/\/erzaehlbistro.ch\/wp-content\/uploads\/2023\/07\/PHOTO-2023-07-07-15-03-00-400x533.jpg 400w, https:\/\/erzaehlbistro.ch\/wp-content\/uploads\/2023\/07\/PHOTO-2023-07-07-15-03-00-600x800.jpg 600w, https:\/\/erzaehlbistro.ch\/wp-content\/uploads\/2023\/07\/PHOTO-2023-07-07-15-03-00.jpg 768w\" data-sizes=\"auto\" data-orig-sizes=\"(max-width: 768px) 100vw, 768px\" \/> <img decoding=\"async\" class=\"lazyload alignnone size-full wp-image-4888\" src=\"https:\/\/erzaehlbistro.ch\/wp-content\/uploads\/2023\/07\/6PHOTO-2023-07-07-15-03-00.jpg\" data-orig-src=\"https:\/\/erzaehlbistro.ch\/wp-content\/uploads\/2023\/07\/6PHOTO-2023-07-07-15-03-00.jpg\" alt=\"\" width=\"768\" height=\"1024\" srcset=\"data:image\/svg+xml,%3Csvg%20xmlns%3D%27http%3A%2F%2Fwww.w3.org%2F2000%2Fsvg%27%20width%3D%27768%27%20height%3D%271024%27%20viewBox%3D%270%200%20768%201024%27%3E%3Crect%20width%3D%27768%27%20height%3D%271024%27%20fill-opacity%3D%220%22%2F%3E%3C%2Fsvg%3E\" data-srcset=\"https:\/\/erzaehlbistro.ch\/wp-content\/uploads\/2023\/07\/6PHOTO-2023-07-07-15-03-00-200x267.jpg 200w, https:\/\/erzaehlbistro.ch\/wp-content\/uploads\/2023\/07\/6PHOTO-2023-07-07-15-03-00-225x300.jpg 225w, https:\/\/erzaehlbistro.ch\/wp-content\/uploads\/2023\/07\/6PHOTO-2023-07-07-15-03-00-400x533.jpg 400w, https:\/\/erzaehlbistro.ch\/wp-content\/uploads\/2023\/07\/6PHOTO-2023-07-07-15-03-00-600x800.jpg 600w, https:\/\/erzaehlbistro.ch\/wp-content\/uploads\/2023\/07\/6PHOTO-2023-07-07-15-03-00.jpg 768w\" data-sizes=\"auto\" data-orig-sizes=\"(max-width: 768px) 100vw, 768px\" \/> <img decoding=\"async\" class=\"lazyload alignnone size-full wp-image-4884\" src=\"https:\/\/erzaehlbistro.ch\/wp-content\/uploads\/2023\/07\/4PHOTO-2023-07-07-15-03-00.jpg\" data-orig-src=\"https:\/\/erzaehlbistro.ch\/wp-content\/uploads\/2023\/07\/4PHOTO-2023-07-07-15-03-00.jpg\" alt=\"\" width=\"1024\" height=\"768\" srcset=\"data:image\/svg+xml,%3Csvg%20xmlns%3D%27http%3A%2F%2Fwww.w3.org%2F2000%2Fsvg%27%20width%3D%271024%27%20height%3D%27768%27%20viewBox%3D%270%200%201024%20768%27%3E%3Crect%20width%3D%271024%27%20height%3D%27768%27%20fill-opacity%3D%220%22%2F%3E%3C%2Fsvg%3E\" data-srcset=\"https:\/\/erzaehlbistro.ch\/wp-content\/uploads\/2023\/07\/4PHOTO-2023-07-07-15-03-00-200x150.jpg 200w, https:\/\/erzaehlbistro.ch\/wp-content\/uploads\/2023\/07\/4PHOTO-2023-07-07-15-03-00-300x225.jpg 300w, https:\/\/erzaehlbistro.ch\/wp-content\/uploads\/2023\/07\/4PHOTO-2023-07-07-15-03-00-400x300.jpg 400w, https:\/\/erzaehlbistro.ch\/wp-content\/uploads\/2023\/07\/4PHOTO-2023-07-07-15-03-00-600x450.jpg 600w, https:\/\/erzaehlbistro.ch\/wp-content\/uploads\/2023\/07\/4PHOTO-2023-07-07-15-03-00-768x576.jpg 768w, https:\/\/erzaehlbistro.ch\/wp-content\/uploads\/2023\/07\/4PHOTO-2023-07-07-15-03-00-800x600.jpg 800w, https:\/\/erzaehlbistro.ch\/wp-content\/uploads\/2023\/07\/4PHOTO-2023-07-07-15-03-00.jpg 1024w\" data-sizes=\"auto\" data-orig-sizes=\"(max-width: 1024px) 100vw, 1024px\" \/> <img decoding=\"async\" class=\"lazyload alignnone size-full wp-image-4880\" src=\"https:\/\/erzaehlbistro.ch\/wp-content\/uploads\/2023\/07\/2PHOTO-2023-07-07-15-03-00.jpg\" data-orig-src=\"https:\/\/erzaehlbistro.ch\/wp-content\/uploads\/2023\/07\/2PHOTO-2023-07-07-15-03-00.jpg\" alt=\"\" width=\"768\" height=\"1024\" srcset=\"data:image\/svg+xml,%3Csvg%20xmlns%3D%27http%3A%2F%2Fwww.w3.org%2F2000%2Fsvg%27%20width%3D%27768%27%20height%3D%271024%27%20viewBox%3D%270%200%20768%201024%27%3E%3Crect%20width%3D%27768%27%20height%3D%271024%27%20fill-opacity%3D%220%22%2F%3E%3C%2Fsvg%3E\" data-srcset=\"https:\/\/erzaehlbistro.ch\/wp-content\/uploads\/2023\/07\/2PHOTO-2023-07-07-15-03-00-200x267.jpg 200w, https:\/\/erzaehlbistro.ch\/wp-content\/uploads\/2023\/07\/2PHOTO-2023-07-07-15-03-00-225x300.jpg 225w, https:\/\/erzaehlbistro.ch\/wp-content\/uploads\/2023\/07\/2PHOTO-2023-07-07-15-03-00-400x533.jpg 400w, https:\/\/erzaehlbistro.ch\/wp-content\/uploads\/2023\/07\/2PHOTO-2023-07-07-15-03-00-600x800.jpg 600w, https:\/\/erzaehlbistro.ch\/wp-content\/uploads\/2023\/07\/2PHOTO-2023-07-07-15-03-00.jpg 768w\" data-sizes=\"auto\" data-orig-sizes=\"(max-width: 768px) 100vw, 768px\" \/><\/p>\n","protected":false},"excerpt":{"rendered":"<p>Les \u00e9l\u00e9gants chevaux Haflinger ont fait du dernier Bistrot d\u2019\u00e9change, une exp\u00e9rience unique. D&rsquo;un pas ferme, ils nous ont montr\u00e9 l&rsquo;Emmental sous son plus beau jour.<\/p>\n","protected":false},"author":4,"featured_media":4890,"template":"","meta":{"_price":"","_stock":"","_tribe_ticket_header":"","_tribe_default_ticket_provider":"","_tribe_ticket_capacity":"0","_ticket_start_date":"","_ticket_end_date":"","_tribe_ticket_show_description":"","_tribe_ticket_show_not_going":false,"_tribe_ticket_use_global_stock":"","_tribe_ticket_global_stock_level":"","_global_stock_mode":"","_global_stock_cap":"","_tribe_rsvp_for_event":"","_tribe_ticket_going_count":"","_tribe_ticket_not_going_count":"","_tribe_tickets_list":"[]","_tribe_ticket_has_attendee_info_fields":false,"_tribe_events_status":"","_tribe_events_status_reason":"","footnotes":"","_tec_slr_enabled":"","_tec_slr_layout":""},"tags":[],"tribe_events_cat":[],"yoast_head":"<!-- This site is optimized with the Yoast SEO plugin v24.4 - https:\/\/yoast.com\/wordpress\/plugins\/seo\/ -->\n<title>Laisser l&#039;\u00e2me s&#039;\u00e9vader | Erz\u00e4hlbistro<\/title>\n<meta name=\"description\" content=\"D&#039;o\u00f9 vient notre nourriture ? Comment est-elle conserv\u00e9e ? Et comment pouvons-nous savoir si nous aimons quelque chose ? Les ami\u00b7e\u00b7s du Bistrot d\u2019\u00e9change ont trouv\u00e9 les r\u00e9ponses \u00e0 ces questions et \u00e0 bien d&#039;autres encore au Mus\u00e9e de l&#039;alimentation \u00e0 Vevey.\" \/>\n<meta name=\"robots\" content=\"index, follow, max-snippet:-1, max-image-preview:large, max-video-preview:-1\" \/>\n<link rel=\"canonical\" href=\"https:\/\/erzaehlbistro.ch\/fr\/event\/laisser-lame-sevader\/\" \/>\n<meta property=\"og:locale\" content=\"fr_FR\" \/>\n<meta property=\"og:type\" content=\"article\" \/>\n<meta property=\"og:title\" content=\"Laisser l&#039;\u00e2me s&#039;\u00e9vader | Erz\u00e4hlbistro\" \/>\n<meta property=\"og:description\" content=\"D&#039;o\u00f9 vient notre nourriture ? Comment est-elle conserv\u00e9e ? Et comment pouvons-nous savoir si nous aimons quelque chose ? Les ami\u00b7e\u00b7s du Bistrot d\u2019\u00e9change ont trouv\u00e9 les r\u00e9ponses \u00e0 ces questions et \u00e0 bien d&#039;autres encore au Mus\u00e9e de l&#039;alimentation \u00e0 Vevey.\" \/>\n<meta property=\"og:url\" content=\"https:\/\/erzaehlbistro.ch\/fr\/event\/laisser-lame-sevader\/\" \/>\n<meta property=\"og:site_name\" content=\"Erz\u00e4hlbistro\" \/>\n<meta property=\"og:image\" content=\"https:\/\/erzaehlbistro.ch\/wp-content\/uploads\/2023\/07\/7PHOTO-2023-07-07-15-03-00.jpg\" \/>\n\t<meta property=\"og:image:width\" content=\"1024\" \/>\n\t<meta property=\"og:image:height\" content=\"768\" \/>\n\t<meta property=\"og:image:type\" content=\"image\/jpeg\" \/>\n<meta name=\"twitter:card\" content=\"summary_large_image\" \/>\n<meta name=\"twitter:label1\" content=\"Dur\u00e9e de lecture estim\u00e9e\" \/>\n\t<meta name=\"twitter:data1\" content=\"3 minutes\" \/>\n<script type=\"application\/ld+json\" class=\"yoast-schema-graph\">{\"@context\":\"https:\/\/schema.org\",\"@graph\":[{\"@type\":\"WebPage\",\"@id\":\"https:\/\/erzaehlbistro.ch\/fr\/event\/laisser-lame-sevader\/\",\"url\":\"https:\/\/erzaehlbistro.ch\/fr\/event\/laisser-lame-sevader\/\",\"name\":\"Laisser l'\u00e2me s'\u00e9vader | Erz\u00e4hlbistro\",\"isPartOf\":{\"@id\":\"https:\/\/erzaehlbistro.ch\/fr\/#website\"},\"primaryImageOfPage\":{\"@id\":\"https:\/\/erzaehlbistro.ch\/fr\/event\/laisser-lame-sevader\/#primaryimage\"},\"image\":{\"@id\":\"https:\/\/erzaehlbistro.ch\/fr\/event\/laisser-lame-sevader\/#primaryimage\"},\"thumbnailUrl\":\"https:\/\/erzaehlbistro.ch\/wp-content\/uploads\/2023\/07\/7PHOTO-2023-07-07-15-03-00.jpg\",\"datePublished\":\"2023-07-07T14:10:03+00:00\",\"description\":\"D'o\u00f9 vient notre nourriture ? Comment est-elle conserv\u00e9e ? Et comment pouvons-nous savoir si nous aimons quelque chose ? Les ami\u00b7e\u00b7s du Bistrot d\u2019\u00e9change ont trouv\u00e9 les r\u00e9ponses \u00e0 ces questions et \u00e0 bien d'autres encore au Mus\u00e9e de l'alimentation \u00e0 Vevey.\",\"breadcrumb\":{\"@id\":\"https:\/\/erzaehlbistro.ch\/fr\/event\/laisser-lame-sevader\/#breadcrumb\"},\"inLanguage\":\"fr-FR\",\"potentialAction\":[{\"@type\":\"ReadAction\",\"target\":[\"https:\/\/erzaehlbistro.ch\/fr\/event\/laisser-lame-sevader\/\"]}]},{\"@type\":\"ImageObject\",\"inLanguage\":\"fr-FR\",\"@id\":\"https:\/\/erzaehlbistro.ch\/fr\/event\/laisser-lame-sevader\/#primaryimage\",\"url\":\"https:\/\/erzaehlbistro.ch\/wp-content\/uploads\/2023\/07\/7PHOTO-2023-07-07-15-03-00.jpg\",\"contentUrl\":\"https:\/\/erzaehlbistro.ch\/wp-content\/uploads\/2023\/07\/7PHOTO-2023-07-07-15-03-00.jpg\",\"width\":1024,\"height\":768},{\"@type\":\"BreadcrumbList\",\"@id\":\"https:\/\/erzaehlbistro.ch\/fr\/event\/laisser-lame-sevader\/#breadcrumb\",\"itemListElement\":[{\"@type\":\"ListItem\",\"position\":1,\"name\":\"Home\",\"item\":\"https:\/\/erzaehlbistro.ch\/fr\/\"},{\"@type\":\"ListItem\",\"position\":2,\"name\":\"\u00c9v\u00e8nements\",\"item\":\"https:\/\/erzaehlbistro.ch\/fr\/events\/\"},{\"@type\":\"ListItem\",\"position\":3,\"name\":\"Laisser l&rsquo;\u00e2me s&rsquo;\u00e9vader\"}]},{\"@type\":\"WebSite\",\"@id\":\"https:\/\/erzaehlbistro.ch\/fr\/#website\",\"url\":\"https:\/\/erzaehlbistro.ch\/fr\/\",\"name\":\"Erz\u00e4hlbistro\",\"description\":\"Ein Begegnungsort f\u00fcr die Betroffenen f\u00fcrsorgerischer Zwangsmassnahmen\",\"publisher\":{\"@id\":\"https:\/\/erzaehlbistro.ch\/fr\/#organization\"},\"potentialAction\":[{\"@type\":\"SearchAction\",\"target\":{\"@type\":\"EntryPoint\",\"urlTemplate\":\"https:\/\/erzaehlbistro.ch\/fr\/?s={search_term_string}\"},\"query-input\":{\"@type\":\"PropertyValueSpecification\",\"valueRequired\":true,\"valueName\":\"search_term_string\"}}],\"inLanguage\":\"fr-FR\"},{\"@type\":\"Organization\",\"@id\":\"https:\/\/erzaehlbistro.ch\/fr\/#organization\",\"name\":\"Erz\u00e4hlbistro\",\"url\":\"https:\/\/erzaehlbistro.ch\/fr\/\",\"logo\":{\"@type\":\"ImageObject\",\"inLanguage\":\"fr-FR\",\"@id\":\"https:\/\/erzaehlbistro.ch\/fr\/#\/schema\/logo\/image\/\",\"url\":\"https:\/\/erzaehlbistro.ch\/wp-content\/uploads\/2021\/10\/logo-retina.png\",\"contentUrl\":\"https:\/\/erzaehlbistro.ch\/wp-content\/uploads\/2021\/10\/logo-retina.png\",\"width\":468,\"height\":120,\"caption\":\"Erz\u00e4hlbistro\"},\"image\":{\"@id\":\"https:\/\/erzaehlbistro.ch\/fr\/#\/schema\/logo\/image\/\"}}]}<\/script>\n<!-- \/ Yoast SEO plugin. -->","yoast_head_json":{"title":"Laisser l'\u00e2me s'\u00e9vader | Erz\u00e4hlbistro","description":"D'o\u00f9 vient notre nourriture ? Comment est-elle conserv\u00e9e ? Et comment pouvons-nous savoir si nous aimons quelque chose ? Les ami\u00b7e\u00b7s du Bistrot d\u2019\u00e9change ont trouv\u00e9 les r\u00e9ponses \u00e0 ces questions et \u00e0 bien d'autres encore au Mus\u00e9e de l'alimentation \u00e0 Vevey.","robots":{"index":"index","follow":"follow","max-snippet":"max-snippet:-1","max-image-preview":"max-image-preview:large","max-video-preview":"max-video-preview:-1"},"canonical":"https:\/\/erzaehlbistro.ch\/fr\/event\/laisser-lame-sevader\/","og_locale":"fr_FR","og_type":"article","og_title":"Laisser l'\u00e2me s'\u00e9vader | Erz\u00e4hlbistro","og_description":"D'o\u00f9 vient notre nourriture ? Comment est-elle conserv\u00e9e ? Et comment pouvons-nous savoir si nous aimons quelque chose ? Les ami\u00b7e\u00b7s du Bistrot d\u2019\u00e9change ont trouv\u00e9 les r\u00e9ponses \u00e0 ces questions et \u00e0 bien d'autres encore au Mus\u00e9e de l'alimentation \u00e0 Vevey.","og_url":"https:\/\/erzaehlbistro.ch\/fr\/event\/laisser-lame-sevader\/","og_site_name":"Erz\u00e4hlbistro","og_image":[{"width":1024,"height":768,"url":"https:\/\/erzaehlbistro.ch\/wp-content\/uploads\/2023\/07\/7PHOTO-2023-07-07-15-03-00.jpg","type":"image\/jpeg"}],"twitter_card":"summary_large_image","twitter_misc":{"Dur\u00e9e de lecture estim\u00e9e":"3 minutes"},"schema":{"@context":"https:\/\/schema.org","@graph":[{"@type":"WebPage","@id":"https:\/\/erzaehlbistro.ch\/fr\/event\/laisser-lame-sevader\/","url":"https:\/\/erzaehlbistro.ch\/fr\/event\/laisser-lame-sevader\/","name":"Laisser l'\u00e2me s'\u00e9vader | Erz\u00e4hlbistro","isPartOf":{"@id":"https:\/\/erzaehlbistro.ch\/fr\/#website"},"primaryImageOfPage":{"@id":"https:\/\/erzaehlbistro.ch\/fr\/event\/laisser-lame-sevader\/#primaryimage"},"image":{"@id":"https:\/\/erzaehlbistro.ch\/fr\/event\/laisser-lame-sevader\/#primaryimage"},"thumbnailUrl":"https:\/\/erzaehlbistro.ch\/wp-content\/uploads\/2023\/07\/7PHOTO-2023-07-07-15-03-00.jpg","datePublished":"2023-07-07T14:10:03+00:00","description":"D'o\u00f9 vient notre nourriture ? Comment est-elle conserv\u00e9e ? Et comment pouvons-nous savoir si nous aimons quelque chose ? Les ami\u00b7e\u00b7s du Bistrot d\u2019\u00e9change ont trouv\u00e9 les r\u00e9ponses \u00e0 ces questions et \u00e0 bien d'autres encore au Mus\u00e9e de l'alimentation \u00e0 Vevey.","breadcrumb":{"@id":"https:\/\/erzaehlbistro.ch\/fr\/event\/laisser-lame-sevader\/#breadcrumb"},"inLanguage":"fr-FR","potentialAction":[{"@type":"ReadAction","target":["https:\/\/erzaehlbistro.ch\/fr\/event\/laisser-lame-sevader\/"]}]},{"@type":"ImageObject","inLanguage":"fr-FR","@id":"https:\/\/erzaehlbistro.ch\/fr\/event\/laisser-lame-sevader\/#primaryimage","url":"https:\/\/erzaehlbistro.ch\/wp-content\/uploads\/2023\/07\/7PHOTO-2023-07-07-15-03-00.jpg","contentUrl":"https:\/\/erzaehlbistro.ch\/wp-content\/uploads\/2023\/07\/7PHOTO-2023-07-07-15-03-00.jpg","width":1024,"height":768},{"@type":"BreadcrumbList","@id":"https:\/\/erzaehlbistro.ch\/fr\/event\/laisser-lame-sevader\/#breadcrumb","itemListElement":[{"@type":"ListItem","position":1,"name":"Home","item":"https:\/\/erzaehlbistro.ch\/fr\/"},{"@type":"ListItem","position":2,"name":"\u00c9v\u00e8nements","item":"https:\/\/erzaehlbistro.ch\/fr\/events\/"},{"@type":"ListItem","position":3,"name":"Laisser l&rsquo;\u00e2me s&rsquo;\u00e9vader"}]},{"@type":"WebSite","@id":"https:\/\/erzaehlbistro.ch\/fr\/#website","url":"https:\/\/erzaehlbistro.ch\/fr\/","name":"Erz\u00e4hlbistro","description":"Ein Begegnungsort f\u00fcr die Betroffenen f\u00fcrsorgerischer Zwangsmassnahmen","publisher":{"@id":"https:\/\/erzaehlbistro.ch\/fr\/#organization"},"potentialAction":[{"@type":"SearchAction","target":{"@type":"EntryPoint","urlTemplate":"https:\/\/erzaehlbistro.ch\/fr\/?s={search_term_string}"},"query-input":{"@type":"PropertyValueSpecification","valueRequired":true,"valueName":"search_term_string"}}],"inLanguage":"fr-FR"},{"@type":"Organization","@id":"https:\/\/erzaehlbistro.ch\/fr\/#organization","name":"Erz\u00e4hlbistro","url":"https:\/\/erzaehlbistro.ch\/fr\/","logo":{"@type":"ImageObject","inLanguage":"fr-FR","@id":"https:\/\/erzaehlbistro.ch\/fr\/#\/schema\/logo\/image\/","url":"https:\/\/erzaehlbistro.ch\/wp-content\/uploads\/2021\/10\/logo-retina.png","contentUrl":"https:\/\/erzaehlbistro.ch\/wp-content\/uploads\/2021\/10\/logo-retina.png","width":468,"height":120,"caption":"Erz\u00e4hlbistro"},"image":{"@id":"https:\/\/erzaehlbistro.ch\/fr\/#\/schema\/logo\/image\/"}}]}},"ticketed":false,"_links":{"self":[{"href":"https:\/\/erzaehlbistro.ch\/fr\/wp-json\/wp\/v2\/tribe_events\/4876"}],"collection":[{"href":"https:\/\/erzaehlbistro.ch\/fr\/wp-json\/wp\/v2\/tribe_events"}],"about":[{"href":"https:\/\/erzaehlbistro.ch\/fr\/wp-json\/wp\/v2\/types\/tribe_events"}],"author":[{"embeddable":true,"href":"https:\/\/erzaehlbistro.ch\/fr\/wp-json\/wp\/v2\/users\/4"}],"version-history":[{"count":1,"href":"https:\/\/erzaehlbistro.ch\/fr\/wp-json\/wp\/v2\/tribe_events\/4876\/revisions"}],"predecessor-version":[{"id":4900,"href":"https:\/\/erzaehlbistro.ch\/fr\/wp-json\/wp\/v2\/tribe_events\/4876\/revisions\/4900"}],"wp:featuredmedia":[{"embeddable":true,"href":"https:\/\/erzaehlbistro.ch\/fr\/wp-json\/wp\/v2\/media\/4890"}],"wp:attachment":[{"href":"https:\/\/erzaehlbistro.ch\/fr\/wp-json\/wp\/v2\/media?parent=4876"}],"wp:term":[{"taxonomy":"post_tag","embeddable":true,"href":"https:\/\/erzaehlbistro.ch\/fr\/wp-json\/wp\/v2\/tags?post=4876"},{"taxonomy":"tribe_events_cat","embeddable":true,"href":"https:\/\/erzaehlbistro.ch\/fr\/wp-json\/wp\/v2\/tribe_events_cat?post=4876"}],"curies":[{"name":"wp","href":"https:\/\/api.w.org\/{rel}","templated":true}]}}