{"id":4947,"date":"2023-07-24T15:22:01","date_gmt":"2023-07-24T13:22:01","guid":{"rendered":"https:\/\/erzaehlbistro.ch\/?post_type=tribe_events&#038;p=4947"},"modified":"2023-12-08T16:38:30","modified_gmt":"2023-12-08T15:38:30","slug":"cafe-recit-a-ouchy-lausanne","status":"publish","type":"tribe_events","link":"https:\/\/erzaehlbistro.ch\/fr\/event\/cafe-recit-a-ouchy-lausanne\/","title":{"rendered":"Caf\u00e9-r\u00e9cit \u00e0 Ouchy, Lausanne"},"content":{"rendered":"<p><strong>Le soleil d&rsquo;automne a offert au Bistrot d\u2019\u00e9change une magnifique journ\u00e9e \u00e0 Lausanne. La promenade au bord du lac L\u00e9man a fait se p\u00e2mer nos h\u00f4tes.<\/strong><\/p>\n<p>Lorsque l&rsquo;on sort du tunnel en train depuis Berne et que l&rsquo;on voit le lac L\u00e9man pour la premi\u00e8re fois, il est difficile de retenir un \u00ab\u00a0Ah\u00a0\u00bb ou un \u00ab\u00a0Oh\u00a0\u00bb. La r\u00e9gion est si belle avec ce lac grandiose. Il est donc \u00e9vident que le th\u00e8me de ce caf\u00e9-r\u00e9cit \u00e9tait consacr\u00e9 \u00e0 \u00ab\u00a0l\u2019eau\u00a0\u00bb. Lors des tables rondes, les 60 invit\u00e9s ont surtout \u00e9voqu\u00e9 leurs souvenirs d&rsquo;enfance. Les heures pass\u00e9es au bord d&rsquo;une rivi\u00e8re ou d&rsquo;un lac \u00e9taient pour eux toutes des heures de d\u00e9tente et de plaisir. On y passait son temps libre, ses vacances en \u00e9t\u00e9. Patauger ne co\u00fbtait rien et les souvenirs \u00e9taient au moins aussi durables que les r\u00e9cits des amis d&rsquo;\u00e9cole qui \u00e9taient all\u00e9s \u00e0 la mer en Italie ou en France. La baignade dans le lac \u00e9tait pour eux une pure libert\u00e9, racontait une femme. Et les autres acquiesc\u00e8rent. C&rsquo;est avec ce bon sentiment que les amies et amis du Bistrot d\u2019\u00e9change se sont promen\u00e9s le long du lac sous le soleil de l&rsquo;apr\u00e8s-midi, avant de prendre un ap\u00e9ro romand avec du fromage et du vin blanc. Nos invit\u00e9s ont parl\u00e9 en m\u00e9langeant fran\u00e7ais et allemand. Le Bistrot d\u2019\u00e9change s&rsquo;est entre-temps \u00e9tendu \u00e0 la Suisse romande.<\/p>\n<p><img decoding=\"async\" class=\"lazyload alignnone size-full wp-image-5072\" src=\"https:\/\/erzaehlbistro.ch\/wp-content\/uploads\/2023\/07\/2-2.jpg\" data-orig-src=\"https:\/\/erzaehlbistro.ch\/wp-content\/uploads\/2023\/07\/2-2.jpg\" alt=\"\" width=\"1024\" height=\"768\" srcset=\"data:image\/svg+xml,%3Csvg%20xmlns%3D%27http%3A%2F%2Fwww.w3.org%2F2000%2Fsvg%27%20width%3D%271024%27%20height%3D%27768%27%20viewBox%3D%270%200%201024%20768%27%3E%3Crect%20width%3D%271024%27%20height%3D%27768%27%20fill-opacity%3D%220%22%2F%3E%3C%2Fsvg%3E\" data-srcset=\"https:\/\/erzaehlbistro.ch\/wp-content\/uploads\/2023\/07\/2-2-200x150.jpg 200w, https:\/\/erzaehlbistro.ch\/wp-content\/uploads\/2023\/07\/2-2-300x225.jpg 300w, https:\/\/erzaehlbistro.ch\/wp-content\/uploads\/2023\/07\/2-2-400x300.jpg 400w, https:\/\/erzaehlbistro.ch\/wp-content\/uploads\/2023\/07\/2-2-600x450.jpg 600w, https:\/\/erzaehlbistro.ch\/wp-content\/uploads\/2023\/07\/2-2-768x576.jpg 768w, https:\/\/erzaehlbistro.ch\/wp-content\/uploads\/2023\/07\/2-2-800x600.jpg 800w, https:\/\/erzaehlbistro.ch\/wp-content\/uploads\/2023\/07\/2-2.jpg 1024w\" data-sizes=\"auto\" data-orig-sizes=\"(max-width: 1024px) 100vw, 1024px\" \/> <img decoding=\"async\" class=\"lazyload alignnone size-full wp-image-5084\" src=\"https:\/\/erzaehlbistro.ch\/wp-content\/uploads\/2023\/07\/8-1.jpg\" data-orig-src=\"https:\/\/erzaehlbistro.ch\/wp-content\/uploads\/2023\/07\/8-1.jpg\" alt=\"\" width=\"1024\" height=\"768\" srcset=\"data:image\/svg+xml,%3Csvg%20xmlns%3D%27http%3A%2F%2Fwww.w3.org%2F2000%2Fsvg%27%20width%3D%271024%27%20height%3D%27768%27%20viewBox%3D%270%200%201024%20768%27%3E%3Crect%20width%3D%271024%27%20height%3D%27768%27%20fill-opacity%3D%220%22%2F%3E%3C%2Fsvg%3E\" data-srcset=\"https:\/\/erzaehlbistro.ch\/wp-content\/uploads\/2023\/07\/8-1-200x150.jpg 200w, https:\/\/erzaehlbistro.ch\/wp-content\/uploads\/2023\/07\/8-1-300x225.jpg 300w, https:\/\/erzaehlbistro.ch\/wp-content\/uploads\/2023\/07\/8-1-400x300.jpg 400w, https:\/\/erzaehlbistro.ch\/wp-content\/uploads\/2023\/07\/8-1-600x450.jpg 600w, https:\/\/erzaehlbistro.ch\/wp-content\/uploads\/2023\/07\/8-1-768x576.jpg 768w, https:\/\/erzaehlbistro.ch\/wp-content\/uploads\/2023\/07\/8-1-800x600.jpg 800w, https:\/\/erzaehlbistro.ch\/wp-content\/uploads\/2023\/07\/8-1.jpg 1024w\" data-sizes=\"auto\" data-orig-sizes=\"(max-width: 1024px) 100vw, 1024px\" \/> <img decoding=\"async\" class=\"lazyload alignnone size-full wp-image-5082\" src=\"https:\/\/erzaehlbistro.ch\/wp-content\/uploads\/2023\/07\/7-1.jpg\" data-orig-src=\"https:\/\/erzaehlbistro.ch\/wp-content\/uploads\/2023\/07\/7-1.jpg\" alt=\"\" width=\"768\" height=\"1024\" srcset=\"data:image\/svg+xml,%3Csvg%20xmlns%3D%27http%3A%2F%2Fwww.w3.org%2F2000%2Fsvg%27%20width%3D%27768%27%20height%3D%271024%27%20viewBox%3D%270%200%20768%201024%27%3E%3Crect%20width%3D%27768%27%20height%3D%271024%27%20fill-opacity%3D%220%22%2F%3E%3C%2Fsvg%3E\" data-srcset=\"https:\/\/erzaehlbistro.ch\/wp-content\/uploads\/2023\/07\/7-1-200x267.jpg 200w, https:\/\/erzaehlbistro.ch\/wp-content\/uploads\/2023\/07\/7-1-225x300.jpg 225w, https:\/\/erzaehlbistro.ch\/wp-content\/uploads\/2023\/07\/7-1-400x533.jpg 400w, https:\/\/erzaehlbistro.ch\/wp-content\/uploads\/2023\/07\/7-1-600x800.jpg 600w, https:\/\/erzaehlbistro.ch\/wp-content\/uploads\/2023\/07\/7-1.jpg 768w\" data-sizes=\"auto\" data-orig-sizes=\"(max-width: 768px) 100vw, 768px\" \/> <img decoding=\"async\" class=\"lazyload alignnone size-full wp-image-5080\" src=\"https:\/\/erzaehlbistro.ch\/wp-content\/uploads\/2023\/07\/6-1.jpg\" data-orig-src=\"https:\/\/erzaehlbistro.ch\/wp-content\/uploads\/2023\/07\/6-1.jpg\" alt=\"\" width=\"1024\" height=\"768\" srcset=\"data:image\/svg+xml,%3Csvg%20xmlns%3D%27http%3A%2F%2Fwww.w3.org%2F2000%2Fsvg%27%20width%3D%271024%27%20height%3D%27768%27%20viewBox%3D%270%200%201024%20768%27%3E%3Crect%20width%3D%271024%27%20height%3D%27768%27%20fill-opacity%3D%220%22%2F%3E%3C%2Fsvg%3E\" data-srcset=\"https:\/\/erzaehlbistro.ch\/wp-content\/uploads\/2023\/07\/6-1-200x150.jpg 200w, https:\/\/erzaehlbistro.ch\/wp-content\/uploads\/2023\/07\/6-1-300x225.jpg 300w, https:\/\/erzaehlbistro.ch\/wp-content\/uploads\/2023\/07\/6-1-400x300.jpg 400w, https:\/\/erzaehlbistro.ch\/wp-content\/uploads\/2023\/07\/6-1-600x450.jpg 600w, https:\/\/erzaehlbistro.ch\/wp-content\/uploads\/2023\/07\/6-1-768x576.jpg 768w, https:\/\/erzaehlbistro.ch\/wp-content\/uploads\/2023\/07\/6-1-800x600.jpg 800w, https:\/\/erzaehlbistro.ch\/wp-content\/uploads\/2023\/07\/6-1.jpg 1024w\" data-sizes=\"auto\" data-orig-sizes=\"(max-width: 1024px) 100vw, 1024px\" \/> <img decoding=\"async\" class=\"lazyload alignnone size-full wp-image-5078\" src=\"https:\/\/erzaehlbistro.ch\/wp-content\/uploads\/2023\/07\/5-1.jpg\" data-orig-src=\"https:\/\/erzaehlbistro.ch\/wp-content\/uploads\/2023\/07\/5-1.jpg\" alt=\"\" width=\"768\" height=\"1024\" srcset=\"data:image\/svg+xml,%3Csvg%20xmlns%3D%27http%3A%2F%2Fwww.w3.org%2F2000%2Fsvg%27%20width%3D%27768%27%20height%3D%271024%27%20viewBox%3D%270%200%20768%201024%27%3E%3Crect%20width%3D%27768%27%20height%3D%271024%27%20fill-opacity%3D%220%22%2F%3E%3C%2Fsvg%3E\" data-srcset=\"https:\/\/erzaehlbistro.ch\/wp-content\/uploads\/2023\/07\/5-1-200x267.jpg 200w, https:\/\/erzaehlbistro.ch\/wp-content\/uploads\/2023\/07\/5-1-225x300.jpg 225w, https:\/\/erzaehlbistro.ch\/wp-content\/uploads\/2023\/07\/5-1-400x533.jpg 400w, https:\/\/erzaehlbistro.ch\/wp-content\/uploads\/2023\/07\/5-1-600x800.jpg 600w, https:\/\/erzaehlbistro.ch\/wp-content\/uploads\/2023\/07\/5-1.jpg 768w\" data-sizes=\"auto\" data-orig-sizes=\"(max-width: 768px) 100vw, 768px\" \/> <img decoding=\"async\" class=\"lazyload alignnone size-full wp-image-5076\" src=\"https:\/\/erzaehlbistro.ch\/wp-content\/uploads\/2023\/07\/4-1.jpg\" data-orig-src=\"https:\/\/erzaehlbistro.ch\/wp-content\/uploads\/2023\/07\/4-1.jpg\" alt=\"\" width=\"1024\" height=\"768\" srcset=\"data:image\/svg+xml,%3Csvg%20xmlns%3D%27http%3A%2F%2Fwww.w3.org%2F2000%2Fsvg%27%20width%3D%271024%27%20height%3D%27768%27%20viewBox%3D%270%200%201024%20768%27%3E%3Crect%20width%3D%271024%27%20height%3D%27768%27%20fill-opacity%3D%220%22%2F%3E%3C%2Fsvg%3E\" data-srcset=\"https:\/\/erzaehlbistro.ch\/wp-content\/uploads\/2023\/07\/4-1-200x150.jpg 200w, https:\/\/erzaehlbistro.ch\/wp-content\/uploads\/2023\/07\/4-1-300x225.jpg 300w, https:\/\/erzaehlbistro.ch\/wp-content\/uploads\/2023\/07\/4-1-400x300.jpg 400w, https:\/\/erzaehlbistro.ch\/wp-content\/uploads\/2023\/07\/4-1-600x450.jpg 600w, https:\/\/erzaehlbistro.ch\/wp-content\/uploads\/2023\/07\/4-1-768x576.jpg 768w, https:\/\/erzaehlbistro.ch\/wp-content\/uploads\/2023\/07\/4-1-800x600.jpg 800w, https:\/\/erzaehlbistro.ch\/wp-content\/uploads\/2023\/07\/4-1.jpg 1024w\" data-sizes=\"auto\" data-orig-sizes=\"(max-width: 1024px) 100vw, 1024px\" \/> <img decoding=\"async\" class=\"lazyload alignnone size-full wp-image-5074\" src=\"https:\/\/erzaehlbistro.ch\/wp-content\/uploads\/2023\/07\/3-2.jpg\" data-orig-src=\"https:\/\/erzaehlbistro.ch\/wp-content\/uploads\/2023\/07\/3-2.jpg\" alt=\"\" width=\"1024\" height=\"768\" srcset=\"data:image\/svg+xml,%3Csvg%20xmlns%3D%27http%3A%2F%2Fwww.w3.org%2F2000%2Fsvg%27%20width%3D%271024%27%20height%3D%27768%27%20viewBox%3D%270%200%201024%20768%27%3E%3Crect%20width%3D%271024%27%20height%3D%27768%27%20fill-opacity%3D%220%22%2F%3E%3C%2Fsvg%3E\" data-srcset=\"https:\/\/erzaehlbistro.ch\/wp-content\/uploads\/2023\/07\/3-2-200x150.jpg 200w, https:\/\/erzaehlbistro.ch\/wp-content\/uploads\/2023\/07\/3-2-300x225.jpg 300w, https:\/\/erzaehlbistro.ch\/wp-content\/uploads\/2023\/07\/3-2-400x300.jpg 400w, https:\/\/erzaehlbistro.ch\/wp-content\/uploads\/2023\/07\/3-2-600x450.jpg 600w, https:\/\/erzaehlbistro.ch\/wp-content\/uploads\/2023\/07\/3-2-768x576.jpg 768w, https:\/\/erzaehlbistro.ch\/wp-content\/uploads\/2023\/07\/3-2-800x600.jpg 800w, https:\/\/erzaehlbistro.ch\/wp-content\/uploads\/2023\/07\/3-2.jpg 1024w\" data-sizes=\"auto\" data-orig-sizes=\"(max-width: 1024px) 100vw, 1024px\" \/><\/p>\n","protected":false},"excerpt":{"rendered":"<p>Le soleil d&rsquo;automne a offert au Bistrot d\u2019\u00e9change une magnifique journ\u00e9e \u00e0 Lausanne. La promenade au bord du lac L\u00e9man a fait se p\u00e2mer nos h\u00f4tes. Lorsque l&rsquo;on sort du tunnel en train depuis Berne [&hellip;]<\/p>\n","protected":false},"author":4,"featured_media":5070,"template":"","meta":{"_price":"","_stock":"","_tribe_ticket_header":"","_tribe_default_ticket_provider":"","_tribe_ticket_capacity":"0","_ticket_start_date":"","_ticket_end_date":"","_tribe_ticket_show_description":"","_tribe_ticket_show_not_going":false,"_tribe_ticket_use_global_stock":"","_tribe_ticket_global_stock_level":"","_global_stock_mode":"","_global_stock_cap":"","_tribe_rsvp_for_event":"","_tribe_ticket_going_count":"","_tribe_ticket_not_going_count":"","_tribe_tickets_list":"[]","_tribe_ticket_has_attendee_info_fields":false,"_tribe_events_status":"","_tribe_events_status_reason":"","footnotes":"","_tec_slr_enabled":"","_tec_slr_layout":""},"tags":[],"tribe_events_cat":[],"yoast_head":"<!-- This site is optimized with the Yoast SEO plugin v24.4 - https:\/\/yoast.com\/wordpress\/plugins\/seo\/ -->\n<title>Caf\u00e9-r\u00e9cit \u00e0 Ouchy, Lausanne | Erz\u00e4hlbistro<\/title>\n<meta name=\"robots\" content=\"index, follow, max-snippet:-1, max-image-preview:large, max-video-preview:-1\" \/>\n<link rel=\"canonical\" href=\"https:\/\/erzaehlbistro.ch\/fr\/event\/cafe-recit-a-ouchy-lausanne\/\" \/>\n<meta property=\"og:locale\" content=\"fr_FR\" \/>\n<meta property=\"og:type\" content=\"article\" \/>\n<meta property=\"og:title\" content=\"Caf\u00e9-r\u00e9cit \u00e0 Ouchy, Lausanne | Erz\u00e4hlbistro\" \/>\n<meta property=\"og:description\" content=\"Le soleil d&rsquo;automne a offert au Bistrot d\u2019\u00e9change une magnifique journ\u00e9e \u00e0 Lausanne. La promenade au bord du lac L\u00e9man a fait se p\u00e2mer nos h\u00f4tes. Lorsque l&rsquo;on sort du tunnel en train depuis Berne [&hellip;]\" \/>\n<meta property=\"og:url\" content=\"https:\/\/erzaehlbistro.ch\/fr\/event\/cafe-recit-a-ouchy-lausanne\/\" \/>\n<meta property=\"og:site_name\" content=\"Erz\u00e4hlbistro\" \/>\n<meta property=\"article:modified_time\" content=\"2023-12-08T15:38:30+00:00\" \/>\n<meta property=\"og:image\" content=\"https:\/\/erzaehlbistro.ch\/wp-content\/uploads\/2023\/07\/1-2.jpg\" \/>\n\t<meta property=\"og:image:width\" content=\"1024\" \/>\n\t<meta property=\"og:image:height\" content=\"768\" \/>\n\t<meta property=\"og:image:type\" content=\"image\/jpeg\" \/>\n<meta name=\"twitter:card\" content=\"summary_large_image\" \/>\n<meta name=\"twitter:label1\" content=\"Dur\u00e9e de lecture estim\u00e9e\" \/>\n\t<meta name=\"twitter:data1\" content=\"3 minutes\" \/>\n<script type=\"application\/ld+json\" class=\"yoast-schema-graph\">{\"@context\":\"https:\/\/schema.org\",\"@graph\":[{\"@type\":\"WebPage\",\"@id\":\"https:\/\/erzaehlbistro.ch\/fr\/event\/cafe-recit-a-ouchy-lausanne\/\",\"url\":\"https:\/\/erzaehlbistro.ch\/fr\/event\/cafe-recit-a-ouchy-lausanne\/\",\"name\":\"Caf\u00e9-r\u00e9cit \u00e0 Ouchy, Lausanne | Erz\u00e4hlbistro\",\"isPartOf\":{\"@id\":\"https:\/\/erzaehlbistro.ch\/fr\/#website\"},\"primaryImageOfPage\":{\"@id\":\"https:\/\/erzaehlbistro.ch\/fr\/event\/cafe-recit-a-ouchy-lausanne\/#primaryimage\"},\"image\":{\"@id\":\"https:\/\/erzaehlbistro.ch\/fr\/event\/cafe-recit-a-ouchy-lausanne\/#primaryimage\"},\"thumbnailUrl\":\"https:\/\/erzaehlbistro.ch\/wp-content\/uploads\/2023\/07\/1-2.jpg\",\"datePublished\":\"2023-07-24T13:22:01+00:00\",\"dateModified\":\"2023-12-08T15:38:30+00:00\",\"breadcrumb\":{\"@id\":\"https:\/\/erzaehlbistro.ch\/fr\/event\/cafe-recit-a-ouchy-lausanne\/#breadcrumb\"},\"inLanguage\":\"fr-FR\",\"potentialAction\":[{\"@type\":\"ReadAction\",\"target\":[\"https:\/\/erzaehlbistro.ch\/fr\/event\/cafe-recit-a-ouchy-lausanne\/\"]}]},{\"@type\":\"ImageObject\",\"inLanguage\":\"fr-FR\",\"@id\":\"https:\/\/erzaehlbistro.ch\/fr\/event\/cafe-recit-a-ouchy-lausanne\/#primaryimage\",\"url\":\"https:\/\/erzaehlbistro.ch\/wp-content\/uploads\/2023\/07\/1-2.jpg\",\"contentUrl\":\"https:\/\/erzaehlbistro.ch\/wp-content\/uploads\/2023\/07\/1-2.jpg\",\"width\":1024,\"height\":768},{\"@type\":\"BreadcrumbList\",\"@id\":\"https:\/\/erzaehlbistro.ch\/fr\/event\/cafe-recit-a-ouchy-lausanne\/#breadcrumb\",\"itemListElement\":[{\"@type\":\"ListItem\",\"position\":1,\"name\":\"Home\",\"item\":\"https:\/\/erzaehlbistro.ch\/fr\/\"},{\"@type\":\"ListItem\",\"position\":2,\"name\":\"\u00c9v\u00e8nements\",\"item\":\"https:\/\/erzaehlbistro.ch\/fr\/events\/\"},{\"@type\":\"ListItem\",\"position\":3,\"name\":\"Caf\u00e9-r\u00e9cit \u00e0 Ouchy, Lausanne\"}]},{\"@type\":\"WebSite\",\"@id\":\"https:\/\/erzaehlbistro.ch\/fr\/#website\",\"url\":\"https:\/\/erzaehlbistro.ch\/fr\/\",\"name\":\"Erz\u00e4hlbistro\",\"description\":\"Ein Begegnungsort f\u00fcr die Betroffenen f\u00fcrsorgerischer Zwangsmassnahmen\",\"publisher\":{\"@id\":\"https:\/\/erzaehlbistro.ch\/fr\/#organization\"},\"potentialAction\":[{\"@type\":\"SearchAction\",\"target\":{\"@type\":\"EntryPoint\",\"urlTemplate\":\"https:\/\/erzaehlbistro.ch\/fr\/?s={search_term_string}\"},\"query-input\":{\"@type\":\"PropertyValueSpecification\",\"valueRequired\":true,\"valueName\":\"search_term_string\"}}],\"inLanguage\":\"fr-FR\"},{\"@type\":\"Organization\",\"@id\":\"https:\/\/erzaehlbistro.ch\/fr\/#organization\",\"name\":\"Erz\u00e4hlbistro\",\"url\":\"https:\/\/erzaehlbistro.ch\/fr\/\",\"logo\":{\"@type\":\"ImageObject\",\"inLanguage\":\"fr-FR\",\"@id\":\"https:\/\/erzaehlbistro.ch\/fr\/#\/schema\/logo\/image\/\",\"url\":\"https:\/\/erzaehlbistro.ch\/wp-content\/uploads\/2021\/10\/logo-retina.png\",\"contentUrl\":\"https:\/\/erzaehlbistro.ch\/wp-content\/uploads\/2021\/10\/logo-retina.png\",\"width\":468,\"height\":120,\"caption\":\"Erz\u00e4hlbistro\"},\"image\":{\"@id\":\"https:\/\/erzaehlbistro.ch\/fr\/#\/schema\/logo\/image\/\"}}]}<\/script>\n<!-- \/ Yoast SEO plugin. -->","yoast_head_json":{"title":"Caf\u00e9-r\u00e9cit \u00e0 Ouchy, Lausanne | Erz\u00e4hlbistro","robots":{"index":"index","follow":"follow","max-snippet":"max-snippet:-1","max-image-preview":"max-image-preview:large","max-video-preview":"max-video-preview:-1"},"canonical":"https:\/\/erzaehlbistro.ch\/fr\/event\/cafe-recit-a-ouchy-lausanne\/","og_locale":"fr_FR","og_type":"article","og_title":"Caf\u00e9-r\u00e9cit \u00e0 Ouchy, Lausanne | Erz\u00e4hlbistro","og_description":"Le soleil d&rsquo;automne a offert au Bistrot d\u2019\u00e9change une magnifique journ\u00e9e \u00e0 Lausanne. La promenade au bord du lac L\u00e9man a fait se p\u00e2mer nos h\u00f4tes. Lorsque l&rsquo;on sort du tunnel en train depuis Berne [&hellip;]","og_url":"https:\/\/erzaehlbistro.ch\/fr\/event\/cafe-recit-a-ouchy-lausanne\/","og_site_name":"Erz\u00e4hlbistro","article_modified_time":"2023-12-08T15:38:30+00:00","og_image":[{"width":1024,"height":768,"url":"https:\/\/erzaehlbistro.ch\/wp-content\/uploads\/2023\/07\/1-2.jpg","type":"image\/jpeg"}],"twitter_card":"summary_large_image","twitter_misc":{"Dur\u00e9e de lecture estim\u00e9e":"3 minutes"},"schema":{"@context":"https:\/\/schema.org","@graph":[{"@type":"WebPage","@id":"https:\/\/erzaehlbistro.ch\/fr\/event\/cafe-recit-a-ouchy-lausanne\/","url":"https:\/\/erzaehlbistro.ch\/fr\/event\/cafe-recit-a-ouchy-lausanne\/","name":"Caf\u00e9-r\u00e9cit \u00e0 Ouchy, Lausanne | Erz\u00e4hlbistro","isPartOf":{"@id":"https:\/\/erzaehlbistro.ch\/fr\/#website"},"primaryImageOfPage":{"@id":"https:\/\/erzaehlbistro.ch\/fr\/event\/cafe-recit-a-ouchy-lausanne\/#primaryimage"},"image":{"@id":"https:\/\/erzaehlbistro.ch\/fr\/event\/cafe-recit-a-ouchy-lausanne\/#primaryimage"},"thumbnailUrl":"https:\/\/erzaehlbistro.ch\/wp-content\/uploads\/2023\/07\/1-2.jpg","datePublished":"2023-07-24T13:22:01+00:00","dateModified":"2023-12-08T15:38:30+00:00","breadcrumb":{"@id":"https:\/\/erzaehlbistro.ch\/fr\/event\/cafe-recit-a-ouchy-lausanne\/#breadcrumb"},"inLanguage":"fr-FR","potentialAction":[{"@type":"ReadAction","target":["https:\/\/erzaehlbistro.ch\/fr\/event\/cafe-recit-a-ouchy-lausanne\/"]}]},{"@type":"ImageObject","inLanguage":"fr-FR","@id":"https:\/\/erzaehlbistro.ch\/fr\/event\/cafe-recit-a-ouchy-lausanne\/#primaryimage","url":"https:\/\/erzaehlbistro.ch\/wp-content\/uploads\/2023\/07\/1-2.jpg","contentUrl":"https:\/\/erzaehlbistro.ch\/wp-content\/uploads\/2023\/07\/1-2.jpg","width":1024,"height":768},{"@type":"BreadcrumbList","@id":"https:\/\/erzaehlbistro.ch\/fr\/event\/cafe-recit-a-ouchy-lausanne\/#breadcrumb","itemListElement":[{"@type":"ListItem","position":1,"name":"Home","item":"https:\/\/erzaehlbistro.ch\/fr\/"},{"@type":"ListItem","position":2,"name":"\u00c9v\u00e8nements","item":"https:\/\/erzaehlbistro.ch\/fr\/events\/"},{"@type":"ListItem","position":3,"name":"Caf\u00e9-r\u00e9cit \u00e0 Ouchy, Lausanne"}]},{"@type":"WebSite","@id":"https:\/\/erzaehlbistro.ch\/fr\/#website","url":"https:\/\/erzaehlbistro.ch\/fr\/","name":"Erz\u00e4hlbistro","description":"Ein Begegnungsort f\u00fcr die Betroffenen f\u00fcrsorgerischer Zwangsmassnahmen","publisher":{"@id":"https:\/\/erzaehlbistro.ch\/fr\/#organization"},"potentialAction":[{"@type":"SearchAction","target":{"@type":"EntryPoint","urlTemplate":"https:\/\/erzaehlbistro.ch\/fr\/?s={search_term_string}"},"query-input":{"@type":"PropertyValueSpecification","valueRequired":true,"valueName":"search_term_string"}}],"inLanguage":"fr-FR"},{"@type":"Organization","@id":"https:\/\/erzaehlbistro.ch\/fr\/#organization","name":"Erz\u00e4hlbistro","url":"https:\/\/erzaehlbistro.ch\/fr\/","logo":{"@type":"ImageObject","inLanguage":"fr-FR","@id":"https:\/\/erzaehlbistro.ch\/fr\/#\/schema\/logo\/image\/","url":"https:\/\/erzaehlbistro.ch\/wp-content\/uploads\/2021\/10\/logo-retina.png","contentUrl":"https:\/\/erzaehlbistro.ch\/wp-content\/uploads\/2021\/10\/logo-retina.png","width":468,"height":120,"caption":"Erz\u00e4hlbistro"},"image":{"@id":"https:\/\/erzaehlbistro.ch\/fr\/#\/schema\/logo\/image\/"}}]}},"ticketed":false,"_links":{"self":[{"href":"https:\/\/erzaehlbistro.ch\/fr\/wp-json\/wp\/v2\/tribe_events\/4947"}],"collection":[{"href":"https:\/\/erzaehlbistro.ch\/fr\/wp-json\/wp\/v2\/tribe_events"}],"about":[{"href":"https:\/\/erzaehlbistro.ch\/fr\/wp-json\/wp\/v2\/types\/tribe_events"}],"author":[{"embeddable":true,"href":"https:\/\/erzaehlbistro.ch\/fr\/wp-json\/wp\/v2\/users\/4"}],"version-history":[{"count":3,"href":"https:\/\/erzaehlbistro.ch\/fr\/wp-json\/wp\/v2\/tribe_events\/4947\/revisions"}],"predecessor-version":[{"id":5087,"href":"https:\/\/erzaehlbistro.ch\/fr\/wp-json\/wp\/v2\/tribe_events\/4947\/revisions\/5087"}],"wp:featuredmedia":[{"embeddable":true,"href":"https:\/\/erzaehlbistro.ch\/fr\/wp-json\/wp\/v2\/media\/5070"}],"wp:attachment":[{"href":"https:\/\/erzaehlbistro.ch\/fr\/wp-json\/wp\/v2\/media?parent=4947"}],"wp:term":[{"taxonomy":"post_tag","embeddable":true,"href":"https:\/\/erzaehlbistro.ch\/fr\/wp-json\/wp\/v2\/tags?post=4947"},{"taxonomy":"tribe_events_cat","embeddable":true,"href":"https:\/\/erzaehlbistro.ch\/fr\/wp-json\/wp\/v2\/tribe_events_cat?post=4947"}],"curies":[{"name":"wp","href":"https:\/\/api.w.org\/{rel}","templated":true}]}}