{"id":4987,"date":"2023-10-02T10:56:44","date_gmt":"2023-10-02T08:56:44","guid":{"rendered":"https:\/\/erzaehlbistro.ch\/event\/couper-les-ponts-et-construire-des-ponts\/"},"modified":"2023-10-02T10:56:44","modified_gmt":"2023-10-02T08:56:44","slug":"couper-les-ponts-et-construire-des-ponts","status":"publish","type":"tribe_events","link":"https:\/\/erzaehlbistro.ch\/fr\/event\/couper-les-ponts-et-construire-des-ponts\/","title":{"rendered":"Couper les ponts et construire des ponts"},"content":{"rendered":"<p><strong>La promenade sur le \u00ab\u00a0Kapellbr\u00fccke\u00a0\u00bb (plus connu en fran\u00e7ais sous le nom de \u00ab\u00a0pont de Lucerne\u00a0\u00bb) a \u00e9t\u00e9 le point culminant du bistrot des histoires \u00e0 Lucerne. Environ 90 personnes concern\u00e9es par des mesures de coercition \u00e0 des fins d&rsquo;assistance se sont rencontr\u00e9es ici, en Suisse centrale, et ont discut\u00e9 du th\u00e8me des \u00ab\u00a0ponts\u00a0\u00bb. Il en est ressorti que l&rsquo;on a toujours la possibilit\u00e9 de cr\u00e9er de nouveaux liens forts avec des personnes que l&rsquo;on aime.<\/strong><\/p>\n<p>Son histoire a \u00e9mu les amies et amis du Bistrot d\u2019\u00e9change. Ainsi, l&rsquo;homme \u00e2g\u00e9 a racont\u00e9 au groupe qu&rsquo;il n&rsquo;avait aucun souvenir de sa petite enfance jusqu&rsquo;\u00e0 un \u00e2ge avanc\u00e9. Un sentiment que connaissent de nombreux participantes et participants. \u00ab\u00a0J&rsquo;ai donc d\u00fb construire mon propre pont, pierre par pierre, pour comprendre ma vie\u00a0\u00bb, a d\u00e9clar\u00e9 l&rsquo;homme, tandis que les autres hochaient la t\u00eate en signe de compr\u00e9hension. Apr\u00e8s avoir fait de nombreuses recherches, il a finalement pu reconstruire ses cinq premi\u00e8res ann\u00e9es de vie et surmonter sa tristesse. M\u00eame si le processus a \u00e9t\u00e9 difficile, il a ainsi pu reconstruire sa vie et en retracer le parcours gr\u00e2ce \u00e0 ce travail personnel.<\/p>\n<p>Le th\u00e8me des \u00ab\u00a0ponts\u00a0\u00bb a inspir\u00e9 les participant.e.s. Une femme a racont\u00e9 comment elle avait d\u00fb couper les ponts avec des personnes pour se lib\u00e9rer int\u00e9rieurement. Une autre a racont\u00e9 comment elle avait rencontr\u00e9 de nouvelles personnes ch\u00e8res au cours de sa vie et avait ainsi pu construire ses propres ponts. \u00ab\u00a0Ces liens forts sont indestructibles\u00a0\u00bb, a-t-elle dit. Chacun et chacune a sa propre association. C&rsquo;est le cas d&rsquo;un participant qui a parl\u00e9 de son amour pour la musique. Selon lui, chaque note qui m\u00e8ne \u00e0 la suivante forme un nouveau pont. C&rsquo;est comme cela qu&rsquo;il construit, chaque jour, des centaines de ponts magnifiques.<\/p>\n<p><strong>Promenade sur le Kapellbr\u00fccke<\/strong><\/p>\n<p>Les discussions anim\u00e9es se sont poursuivies au d\u00e9jeuner. La d\u00e9licieuse salade, le savoureux vol-au-vent et la salade de fruits pour terminer \u00e9taient excellents. L&rsquo;ambiance \u00e9tait joyeuse et d\u00e9tendue. Et comme le soleil de cette journ\u00e9e d&rsquo;automne faisait encore le bonheur de Lucerne l&rsquo;apr\u00e8s-midi, le groupe s&rsquo;est finalement lanc\u00e9 \u00e0 la d\u00e9couverte de la ville. Ce faisant, les ami.e.s du Bistrot d\u2019\u00e9change ont \u00e9galement travers\u00e9 le plus ancien pont en bois couvert d&rsquo;Europe, le Kapellbr\u00fccke (pont de Lucerne).<\/p>\n<p>Ce pont mondialement connu avait br\u00fbl\u00e9 il y a exactement 30 ans (un participant \u00e0 la rencontre du Bistrot d\u2019\u00e9change avait m\u00eame assist\u00e9 aux travaux d&rsquo;extinction). Aujourd&rsquo;hui, le Kapellbr\u00fccke est \u00e0 nouveau \u00e9rig\u00e9 et montre symboliquement aux ami.e.s du Bistrot d\u2019\u00e9change que tout peut \u00eatre reconstruit. C&rsquo;est sur cette pens\u00e9e positive que les participantes et participants sont rentr\u00e9.e.s \u00e0 la maison, satisfait.e.s et combl\u00e9.e.s.<\/p>\n<p><img decoding=\"async\" class=\"lazyload alignnone size-full wp-image-4971\" src=\"https:\/\/erzaehlbistro.ch\/wp-content\/uploads\/2023\/07\/1.jpg\" data-orig-src=\"https:\/\/erzaehlbistro.ch\/wp-content\/uploads\/2023\/07\/1.jpg\" alt=\"\" width=\"1024\" height=\"768\" srcset=\"data:image\/svg+xml,%3Csvg%20xmlns%3D%27http%3A%2F%2Fwww.w3.org%2F2000%2Fsvg%27%20width%3D%271024%27%20height%3D%27768%27%20viewBox%3D%270%200%201024%20768%27%3E%3Crect%20width%3D%271024%27%20height%3D%27768%27%20fill-opacity%3D%220%22%2F%3E%3C%2Fsvg%3E\" data-srcset=\"https:\/\/erzaehlbistro.ch\/wp-content\/uploads\/2023\/07\/1-200x150.jpg 200w, https:\/\/erzaehlbistro.ch\/wp-content\/uploads\/2023\/07\/1-300x225.jpg 300w, https:\/\/erzaehlbistro.ch\/wp-content\/uploads\/2023\/07\/1-400x300.jpg 400w, https:\/\/erzaehlbistro.ch\/wp-content\/uploads\/2023\/07\/1-600x450.jpg 600w, https:\/\/erzaehlbistro.ch\/wp-content\/uploads\/2023\/07\/1-768x576.jpg 768w, https:\/\/erzaehlbistro.ch\/wp-content\/uploads\/2023\/07\/1-800x600.jpg 800w, https:\/\/erzaehlbistro.ch\/wp-content\/uploads\/2023\/07\/1.jpg 1024w\" data-sizes=\"auto\" data-orig-sizes=\"(max-width: 1024px) 100vw, 1024px\" \/> <img decoding=\"async\" class=\"lazyload alignnone size-full wp-image-4972\" src=\"https:\/\/erzaehlbistro.ch\/wp-content\/uploads\/2023\/07\/2.jpg\" data-orig-src=\"https:\/\/erzaehlbistro.ch\/wp-content\/uploads\/2023\/07\/2.jpg\" alt=\"\" width=\"1024\" height=\"768\" srcset=\"data:image\/svg+xml,%3Csvg%20xmlns%3D%27http%3A%2F%2Fwww.w3.org%2F2000%2Fsvg%27%20width%3D%271024%27%20height%3D%27768%27%20viewBox%3D%270%200%201024%20768%27%3E%3Crect%20width%3D%271024%27%20height%3D%27768%27%20fill-opacity%3D%220%22%2F%3E%3C%2Fsvg%3E\" data-srcset=\"https:\/\/erzaehlbistro.ch\/wp-content\/uploads\/2023\/07\/2-200x150.jpg 200w, https:\/\/erzaehlbistro.ch\/wp-content\/uploads\/2023\/07\/2-300x225.jpg 300w, https:\/\/erzaehlbistro.ch\/wp-content\/uploads\/2023\/07\/2-400x300.jpg 400w, https:\/\/erzaehlbistro.ch\/wp-content\/uploads\/2023\/07\/2-600x450.jpg 600w, https:\/\/erzaehlbistro.ch\/wp-content\/uploads\/2023\/07\/2-768x576.jpg 768w, https:\/\/erzaehlbistro.ch\/wp-content\/uploads\/2023\/07\/2-800x600.jpg 800w, https:\/\/erzaehlbistro.ch\/wp-content\/uploads\/2023\/07\/2.jpg 1024w\" data-sizes=\"auto\" data-orig-sizes=\"(max-width: 1024px) 100vw, 1024px\" \/> <img decoding=\"async\" class=\"lazyload alignnone size-full wp-image-4974\" src=\"https:\/\/erzaehlbistro.ch\/wp-content\/uploads\/2023\/07\/3.jpg\" data-orig-src=\"https:\/\/erzaehlbistro.ch\/wp-content\/uploads\/2023\/07\/3.jpg\" alt=\"\" width=\"1024\" height=\"768\" srcset=\"data:image\/svg+xml,%3Csvg%20xmlns%3D%27http%3A%2F%2Fwww.w3.org%2F2000%2Fsvg%27%20width%3D%271024%27%20height%3D%27768%27%20viewBox%3D%270%200%201024%20768%27%3E%3Crect%20width%3D%271024%27%20height%3D%27768%27%20fill-opacity%3D%220%22%2F%3E%3C%2Fsvg%3E\" data-srcset=\"https:\/\/erzaehlbistro.ch\/wp-content\/uploads\/2023\/07\/3-200x150.jpg 200w, https:\/\/erzaehlbistro.ch\/wp-content\/uploads\/2023\/07\/3-300x225.jpg 300w, https:\/\/erzaehlbistro.ch\/wp-content\/uploads\/2023\/07\/3-400x300.jpg 400w, https:\/\/erzaehlbistro.ch\/wp-content\/uploads\/2023\/07\/3-600x450.jpg 600w, https:\/\/erzaehlbistro.ch\/wp-content\/uploads\/2023\/07\/3-768x576.jpg 768w, https:\/\/erzaehlbistro.ch\/wp-content\/uploads\/2023\/07\/3-800x600.jpg 800w, https:\/\/erzaehlbistro.ch\/wp-content\/uploads\/2023\/07\/3.jpg 1024w\" data-sizes=\"auto\" data-orig-sizes=\"(max-width: 1024px) 100vw, 1024px\" \/> <img decoding=\"async\" class=\"lazyload alignnone size-full wp-image-4977\" src=\"https:\/\/erzaehlbistro.ch\/wp-content\/uploads\/2023\/07\/PHOTO-2023-10-02-07-54-33.jpg\" data-orig-src=\"https:\/\/erzaehlbistro.ch\/wp-content\/uploads\/2023\/07\/PHOTO-2023-10-02-07-54-33.jpg\" alt=\"\" width=\"1024\" height=\"768\" srcset=\"data:image\/svg+xml,%3Csvg%20xmlns%3D%27http%3A%2F%2Fwww.w3.org%2F2000%2Fsvg%27%20width%3D%271024%27%20height%3D%27768%27%20viewBox%3D%270%200%201024%20768%27%3E%3Crect%20width%3D%271024%27%20height%3D%27768%27%20fill-opacity%3D%220%22%2F%3E%3C%2Fsvg%3E\" data-srcset=\"https:\/\/erzaehlbistro.ch\/wp-content\/uploads\/2023\/07\/PHOTO-2023-10-02-07-54-33-200x150.jpg 200w, https:\/\/erzaehlbistro.ch\/wp-content\/uploads\/2023\/07\/PHOTO-2023-10-02-07-54-33-300x225.jpg 300w, https:\/\/erzaehlbistro.ch\/wp-content\/uploads\/2023\/07\/PHOTO-2023-10-02-07-54-33-400x300.jpg 400w, https:\/\/erzaehlbistro.ch\/wp-content\/uploads\/2023\/07\/PHOTO-2023-10-02-07-54-33-600x450.jpg 600w, https:\/\/erzaehlbistro.ch\/wp-content\/uploads\/2023\/07\/PHOTO-2023-10-02-07-54-33-768x576.jpg 768w, https:\/\/erzaehlbistro.ch\/wp-content\/uploads\/2023\/07\/PHOTO-2023-10-02-07-54-33-800x600.jpg 800w, https:\/\/erzaehlbistro.ch\/wp-content\/uploads\/2023\/07\/PHOTO-2023-10-02-07-54-33.jpg 1024w\" data-sizes=\"auto\" data-orig-sizes=\"(max-width: 1024px) 100vw, 1024px\" \/> <img decoding=\"async\" class=\"lazyload alignnone size-full wp-image-4979\" src=\"https:\/\/erzaehlbistro.ch\/wp-content\/uploads\/2023\/07\/PHOTO-2023-10-02-07-54-57.jpg\" data-orig-src=\"https:\/\/erzaehlbistro.ch\/wp-content\/uploads\/2023\/07\/PHOTO-2023-10-02-07-54-57.jpg\" alt=\"\" width=\"1600\" height=\"1200\" srcset=\"data:image\/svg+xml,%3Csvg%20xmlns%3D%27http%3A%2F%2Fwww.w3.org%2F2000%2Fsvg%27%20width%3D%271600%27%20height%3D%271200%27%20viewBox%3D%270%200%201600%201200%27%3E%3Crect%20width%3D%271600%27%20height%3D%271200%27%20fill-opacity%3D%220%22%2F%3E%3C%2Fsvg%3E\" data-srcset=\"https:\/\/erzaehlbistro.ch\/wp-content\/uploads\/2023\/07\/PHOTO-2023-10-02-07-54-57-200x150.jpg 200w, https:\/\/erzaehlbistro.ch\/wp-content\/uploads\/2023\/07\/PHOTO-2023-10-02-07-54-57-300x225.jpg 300w, https:\/\/erzaehlbistro.ch\/wp-content\/uploads\/2023\/07\/PHOTO-2023-10-02-07-54-57-400x300.jpg 400w, https:\/\/erzaehlbistro.ch\/wp-content\/uploads\/2023\/07\/PHOTO-2023-10-02-07-54-57-600x450.jpg 600w, https:\/\/erzaehlbistro.ch\/wp-content\/uploads\/2023\/07\/PHOTO-2023-10-02-07-54-57-768x576.jpg 768w, https:\/\/erzaehlbistro.ch\/wp-content\/uploads\/2023\/07\/PHOTO-2023-10-02-07-54-57-800x600.jpg 800w, https:\/\/erzaehlbistro.ch\/wp-content\/uploads\/2023\/07\/PHOTO-2023-10-02-07-54-57-1024x768.jpg 1024w, https:\/\/erzaehlbistro.ch\/wp-content\/uploads\/2023\/07\/PHOTO-2023-10-02-07-54-57-1200x900.jpg 1200w, https:\/\/erzaehlbistro.ch\/wp-content\/uploads\/2023\/07\/PHOTO-2023-10-02-07-54-57-1536x1152.jpg 1536w, https:\/\/erzaehlbistro.ch\/wp-content\/uploads\/2023\/07\/PHOTO-2023-10-02-07-54-57.jpg 1600w\" data-sizes=\"auto\" data-orig-sizes=\"(max-width: 1600px) 100vw, 1600px\" \/> <img decoding=\"async\" class=\"lazyload alignnone size-full wp-image-4980\" src=\"https:\/\/erzaehlbistro.ch\/wp-content\/uploads\/2023\/07\/PHOTO-2023-10-02-07-55-32.jpg\" data-orig-src=\"https:\/\/erzaehlbistro.ch\/wp-content\/uploads\/2023\/07\/PHOTO-2023-10-02-07-55-32.jpg\" alt=\"\" width=\"1600\" height=\"1200\" srcset=\"data:image\/svg+xml,%3Csvg%20xmlns%3D%27http%3A%2F%2Fwww.w3.org%2F2000%2Fsvg%27%20width%3D%271600%27%20height%3D%271200%27%20viewBox%3D%270%200%201600%201200%27%3E%3Crect%20width%3D%271600%27%20height%3D%271200%27%20fill-opacity%3D%220%22%2F%3E%3C%2Fsvg%3E\" data-srcset=\"https:\/\/erzaehlbistro.ch\/wp-content\/uploads\/2023\/07\/PHOTO-2023-10-02-07-55-32-200x150.jpg 200w, https:\/\/erzaehlbistro.ch\/wp-content\/uploads\/2023\/07\/PHOTO-2023-10-02-07-55-32-300x225.jpg 300w, https:\/\/erzaehlbistro.ch\/wp-content\/uploads\/2023\/07\/PHOTO-2023-10-02-07-55-32-400x300.jpg 400w, https:\/\/erzaehlbistro.ch\/wp-content\/uploads\/2023\/07\/PHOTO-2023-10-02-07-55-32-600x450.jpg 600w, https:\/\/erzaehlbistro.ch\/wp-content\/uploads\/2023\/07\/PHOTO-2023-10-02-07-55-32-768x576.jpg 768w, https:\/\/erzaehlbistro.ch\/wp-content\/uploads\/2023\/07\/PHOTO-2023-10-02-07-55-32-800x600.jpg 800w, https:\/\/erzaehlbistro.ch\/wp-content\/uploads\/2023\/07\/PHOTO-2023-10-02-07-55-32-1024x768.jpg 1024w, https:\/\/erzaehlbistro.ch\/wp-content\/uploads\/2023\/07\/PHOTO-2023-10-02-07-55-32-1200x900.jpg 1200w, https:\/\/erzaehlbistro.ch\/wp-content\/uploads\/2023\/07\/PHOTO-2023-10-02-07-55-32-1536x1152.jpg 1536w, https:\/\/erzaehlbistro.ch\/wp-content\/uploads\/2023\/07\/PHOTO-2023-10-02-07-55-32.jpg 1600w\" data-sizes=\"auto\" data-orig-sizes=\"(max-width: 1600px) 100vw, 1600px\" \/> <img decoding=\"async\" class=\"lazyload alignnone size-full wp-image-4982\" src=\"https:\/\/erzaehlbistro.ch\/wp-content\/uploads\/2023\/07\/PHOTO-2023-10-02-07-55-51.jpg\" data-orig-src=\"https:\/\/erzaehlbistro.ch\/wp-content\/uploads\/2023\/07\/PHOTO-2023-10-02-07-55-51.jpg\" alt=\"\" width=\"1600\" height=\"1200\" srcset=\"data:image\/svg+xml,%3Csvg%20xmlns%3D%27http%3A%2F%2Fwww.w3.org%2F2000%2Fsvg%27%20width%3D%271600%27%20height%3D%271200%27%20viewBox%3D%270%200%201600%201200%27%3E%3Crect%20width%3D%271600%27%20height%3D%271200%27%20fill-opacity%3D%220%22%2F%3E%3C%2Fsvg%3E\" data-srcset=\"https:\/\/erzaehlbistro.ch\/wp-content\/uploads\/2023\/07\/PHOTO-2023-10-02-07-55-51-200x150.jpg 200w, https:\/\/erzaehlbistro.ch\/wp-content\/uploads\/2023\/07\/PHOTO-2023-10-02-07-55-51-300x225.jpg 300w, https:\/\/erzaehlbistro.ch\/wp-content\/uploads\/2023\/07\/PHOTO-2023-10-02-07-55-51-400x300.jpg 400w, https:\/\/erzaehlbistro.ch\/wp-content\/uploads\/2023\/07\/PHOTO-2023-10-02-07-55-51-600x450.jpg 600w, https:\/\/erzaehlbistro.ch\/wp-content\/uploads\/2023\/07\/PHOTO-2023-10-02-07-55-51-768x576.jpg 768w, https:\/\/erzaehlbistro.ch\/wp-content\/uploads\/2023\/07\/PHOTO-2023-10-02-07-55-51-800x600.jpg 800w, https:\/\/erzaehlbistro.ch\/wp-content\/uploads\/2023\/07\/PHOTO-2023-10-02-07-55-51-1024x768.jpg 1024w, https:\/\/erzaehlbistro.ch\/wp-content\/uploads\/2023\/07\/PHOTO-2023-10-02-07-55-51-1200x900.jpg 1200w, https:\/\/erzaehlbistro.ch\/wp-content\/uploads\/2023\/07\/PHOTO-2023-10-02-07-55-51-1536x1152.jpg 1536w, https:\/\/erzaehlbistro.ch\/wp-content\/uploads\/2023\/07\/PHOTO-2023-10-02-07-55-51.jpg 1600w\" data-sizes=\"auto\" data-orig-sizes=\"(max-width: 1600px) 100vw, 1600px\" \/> <img decoding=\"async\" class=\"lazyload alignnone size-full wp-image-4984\" src=\"https:\/\/erzaehlbistro.ch\/wp-content\/uploads\/2023\/07\/PHOTO-2023-10-02-07-56-01.jpg\" data-orig-src=\"https:\/\/erzaehlbistro.ch\/wp-content\/uploads\/2023\/07\/PHOTO-2023-10-02-07-56-01.jpg\" alt=\"\" width=\"1600\" height=\"1200\" srcset=\"data:image\/svg+xml,%3Csvg%20xmlns%3D%27http%3A%2F%2Fwww.w3.org%2F2000%2Fsvg%27%20width%3D%271600%27%20height%3D%271200%27%20viewBox%3D%270%200%201600%201200%27%3E%3Crect%20width%3D%271600%27%20height%3D%271200%27%20fill-opacity%3D%220%22%2F%3E%3C%2Fsvg%3E\" data-srcset=\"https:\/\/erzaehlbistro.ch\/wp-content\/uploads\/2023\/07\/PHOTO-2023-10-02-07-56-01-200x150.jpg 200w, https:\/\/erzaehlbistro.ch\/wp-content\/uploads\/2023\/07\/PHOTO-2023-10-02-07-56-01-300x225.jpg 300w, https:\/\/erzaehlbistro.ch\/wp-content\/uploads\/2023\/07\/PHOTO-2023-10-02-07-56-01-400x300.jpg 400w, https:\/\/erzaehlbistro.ch\/wp-content\/uploads\/2023\/07\/PHOTO-2023-10-02-07-56-01-600x450.jpg 600w, https:\/\/erzaehlbistro.ch\/wp-content\/uploads\/2023\/07\/PHOTO-2023-10-02-07-56-01-768x576.jpg 768w, https:\/\/erzaehlbistro.ch\/wp-content\/uploads\/2023\/07\/PHOTO-2023-10-02-07-56-01-800x600.jpg 800w, https:\/\/erzaehlbistro.ch\/wp-content\/uploads\/2023\/07\/PHOTO-2023-10-02-07-56-01-1024x768.jpg 1024w, https:\/\/erzaehlbistro.ch\/wp-content\/uploads\/2023\/07\/PHOTO-2023-10-02-07-56-01-1200x900.jpg 1200w, https:\/\/erzaehlbistro.ch\/wp-content\/uploads\/2023\/07\/PHOTO-2023-10-02-07-56-01-1536x1152.jpg 1536w, https:\/\/erzaehlbistro.ch\/wp-content\/uploads\/2023\/07\/PHOTO-2023-10-02-07-56-01.jpg 1600w\" data-sizes=\"auto\" data-orig-sizes=\"(max-width: 1600px) 100vw, 1600px\" \/><\/p>\n","protected":false},"excerpt":{"rendered":"<p>La promenade sur le \u00ab\u00a0Kapellbr\u00fccke\u00a0\u00bb (plus connu en fran\u00e7ais sous le nom de \u00ab\u00a0pont de Lucerne\u00a0\u00bb) a \u00e9t\u00e9 le point culminant du bistrot des histoires \u00e0 Lucerne. Environ 90 personnes concern\u00e9es par des mesures de [&hellip;]<\/p>\n","protected":false},"author":4,"featured_media":4911,"template":"","meta":{"_price":"","_stock":"","_tribe_ticket_header":"","_tribe_default_ticket_provider":"","_tribe_ticket_capacity":"0","_ticket_start_date":"","_ticket_end_date":"","_tribe_ticket_show_description":"","_tribe_ticket_show_not_going":false,"_tribe_ticket_use_global_stock":"","_tribe_ticket_global_stock_level":"","_global_stock_mode":"","_global_stock_cap":"","_tribe_rsvp_for_event":"","_tribe_ticket_going_count":"","_tribe_ticket_not_going_count":"","_tribe_tickets_list":"[]","_tribe_ticket_has_attendee_info_fields":false,"_tribe_events_status":"","_tribe_events_status_reason":"","footnotes":"","_tec_slr_enabled":"","_tec_slr_layout":""},"tags":[],"tribe_events_cat":[],"yoast_head":"<!-- This site is optimized with the Yoast SEO plugin v24.4 - https:\/\/yoast.com\/wordpress\/plugins\/seo\/ -->\n<title>Couper les ponts et construire des ponts | Erz\u00e4hlbistro<\/title>\n<meta name=\"robots\" content=\"index, follow, max-snippet:-1, max-image-preview:large, max-video-preview:-1\" \/>\n<link rel=\"canonical\" href=\"https:\/\/erzaehlbistro.ch\/fr\/event\/couper-les-ponts-et-construire-des-ponts\/\" \/>\n<meta property=\"og:locale\" content=\"fr_FR\" \/>\n<meta property=\"og:type\" content=\"article\" \/>\n<meta property=\"og:title\" content=\"Couper les ponts et construire des ponts | Erz\u00e4hlbistro\" \/>\n<meta property=\"og:description\" content=\"La promenade sur le \u00ab\u00a0Kapellbr\u00fccke\u00a0\u00bb (plus connu en fran\u00e7ais sous le nom de \u00ab\u00a0pont de Lucerne\u00a0\u00bb) a \u00e9t\u00e9 le point culminant du bistrot des histoires \u00e0 Lucerne. Environ 90 personnes concern\u00e9es par des mesures de [&hellip;]\" \/>\n<meta property=\"og:url\" content=\"https:\/\/erzaehlbistro.ch\/fr\/event\/couper-les-ponts-et-construire-des-ponts\/\" \/>\n<meta property=\"og:site_name\" content=\"Erz\u00e4hlbistro\" \/>\n<meta property=\"og:image\" content=\"https:\/\/erzaehlbistro.ch\/wp-content\/uploads\/2023\/07\/1.jpg\" \/>\n<meta name=\"twitter:card\" content=\"summary_large_image\" \/>\n<meta name=\"twitter:label1\" content=\"Dur\u00e9e de lecture estim\u00e9e\" \/>\n\t<meta name=\"twitter:data1\" content=\"2 minutes\" \/>\n<script type=\"application\/ld+json\" class=\"yoast-schema-graph\">{\"@context\":\"https:\/\/schema.org\",\"@graph\":[{\"@type\":\"WebPage\",\"@id\":\"https:\/\/erzaehlbistro.ch\/fr\/event\/couper-les-ponts-et-construire-des-ponts\/\",\"url\":\"https:\/\/erzaehlbistro.ch\/fr\/event\/couper-les-ponts-et-construire-des-ponts\/\",\"name\":\"Couper les ponts et construire des ponts | Erz\u00e4hlbistro\",\"isPartOf\":{\"@id\":\"https:\/\/erzaehlbistro.ch\/fr\/#website\"},\"primaryImageOfPage\":{\"@id\":\"https:\/\/erzaehlbistro.ch\/fr\/event\/couper-les-ponts-et-construire-des-ponts\/#primaryimage\"},\"image\":{\"@id\":\"https:\/\/erzaehlbistro.ch\/fr\/event\/couper-les-ponts-et-construire-des-ponts\/#primaryimage\"},\"thumbnailUrl\":\"https:\/\/erzaehlbistro.ch\/wp-content\/uploads\/2023\/07\/0a3fc8_08556498c4aa4789969507e348eb0265mv2_d_3000_2000_s_2-scaled.webp\",\"datePublished\":\"2023-10-02T08:56:44+00:00\",\"breadcrumb\":{\"@id\":\"https:\/\/erzaehlbistro.ch\/fr\/event\/couper-les-ponts-et-construire-des-ponts\/#breadcrumb\"},\"inLanguage\":\"fr-FR\",\"potentialAction\":[{\"@type\":\"ReadAction\",\"target\":[\"https:\/\/erzaehlbistro.ch\/fr\/event\/couper-les-ponts-et-construire-des-ponts\/\"]}]},{\"@type\":\"ImageObject\",\"inLanguage\":\"fr-FR\",\"@id\":\"https:\/\/erzaehlbistro.ch\/fr\/event\/couper-les-ponts-et-construire-des-ponts\/#primaryimage\",\"url\":\"https:\/\/erzaehlbistro.ch\/wp-content\/uploads\/2023\/07\/0a3fc8_08556498c4aa4789969507e348eb0265mv2_d_3000_2000_s_2-scaled.webp\",\"contentUrl\":\"https:\/\/erzaehlbistro.ch\/wp-content\/uploads\/2023\/07\/0a3fc8_08556498c4aa4789969507e348eb0265mv2_d_3000_2000_s_2-scaled.webp\",\"width\":1920,\"height\":1280},{\"@type\":\"BreadcrumbList\",\"@id\":\"https:\/\/erzaehlbistro.ch\/fr\/event\/couper-les-ponts-et-construire-des-ponts\/#breadcrumb\",\"itemListElement\":[{\"@type\":\"ListItem\",\"position\":1,\"name\":\"Home\",\"item\":\"https:\/\/erzaehlbistro.ch\/fr\/\"},{\"@type\":\"ListItem\",\"position\":2,\"name\":\"\u00c9v\u00e8nements\",\"item\":\"https:\/\/erzaehlbistro.ch\/fr\/events\/\"},{\"@type\":\"ListItem\",\"position\":3,\"name\":\"Couper les ponts et construire des ponts\"}]},{\"@type\":\"WebSite\",\"@id\":\"https:\/\/erzaehlbistro.ch\/fr\/#website\",\"url\":\"https:\/\/erzaehlbistro.ch\/fr\/\",\"name\":\"Erz\u00e4hlbistro\",\"description\":\"Ein Begegnungsort f\u00fcr die Betroffenen f\u00fcrsorgerischer Zwangsmassnahmen\",\"publisher\":{\"@id\":\"https:\/\/erzaehlbistro.ch\/fr\/#organization\"},\"potentialAction\":[{\"@type\":\"SearchAction\",\"target\":{\"@type\":\"EntryPoint\",\"urlTemplate\":\"https:\/\/erzaehlbistro.ch\/fr\/?s={search_term_string}\"},\"query-input\":{\"@type\":\"PropertyValueSpecification\",\"valueRequired\":true,\"valueName\":\"search_term_string\"}}],\"inLanguage\":\"fr-FR\"},{\"@type\":\"Organization\",\"@id\":\"https:\/\/erzaehlbistro.ch\/fr\/#organization\",\"name\":\"Erz\u00e4hlbistro\",\"url\":\"https:\/\/erzaehlbistro.ch\/fr\/\",\"logo\":{\"@type\":\"ImageObject\",\"inLanguage\":\"fr-FR\",\"@id\":\"https:\/\/erzaehlbistro.ch\/fr\/#\/schema\/logo\/image\/\",\"url\":\"https:\/\/erzaehlbistro.ch\/wp-content\/uploads\/2021\/10\/logo-retina.png\",\"contentUrl\":\"https:\/\/erzaehlbistro.ch\/wp-content\/uploads\/2021\/10\/logo-retina.png\",\"width\":468,\"height\":120,\"caption\":\"Erz\u00e4hlbistro\"},\"image\":{\"@id\":\"https:\/\/erzaehlbistro.ch\/fr\/#\/schema\/logo\/image\/\"}}]}<\/script>\n<!-- \/ Yoast SEO plugin. -->","yoast_head_json":{"title":"Couper les ponts et construire des ponts | Erz\u00e4hlbistro","robots":{"index":"index","follow":"follow","max-snippet":"max-snippet:-1","max-image-preview":"max-image-preview:large","max-video-preview":"max-video-preview:-1"},"canonical":"https:\/\/erzaehlbistro.ch\/fr\/event\/couper-les-ponts-et-construire-des-ponts\/","og_locale":"fr_FR","og_type":"article","og_title":"Couper les ponts et construire des ponts | Erz\u00e4hlbistro","og_description":"La promenade sur le \u00ab\u00a0Kapellbr\u00fccke\u00a0\u00bb (plus connu en fran\u00e7ais sous le nom de \u00ab\u00a0pont de Lucerne\u00a0\u00bb) a \u00e9t\u00e9 le point culminant du bistrot des histoires \u00e0 Lucerne. Environ 90 personnes concern\u00e9es par des mesures de [&hellip;]","og_url":"https:\/\/erzaehlbistro.ch\/fr\/event\/couper-les-ponts-et-construire-des-ponts\/","og_site_name":"Erz\u00e4hlbistro","og_image":[{"url":"https:\/\/erzaehlbistro.ch\/wp-content\/uploads\/2023\/07\/1.jpg","type":"","width":"","height":""}],"twitter_card":"summary_large_image","twitter_misc":{"Dur\u00e9e de lecture estim\u00e9e":"2 minutes"},"schema":{"@context":"https:\/\/schema.org","@graph":[{"@type":"WebPage","@id":"https:\/\/erzaehlbistro.ch\/fr\/event\/couper-les-ponts-et-construire-des-ponts\/","url":"https:\/\/erzaehlbistro.ch\/fr\/event\/couper-les-ponts-et-construire-des-ponts\/","name":"Couper les ponts et construire des ponts | Erz\u00e4hlbistro","isPartOf":{"@id":"https:\/\/erzaehlbistro.ch\/fr\/#website"},"primaryImageOfPage":{"@id":"https:\/\/erzaehlbistro.ch\/fr\/event\/couper-les-ponts-et-construire-des-ponts\/#primaryimage"},"image":{"@id":"https:\/\/erzaehlbistro.ch\/fr\/event\/couper-les-ponts-et-construire-des-ponts\/#primaryimage"},"thumbnailUrl":"https:\/\/erzaehlbistro.ch\/wp-content\/uploads\/2023\/07\/0a3fc8_08556498c4aa4789969507e348eb0265mv2_d_3000_2000_s_2-scaled.webp","datePublished":"2023-10-02T08:56:44+00:00","breadcrumb":{"@id":"https:\/\/erzaehlbistro.ch\/fr\/event\/couper-les-ponts-et-construire-des-ponts\/#breadcrumb"},"inLanguage":"fr-FR","potentialAction":[{"@type":"ReadAction","target":["https:\/\/erzaehlbistro.ch\/fr\/event\/couper-les-ponts-et-construire-des-ponts\/"]}]},{"@type":"ImageObject","inLanguage":"fr-FR","@id":"https:\/\/erzaehlbistro.ch\/fr\/event\/couper-les-ponts-et-construire-des-ponts\/#primaryimage","url":"https:\/\/erzaehlbistro.ch\/wp-content\/uploads\/2023\/07\/0a3fc8_08556498c4aa4789969507e348eb0265mv2_d_3000_2000_s_2-scaled.webp","contentUrl":"https:\/\/erzaehlbistro.ch\/wp-content\/uploads\/2023\/07\/0a3fc8_08556498c4aa4789969507e348eb0265mv2_d_3000_2000_s_2-scaled.webp","width":1920,"height":1280},{"@type":"BreadcrumbList","@id":"https:\/\/erzaehlbistro.ch\/fr\/event\/couper-les-ponts-et-construire-des-ponts\/#breadcrumb","itemListElement":[{"@type":"ListItem","position":1,"name":"Home","item":"https:\/\/erzaehlbistro.ch\/fr\/"},{"@type":"ListItem","position":2,"name":"\u00c9v\u00e8nements","item":"https:\/\/erzaehlbistro.ch\/fr\/events\/"},{"@type":"ListItem","position":3,"name":"Couper les ponts et construire des ponts"}]},{"@type":"WebSite","@id":"https:\/\/erzaehlbistro.ch\/fr\/#website","url":"https:\/\/erzaehlbistro.ch\/fr\/","name":"Erz\u00e4hlbistro","description":"Ein Begegnungsort f\u00fcr die Betroffenen f\u00fcrsorgerischer Zwangsmassnahmen","publisher":{"@id":"https:\/\/erzaehlbistro.ch\/fr\/#organization"},"potentialAction":[{"@type":"SearchAction","target":{"@type":"EntryPoint","urlTemplate":"https:\/\/erzaehlbistro.ch\/fr\/?s={search_term_string}"},"query-input":{"@type":"PropertyValueSpecification","valueRequired":true,"valueName":"search_term_string"}}],"inLanguage":"fr-FR"},{"@type":"Organization","@id":"https:\/\/erzaehlbistro.ch\/fr\/#organization","name":"Erz\u00e4hlbistro","url":"https:\/\/erzaehlbistro.ch\/fr\/","logo":{"@type":"ImageObject","inLanguage":"fr-FR","@id":"https:\/\/erzaehlbistro.ch\/fr\/#\/schema\/logo\/image\/","url":"https:\/\/erzaehlbistro.ch\/wp-content\/uploads\/2021\/10\/logo-retina.png","contentUrl":"https:\/\/erzaehlbistro.ch\/wp-content\/uploads\/2021\/10\/logo-retina.png","width":468,"height":120,"caption":"Erz\u00e4hlbistro"},"image":{"@id":"https:\/\/erzaehlbistro.ch\/fr\/#\/schema\/logo\/image\/"}}]}},"ticketed":false,"_links":{"self":[{"href":"https:\/\/erzaehlbistro.ch\/fr\/wp-json\/wp\/v2\/tribe_events\/4987"}],"collection":[{"href":"https:\/\/erzaehlbistro.ch\/fr\/wp-json\/wp\/v2\/tribe_events"}],"about":[{"href":"https:\/\/erzaehlbistro.ch\/fr\/wp-json\/wp\/v2\/types\/tribe_events"}],"author":[{"embeddable":true,"href":"https:\/\/erzaehlbistro.ch\/fr\/wp-json\/wp\/v2\/users\/4"}],"version-history":[{"count":0,"href":"https:\/\/erzaehlbistro.ch\/fr\/wp-json\/wp\/v2\/tribe_events\/4987\/revisions"}],"wp:featuredmedia":[{"embeddable":true,"href":"https:\/\/erzaehlbistro.ch\/fr\/wp-json\/wp\/v2\/media\/4911"}],"wp:attachment":[{"href":"https:\/\/erzaehlbistro.ch\/fr\/wp-json\/wp\/v2\/media?parent=4987"}],"wp:term":[{"taxonomy":"post_tag","embeddable":true,"href":"https:\/\/erzaehlbistro.ch\/fr\/wp-json\/wp\/v2\/tags?post=4987"},{"taxonomy":"tribe_events_cat","embeddable":true,"href":"https:\/\/erzaehlbistro.ch\/fr\/wp-json\/wp\/v2\/tribe_events_cat?post=4987"}],"curies":[{"name":"wp","href":"https:\/\/api.w.org\/{rel}","templated":true}]}}